{"id":2573,"date":"2023-07-07T12:09:42","date_gmt":"2023-07-07T10:09:42","guid":{"rendered":"https:\/\/redalimentaccion.org\/pais-basc\/"},"modified":"2024-01-08T15:19:44","modified_gmt":"2024-01-08T14:19:44","slug":"pais-basc","status":"publish","type":"page","link":"https:\/\/redalimentaccion.org\/ca\/el-nostre-equip\/pais-basc\/","title":{"rendered":"Pa\u00eds Basc"},"content":{"rendered":"<p><div class=\"fusion-fullwidth fullwidth-box fusion-builder-row-1 fusion-flex-container has-pattern-background has-mask-background nonhundred-percent-fullwidth non-hundred-percent-height-scrolling\" style=\"--awb-border-radius-top-left:0px;--awb-border-radius-top-right:0px;--awb-border-radius-bottom-right:0px;--awb-border-radius-bottom-left:0px;--awb-margin-top:160px;--awb-margin-top-small:50px;--awb-flex-wrap:wrap;\" ><div class=\"fusion-builder-row fusion-row fusion-flex-align-items-flex-start fusion-flex-justify-content-center fusion-flex-content-wrap\" style=\"max-width:1352px;margin-left: calc(-4% \/ 2 );margin-right: calc(-4% \/ 2 );\"><div class=\"fusion-layout-column fusion_builder_column fusion-builder-column-0 fusion_builder_column_1_1 1_1 fusion-flex-column\" style=\"--awb-bg-size:cover;--awb-width-large:100%;--awb-margin-top-large:0px;--awb-spacing-right-large:1.92%;--awb-margin-bottom-large:0px;--awb-spacing-left-large:1.92%;--awb-width-medium:100%;--awb-order-medium:0;--awb-spacing-right-medium:1.92%;--awb-spacing-left-medium:1.92%;--awb-width-small:100%;--awb-order-small:0;--awb-spacing-right-small:1.92%;--awb-spacing-left-small:1.92%;\" data-scroll-devices=\"small-visibility,medium-visibility,large-visibility\"><div class=\"fusion-column-wrapper fusion-column-has-shadow fusion-flex-justify-content-flex-start fusion-content-layout-column\"><div class=\"fusion-title title fusion-title-1 fusion-sep-none fusion-title-center fusion-title-text fusion-title-size-two\" style=\"--awb-margin-bottom:40px;--awb-margin-top-small:10px;--awb-margin-right-small:0px;--awb-margin-bottom-small:10px;--awb-margin-left-small:0px;\"><h2 class=\"fusion-title-heading title-heading-center fusion-responsive-typography-calculated\" style=\"margin:0;--fontSize:36;line-height:var(--awb-typography1-line-height);\">T\u00e8cnica de refer\u00e8ncia<\/h2><\/div><\/div><\/div><div class=\"fusion-layout-column fusion_builder_column fusion-builder-column-1 fusion_builder_column_4_5 4_5 fusion-flex-column fusion-flex-align-self-center\" style=\"--awb-padding-top:50px;--awb-padding-right:60px;--awb-padding-bottom:50px;--awb-padding-left:50px;--awb-padding-top-small:20px;--awb-padding-right-small:30px;--awb-padding-bottom-small:20px;--awb-padding-left-small:30px;--awb-overflow:hidden;--awb-bg-color:rgba(129,100,140,0.2);--awb-bg-color-hover:rgba(129,100,140,0.2);--awb-bg-size:cover;--awb-border-radius:50px 50px 50px 0px;--awb-width-large:80%;--awb-margin-top-large:0px;--awb-spacing-right-large:2.4%;--awb-margin-bottom-large:0px;--awb-spacing-left-large:60px;--awb-width-medium:80%;--awb-order-medium:0;--awb-spacing-right-medium:2.4%;--awb-spacing-left-medium:60px;--awb-width-small:100%;--awb-order-small:0;--awb-spacing-right-small:1.92%;--awb-spacing-left-small:1.92%;\" data-scroll-devices=\"small-visibility,medium-visibility,large-visibility\"><div class=\"fusion-column-wrapper fusion-column-has-shadow fusion-flex-justify-content-center fusion-content-layout-column\"><div class=\"fusion-builder-row fusion-builder-row-inner fusion-row fusion-flex-align-items-flex-start fusion-flex-justify-content-center fusion-flex-content-wrap\" style=\"--awb-flex-grow:0;--awb-flex-grow-medium:0;--awb-flex-grow-small:0;--awb-flex-shrink:0;--awb-flex-shrink-medium:0;--awb-flex-shrink-small:0;width:104% !important;max-width:104% !important;margin-left: calc(-4% \/ 2 );margin-right: calc(-4% \/ 2 );\"><div class=\"fusion-layout-column fusion_builder_column_inner fusion-builder-nested-column-0 fusion_builder_column_inner_1_3 1_3 fusion-flex-column\" style=\"--awb-padding-right:0px;--awb-bg-size:cover;--awb-width-large:33.3333333333%;--awb-margin-top-large:0px;--awb-spacing-right-large:0px;--awb-margin-bottom-large:0px;--awb-spacing-left-large:5.76%;--awb-width-medium:33.3333333333%;--awb-order-medium:0;--awb-spacing-right-medium:0px;--awb-spacing-left-medium:5.76%;--awb-width-small:100%;--awb-order-small:0;--awb-spacing-right-small:1.92%;--awb-spacing-left-small:1.92%;\" data-scroll-devices=\"small-visibility,medium-visibility,large-visibility\"><div class=\"fusion-column-wrapper fusion-column-has-shadow fusion-flex-justify-content-flex-start fusion-content-layout-column\"><div class=\"fusion-image-element \" style=\"--awb-caption-title-font-family:var(--h2_typography-font-family);--awb-caption-title-font-weight:var(--h2_typography-font-weight);--awb-caption-title-font-style:var(--h2_typography-font-style);--awb-caption-title-size:var(--h2_typography-font-size);--awb-caption-title-transform:var(--h2_typography-text-transform);--awb-caption-title-line-height:var(--h2_typography-line-height);--awb-caption-title-letter-spacing:var(--h2_typography-letter-spacing);\"><span class=\" fusion-imageframe imageframe-none imageframe-1 hover-type-none\"><img decoding=\"async\" width=\"200\" height=\"249\" title=\"contribuir\" src=\"https:\/\/redalimentaccion.org\/wp-content\/uploads\/2023\/07\/contribuir-200x249.png\" alt class=\"img-responsive wp-image-2590\" srcset=\"https:\/\/redalimentaccion.org\/wp-content\/uploads\/2023\/07\/contribuir-200x249.png 200w, https:\/\/redalimentaccion.org\/wp-content\/uploads\/2023\/07\/contribuir.png 300w\" sizes=\"(max-width: 640px) 100vw, 200px\" \/><\/span><\/div><\/div><\/div><div class=\"fusion-layout-column fusion_builder_column_inner fusion-builder-nested-column-1 fusion_builder_column_inner_2_3 2_3 fusion-flex-column fusion-flex-align-self-center\" style=\"--awb-padding-left:0px;--awb-bg-size:cover;--awb-width-large:66.6666666667%;--awb-margin-top-large:0px;--awb-spacing-right-large:2.88%;--awb-margin-bottom-large:0px;--awb-spacing-left-large:0px;--awb-width-medium:66.6666666667%;--awb-order-medium:0;--awb-spacing-right-medium:2.88%;--awb-spacing-left-medium:0px;--awb-width-small:100%;--awb-order-small:0;--awb-spacing-right-small:1.92%;--awb-spacing-left-small:1.92%;\" data-scroll-devices=\"small-visibility,medium-visibility,large-visibility\"><div class=\"fusion-column-wrapper fusion-column-has-shadow fusion-flex-justify-content-center fusion-content-layout-column\"><div class=\"fusion-title title fusion-title-2 fusion-sep-none fusion-title-text fusion-title-size-three\" style=\"--awb-margin-top-small:10px;--awb-margin-right-small:0px;--awb-margin-bottom-small:10px;--awb-margin-left-small:0px;\"><h3 class=\"fusion-title-heading title-heading-left fusion-responsive-typography-calculated\" style=\"margin:0;--fontSize:24;--minFontSize:24;line-height:var(--awb-typography1-line-height);\">Patricia G\u00f3mez Ruiz<\/h3><\/div><div class=\"fusion-text fusion-text-1 listas enlace\"><p>Educadora social per la Universitat del Pa\u00eds Basc; pedagoga (Deusto); especialista universit\u00e0ria en educaci\u00f3 ambiental i globalitzaci\u00f3 (UNED). A m\u00e9s, t\u00e9 m\u00e9s de 2.000 hores en formaci\u00f3 sobre tem\u00e0tiques interdisciplin\u00e0ries en els camps esmentats i d\u2019altres.<br \/>\nTreballa a la delegaci\u00f3 del Pa\u00eds Basc des de l\u2019any 2011 duent a terme projectes d\u2019educaci\u00f3 en tots els seus \u00e0mbits, sobretot l\u2019\u00e0mbit formal. Juntament amb el seu equip, dissenya i executa diferents tipus d\u2019accions, des de la formulaci\u00f3 fins a l\u2019avaluaci\u00f3 de projectes; alhora totes aquestes accions estan travessades per altres processos interns de tipus transformaci\u00f3 organitzacional.<br \/>\nAnteriorment, ha treballat durant anys desenvolupant projectes per a la Diputaci\u00f3 de Guip\u00fascoa i Biscaia, facilitant processos al voltant de les diferents agendes per a la sostenibilitat, desenvolupament local i igualtat dirigits a personal t\u00e8cnic i pol\u00edtic de les diferents administracions p\u00fabliques i ag\u00e8ncies privades.<\/p>\n<\/div><\/div><\/div><\/div><\/div><\/div><\/div><\/div><div class=\"fusion-fullwidth fullwidth-box fusion-builder-row-2 fusion-flex-container has-pattern-background has-mask-background nonhundred-percent-fullwidth non-hundred-percent-height-scrolling\" style=\"--awb-border-radius-top-left:0px;--awb-border-radius-top-right:0px;--awb-border-radius-bottom-right:0px;--awb-border-radius-bottom-left:0px;--awb-margin-top:100px;--awb-flex-wrap:wrap;\" ><div class=\"fusion-builder-row fusion-row fusion-flex-align-items-stretch fusion-flex-justify-content-center fusion-flex-content-wrap\" style=\"max-width:1352px;margin-left: calc(-4% \/ 2 );margin-right: calc(-4% \/ 2 );\"><div class=\"fusion-layout-column fusion_builder_column fusion-builder-column-2 fusion_builder_column_1_1 1_1 fusion-flex-column\" style=\"--awb-bg-size:cover;--awb-width-large:100%;--awb-margin-top-large:0px;--awb-spacing-right-large:1.92%;--awb-margin-bottom-large:40px;--awb-spacing-left-large:1.92%;--awb-width-medium:100%;--awb-order-medium:0;--awb-spacing-right-medium:1.92%;--awb-spacing-left-medium:1.92%;--awb-width-small:100%;--awb-order-small:0;--awb-spacing-right-small:1.92%;--awb-spacing-left-small:1.92%;\" data-scroll-devices=\"small-visibility,medium-visibility,large-visibility\"><div class=\"fusion-column-wrapper fusion-column-has-shadow fusion-flex-justify-content-flex-start fusion-content-layout-column\"><div class=\"fusion-title title fusion-title-3 fusion-sep-none fusion-title-center fusion-title-text fusion-title-size-two\" style=\"--awb-margin-top-small:10px;--awb-margin-right-small:0px;--awb-margin-bottom-small:10px;--awb-margin-left-small:0px;\"><h2 class=\"fusion-title-heading title-heading-center fusion-responsive-typography-calculated\" style=\"margin:0;--fontSize:36;line-height:var(--awb-typography1-line-height);\">Projectes desenvolupats<\/h2><\/div><\/div><\/div><\/div><\/div><div class=\"fusion-fullwidth fullwidth-box fusion-builder-row-3 fusion-flex-container has-pattern-background has-mask-background nonhundred-percent-fullwidth non-hundred-percent-height-scrolling timeline\" style=\"--awb-border-radius-top-left:0px;--awb-border-radius-top-right:0px;--awb-border-radius-bottom-right:0px;--awb-border-radius-bottom-left:0px;--awb-flex-wrap:wrap;\" ><div class=\"fusion-builder-row fusion-row fusion-flex-align-items-flex-start fusion-flex-content-wrap\" style=\"max-width:1352px;margin-left: calc(-4% \/ 2 );margin-right: calc(-4% \/ 2 );\"><div class=\"fusion-layout-column fusion_builder_column fusion-builder-column-3 fusion_builder_column_1_1 1_1 fusion-flex-column\" style=\"--awb-padding-top:30px;--awb-padding-right:35px;--awb-padding-bottom:30px;--awb-padding-left:35px;--awb-overflow:hidden;--awb-bg-color:rgba(124,185,116,0.1);--awb-bg-color-hover:rgba(124,185,116,0.1);--awb-bg-size:cover;--awb-border-radius:50px 0px 50px 50px;--awb-width-large:100%;--awb-margin-top-large:0px;--awb-spacing-right-large:1.92%;--awb-margin-bottom-large:0px;--awb-spacing-left-large:1.92%;--awb-width-medium:100%;--awb-order-medium:0;--awb-spacing-right-medium:1.92%;--awb-spacing-left-medium:1.92%;--awb-width-small:100%;--awb-order-small:0;--awb-spacing-right-small:1.92%;--awb-margin-bottom-small:20px;--awb-spacing-left-small:1.92%;\" data-scroll-devices=\"small-visibility,medium-visibility,large-visibility\"><div class=\"fusion-column-wrapper fusion-column-has-shadow fusion-flex-justify-content-flex-start fusion-content-layout-column\"><div class=\"fusion-title title fusion-title-4 fusion-sep-none fusion-title-text fusion-title-size-three\" style=\"--awb-margin-top-small:10px;--awb-margin-right-small:0px;--awb-margin-bottom-small:10px;--awb-margin-left-small:0px;\"><h3 class=\"fusion-title-heading title-heading-left fusion-responsive-typography-calculated\" style=\"margin:0;--fontSize:24;--minFontSize:24;line-height:var(--awb-typography1-line-height);\">2023. 2019-2023 Inclusi\u00f3 del dret a l\u2019alimentaci\u00f3 i el desenvolupament sostenible amb enfocament de g\u00e8nere, en sis fam\u00edlies de la formaci\u00f3 professional. Red Alimentacci\u00f3n.<\/h3><\/div><div class=\"fusion-text fusion-text-2\"><p>Des de la creaci\u00f3 de la xarxa (2011), duu a terme accions formatives i d\u2019acompanyament a centres educatius de totes les etapes (prim\u00e0ria i formaci\u00f3 professional majorit\u00e0riament), elaborant de forma col\u00b7laborativa propostes did\u00e0ctiques i activitats de sensibilitzaci\u00f3 sobre models alternatius de consum dirigits a professorat i alumnat. Treballa amb altres col\u00b7lectius (art\u00edstics, educatius, productores) afins a la sobirania aliment\u00e0ria per crear el brou de cultiu necessari per al canvi.<\/p>\n<\/div><\/div><\/div><div class=\"fusion-layout-column fusion_builder_column fusion-builder-column-4 fusion_builder_column_1_1 1_1 fusion-flex-column\" style=\"--awb-padding-top:30px;--awb-padding-right:35px;--awb-padding-bottom:30px;--awb-padding-left:35px;--awb-overflow:hidden;--awb-bg-color:rgba(124,185,116,0.1);--awb-bg-color-hover:rgba(124,185,116,0.1);--awb-bg-size:cover;--awb-border-radius:50px 0px 50px 50px;--awb-width-large:100%;--awb-margin-top-large:0px;--awb-spacing-right-large:1.92%;--awb-margin-bottom-large:0px;--awb-spacing-left-large:1.92%;--awb-width-medium:100%;--awb-order-medium:0;--awb-spacing-right-medium:1.92%;--awb-spacing-left-medium:1.92%;--awb-width-small:100%;--awb-order-small:0;--awb-spacing-right-small:1.92%;--awb-margin-bottom-small:20px;--awb-spacing-left-small:1.92%;\" data-scroll-devices=\"small-visibility,medium-visibility,large-visibility\"><div class=\"fusion-column-wrapper fusion-column-has-shadow fusion-flex-justify-content-flex-start fusion-content-layout-column\"><div class=\"fusion-title title fusion-title-5 fusion-sep-none fusion-title-text fusion-title-size-three\" style=\"--awb-margin-top-small:10px;--awb-margin-right-small:0px;--awb-margin-bottom-small:10px;--awb-margin-left-small:0px;\"><h3 class=\"fusion-title-heading title-heading-left fusion-responsive-typography-calculated\" style=\"margin:0;--fontSize:24;--minFontSize:24;line-height:var(--awb-typography1-line-height);\">2016. 2016-2022 Sobirania Aliment\u00e0ria: construint uns sistemes alimentaris escolars m\u00e9s justos, sostenibles i educatius. Fases I-IV.<\/h3><\/div><div class=\"fusion-text fusion-text-3\"><p>Centre a centre, als claustres i en col\u00b7laboraci\u00f3 amb els centres de formaci\u00f3 de professorat del Departament d\u2019Educaci\u00f3 (Berritzegune i Ingurugela), duu a terme accions de sensibilitzaci\u00f3 i formaci\u00f3 per apropar els responsables de les escoles proposades per a una cultura de centre en harmonia amb la sostenibilitat i la transformaci\u00f3 social prenent com a eix l\u2019alimentaci\u00f3.<\/p>\n<\/div><\/div><\/div><div class=\"fusion-layout-column fusion_builder_column fusion-builder-column-5 fusion_builder_column_1_1 1_1 fusion-flex-column\" style=\"--awb-padding-top:30px;--awb-padding-right:35px;--awb-padding-bottom:30px;--awb-padding-left:35px;--awb-overflow:hidden;--awb-bg-color:rgba(124,185,116,0.1);--awb-bg-color-hover:rgba(124,185,116,0.1);--awb-bg-size:cover;--awb-border-radius:0px 50px 50px 50px;--awb-width-large:100%;--awb-margin-top-large:0px;--awb-spacing-right-large:1.92%;--awb-margin-bottom-large:0px;--awb-spacing-left-large:1.92%;--awb-width-medium:100%;--awb-order-medium:0;--awb-spacing-right-medium:1.92%;--awb-spacing-left-medium:1.92%;--awb-width-small:100%;--awb-order-small:0;--awb-spacing-right-small:1.92%;--awb-margin-bottom-small:20px;--awb-spacing-left-small:1.92%;\" data-scroll-devices=\"small-visibility,medium-visibility,large-visibility\"><div class=\"fusion-column-wrapper fusion-column-has-shadow fusion-flex-justify-content-flex-start fusion-content-layout-column\"><div class=\"fusion-title title fusion-title-6 fusion-sep-none fusion-title-text fusion-title-size-three\" style=\"--awb-margin-top-small:10px;--awb-margin-right-small:0px;--awb-margin-bottom-small:10px;--awb-margin-left-small:0px;\"><h3 class=\"fusion-title-heading title-heading-left fusion-responsive-typography-calculated\" style=\"margin:0;--fontSize:24;--minFontSize:24;line-height:var(--awb-typography1-line-height);\">2014. 2014-2018 Conseq\u00fc\u00e8ncies negatives del sistema agroexportador: Treball local per a la transformaci\u00f3 global. Fase I-V.<\/h3><\/div><div class=\"fusion-text fusion-text-4\"><p>Acompanya processos per a la transformaci\u00f3 social emmarcats en el menjador escolar (educaci\u00f3 prim\u00e0ria principalment) reivindicant-lo com un espai educatiu i de sostenibilitat per a l\u2019impuls d\u2019un model alimentari just i igualitari per a totes les persones, des de pageses fins a les fam\u00edlies en situaci\u00f3 de vulnerabilitat. La comunitat educativa pren una rellev\u00e0ncia especial en aquest proc\u00e9s de transformaci\u00f3 i canvi de paradigma.<\/p>\n<\/div><\/div><\/div><\/div><\/div><div class=\"fusion-fullwidth fullwidth-box fusion-builder-row-4 fusion-flex-container has-pattern-background has-mask-background nonhundred-percent-fullwidth non-hundred-percent-height-scrolling\" style=\"--awb-border-radius-top-left:50px;--awb-border-radius-top-right:50px;--awb-border-radius-bottom-right:50px;--awb-border-radius-bottom-left:50px;--awb-overflow:hidden;--awb-padding-top:80px;--awb-padding-right:70px;--awb-padding-bottom:80px;--awb-padding-left:70px;--awb-padding-right-small:20px;--awb-padding-left-small:20px;--awb-margin-top:60px;--awb-margin-top-small:10px;--awb-flex-wrap:wrap;\" ><div class=\"fusion-builder-row fusion-row fusion-flex-align-items-flex-start fusion-flex-content-wrap\" style=\"max-width:1352px;margin-left: calc(-4% \/ 2 );margin-right: calc(-4% \/ 2 );\"><div class=\"fusion-layout-column fusion_builder_column fusion-builder-column-6 fusion_builder_column_1_1 1_1 fusion-flex-column fusion-flex-align-self-stretch\" style=\"--awb-z-index:2;--awb-bg-size:cover;--awb-width-large:100%;--awb-margin-top-large:0px;--awb-spacing-right-large:1.92%;--awb-margin-bottom-large:40px;--awb-spacing-left-large:1.92%;--awb-width-medium:100%;--awb-order-medium:0;--awb-spacing-right-medium:1.92%;--awb-spacing-left-medium:1.92%;--awb-width-small:100%;--awb-order-small:0;--awb-spacing-right-small:1.92%;--awb-spacing-left-small:1.92%;\" data-scroll-devices=\"small-visibility,medium-visibility,large-visibility\"><div class=\"fusion-column-wrapper fusion-column-has-shadow fusion-flex-justify-content-flex-start fusion-content-layout-column\"><div class=\"fusion-title title fusion-title-7 fusion-sep-none fusion-title-text fusion-title-size-two\" style=\"--awb-margin-bottom:40px;--awb-margin-top-small:10px;--awb-margin-right-small:0px;--awb-margin-bottom-small:10px;--awb-margin-left-small:0px;\"><h2 class=\"fusion-title-heading title-heading-left fusion-responsive-typography-calculated\" style=\"margin:0;--fontSize:36;line-height:var(--awb-typography1-line-height);\">Actualitat relacionada<\/h2><\/div><div class=\"fusion-post-cards fusion-post-cards-1 fusion-grid-archive fusion-grid-columns-4\" style=\"--awb-arrow-position-vertical:0px;--awb-arrow-position-horizontal:0px;--awb-arrow-size:40px;--awb-arrow-box-width:64px;--awb-arrow-box-height:64px;--awb-arrow-bgcolor:rgba(255,255,255,0);--awb-arrow-color:var(--awb-color3);--awb-arrow-hover-bgcolor:rgba(255,255,255,0);--awb-arrow-hover-color:var(--awb-color5);--awb-column-spacing:25px;--awb-dots-align:center;--awb-active-filter-border-size:3px;--awb-filters-height:36px;--awb-row-spacing:20px;--awb-margin-bottom:35px;--awb-arrow-position-vertical-transform:none;\" data-post-type-label=\"entrades\"><ul class=\"fusion-grid fusion-grid-4 fusion-flex-align-items-stretch fusion-grid-posts-cards fusion-grid-container-infinite fusion-grid-container-load-more\" data-pages=\"1\"><li class=\"fusion-layout-column fusion_builder_column fusion-builder-column-7 fusion-flex-column fusion-column-inner-bg-wrapper post-card fusion-grid-column fusion-post-cards-grid-column\" style=\"--awb-padding-top:2em;--awb-padding-right:2em;--awb-padding-bottom:2em;--awb-padding-left:2em;--awb-overflow:hidden;--awb-inner-bg-color:var(--awb-color1);--awb-inner-bg-color-hover:var(--awb-color1);--awb-inner-bg-blend:overlay;--awb-inner-bg-size:cover;--awb-border-radius:50px 0px 50px 0px;--awb-inner-bg-border-radius:50px 0px 50px 0px;--awb-inner-bg-overflow:hidden;--awb-flex-grow:0;--awb-flex-shrink:0;--awb-flex-grow-medium:0;--awb-flex-shrink-medium:0;--awb-flex-grow-small:0;--awb-flex-shrink-small:0;\" data-scroll-devices=\"small-visibility,medium-visibility,large-visibility\"><span class=\"fusion-column-inner-bg hover-type-none\"><a class=\"fusion-column-anchor\" href=\"https:\/\/redalimentaccion.org\/ca\/andalusia\/les-plantes-silvestres\/\"><span class=\"fusion-column-inner-bg-image\"><\/span><\/a><\/span><div class=\"fusion-column-wrapper fusion-column-has-shadow fusion-flex-justify-content-flex-start fusion-content-layout-column\"><div class=\"fusion-classic-product-image-wrapper fusion-woo-product-image fusion-post-card-image fusion-post-card-image-1 has-aspect-ratio\" data-layout=\"static\" style=\"--awb-border-radius-top-left:50px;--awb-border-radius-top-right:0px;--awb-border-radius-bottom-right:50px;--awb-border-radius-bottom-left:0px;--awb-aspect-ratio:16 \/ 9;\"><div  class=\"fusion-image-wrapper\" aria-haspopup=\"true\">\n\t\t\t\t\t\t\t<a href=\"https:\/\/redalimentaccion.org\/ca\/andalusia\/les-plantes-silvestres\/\" aria-label=\"Les plantes silvestres\">\n\t\t\t\t\t\t\t<img decoding=\"async\" width=\"720\" height=\"480\" src=\"https:\/\/redalimentaccion.org\/wp-content\/uploads\/2023\/07\/DELEGACION-ARAGON_0.jpg\" class=\"attachment-full size-full wp-post-image\" alt=\"\" srcset=\"https:\/\/redalimentaccion.org\/wp-content\/uploads\/2023\/07\/DELEGACION-ARAGON_0-200x133.jpg 200w, https:\/\/redalimentaccion.org\/wp-content\/uploads\/2023\/07\/DELEGACION-ARAGON_0-400x267.jpg 400w, https:\/\/redalimentaccion.org\/wp-content\/uploads\/2023\/07\/DELEGACION-ARAGON_0-600x400.jpg 600w, https:\/\/redalimentaccion.org\/wp-content\/uploads\/2023\/07\/DELEGACION-ARAGON_0.jpg 720w\" sizes=\"(min-width: 2200px) 100vw, (min-width: 856px) 306px, (min-width: 784px) 408px, (min-width: 712px) 613px, (min-width: 640px) 712px, \" \/>\t\t\t<\/a>\n\t\t\t\t\t\t\t<\/div>\n<\/div><div class=\"fusion-title title fusion-title-8 fusion-sep-none fusion-title-text fusion-title-size-three\" style=\"--awb-margin-top-small:10px;--awb-margin-right-small:0px;--awb-margin-bottom-small:10px;--awb-margin-left-small:0px;\"><h3 class=\"fusion-title-heading title-heading-left fusion-responsive-typography-calculated\" style=\"margin:0;--fontSize:24;--minFontSize:24;line-height:var(--awb-typography1-line-height);\">Les plantes silvestres<\/h3><\/div><div class=\"fusion-content-tb fusion-content-tb-1\" style=\"--awb-text-color:var(--awb-color3);--awb-content-alignment:left;--awb-text-transform:none;\"><p>Les plantes silvestres \ud83c\udf31 tenen m\u00faltiples propietats i s\u00f3n molt vers\u00e0tils quant a la quantitat de plats que s\u2019hi poden elaborar \ud83d\ude09 Des del programa [...]<\/p><\/div><div class=\"fusion-text fusion-text-5 fusion-text-no-margin\" style=\"--awb-content-alignment:left;--awb-font-size:16px;--awb-text-color:#9e9e9e;--awb-margin-bottom:0px;\"><p>10 juliol, 2023<\/p>\n<\/div><\/div><\/li>\n<li class=\"fusion-layout-column fusion_builder_column fusion-builder-column-8 fusion-flex-column fusion-column-inner-bg-wrapper post-card fusion-grid-column fusion-post-cards-grid-column\" style=\"--awb-padding-top:2em;--awb-padding-right:2em;--awb-padding-bottom:2em;--awb-padding-left:2em;--awb-overflow:hidden;--awb-inner-bg-color:var(--awb-color1);--awb-inner-bg-color-hover:var(--awb-color1);--awb-inner-bg-blend:overlay;--awb-inner-bg-size:cover;--awb-border-radius:50px 0px 50px 0px;--awb-inner-bg-border-radius:50px 0px 50px 0px;--awb-inner-bg-overflow:hidden;--awb-flex-grow:0;--awb-flex-shrink:0;--awb-flex-grow-medium:0;--awb-flex-shrink-medium:0;--awb-flex-grow-small:0;--awb-flex-shrink-small:0;\" data-scroll-devices=\"small-visibility,medium-visibility,large-visibility\"><span class=\"fusion-column-inner-bg hover-type-none\"><a class=\"fusion-column-anchor\" href=\"https:\/\/redalimentaccion.org\/ca\/sin-categorizar\/tallers-cuinant-sobirania-alimentaria\/\"><span class=\"fusion-column-inner-bg-image\"><\/span><\/a><\/span><div class=\"fusion-column-wrapper fusion-column-has-shadow fusion-flex-justify-content-flex-start fusion-content-layout-column\"><div class=\"fusion-classic-product-image-wrapper fusion-woo-product-image fusion-post-card-image fusion-post-card-image-1 has-aspect-ratio\" data-layout=\"static\" style=\"--awb-border-radius-top-left:50px;--awb-border-radius-top-right:0px;--awb-border-radius-bottom-right:50px;--awb-border-radius-bottom-left:0px;--awb-aspect-ratio:16 \/ 9;\"><div  class=\"fusion-image-wrapper\" aria-haspopup=\"true\">\n\t\t\t\t\t\t\t<a href=\"https:\/\/redalimentaccion.org\/ca\/sin-categorizar\/tallers-cuinant-sobirania-alimentaria\/\" aria-label=\"Tallers &#8220;Cuinant Sobirania Aliment\u00e0ria&#8221;\">\n\t\t\t\t\t\t\t<img decoding=\"async\" width=\"630\" height=\"332\" src=\"https:\/\/redalimentaccion.org\/wp-content\/uploads\/2023\/07\/pedagogias-criticas-enfoque.jpeg\" class=\"attachment-full size-full wp-post-image\" alt=\"\" srcset=\"https:\/\/redalimentaccion.org\/wp-content\/uploads\/2023\/07\/pedagogias-criticas-enfoque-200x105.jpeg 200w, https:\/\/redalimentaccion.org\/wp-content\/uploads\/2023\/07\/pedagogias-criticas-enfoque-400x211.jpeg 400w, https:\/\/redalimentaccion.org\/wp-content\/uploads\/2023\/07\/pedagogias-criticas-enfoque-600x316.jpeg 600w, https:\/\/redalimentaccion.org\/wp-content\/uploads\/2023\/07\/pedagogias-criticas-enfoque.jpeg 630w\" sizes=\"(min-width: 2200px) 100vw, (min-width: 856px) 306px, (min-width: 784px) 408px, (min-width: 712px) 613px, (min-width: 640px) 712px, \" \/>\t\t\t<\/a>\n\t\t\t\t\t\t\t<\/div>\n<\/div><div class=\"fusion-title title fusion-title-9 fusion-sep-none fusion-title-text fusion-title-size-three\" style=\"--awb-margin-top-small:10px;--awb-margin-right-small:0px;--awb-margin-bottom-small:10px;--awb-margin-left-small:0px;\"><h3 class=\"fusion-title-heading title-heading-left fusion-responsive-typography-calculated\" style=\"margin:0;--fontSize:24;--minFontSize:24;line-height:var(--awb-typography1-line-height);\">Tallers &#8220;Cuinant Sobirania Aliment\u00e0ria&#8221;<\/h3><\/div><div class=\"fusion-content-tb fusion-content-tb-2\" style=\"--awb-text-color:var(--awb-color3);--awb-content-alignment:left;--awb-text-transform:none;\"><p>Ens ha agradat molt poder fer aquests dos tallers \u201cCuinant sobirania aliment\u00e0ria\u201d \ud83c\udf7d\ufe0f amb dos grups del CFGM de Cuina de l\u2019ETH Barcelona \ud83e\udd29 \u00a0<\/p><\/div><div class=\"fusion-text fusion-text-6 fusion-text-no-margin\" style=\"--awb-content-alignment:left;--awb-font-size:16px;--awb-text-color:#9e9e9e;--awb-margin-bottom:0px;\"><p>10 juliol, 2023<\/p>\n<\/div><\/div><\/li>\n<li class=\"fusion-layout-column fusion_builder_column fusion-builder-column-9 fusion-flex-column fusion-column-inner-bg-wrapper post-card fusion-grid-column fusion-post-cards-grid-column\" style=\"--awb-padding-top:2em;--awb-padding-right:2em;--awb-padding-bottom:2em;--awb-padding-left:2em;--awb-overflow:hidden;--awb-inner-bg-color:var(--awb-color1);--awb-inner-bg-color-hover:var(--awb-color1);--awb-inner-bg-blend:overlay;--awb-inner-bg-size:cover;--awb-border-radius:50px 0px 50px 0px;--awb-inner-bg-border-radius:50px 0px 50px 0px;--awb-inner-bg-overflow:hidden;--awb-flex-grow:0;--awb-flex-shrink:0;--awb-flex-grow-medium:0;--awb-flex-shrink-medium:0;--awb-flex-grow-small:0;--awb-flex-shrink-small:0;\" data-scroll-devices=\"small-visibility,medium-visibility,large-visibility\"><span class=\"fusion-column-inner-bg hover-type-none\"><a class=\"fusion-column-anchor\" href=\"https:\/\/redalimentaccion.org\/ca\/andalusia\/trobada-de-docents-de-cicles-formatius\/\"><span class=\"fusion-column-inner-bg-image\"><\/span><\/a><\/span><div class=\"fusion-column-wrapper fusion-column-has-shadow fusion-flex-justify-content-flex-start fusion-content-layout-column\"><div class=\"fusion-classic-product-image-wrapper fusion-woo-product-image fusion-post-card-image fusion-post-card-image-1 has-aspect-ratio\" data-layout=\"static\" style=\"--awb-border-radius-top-left:50px;--awb-border-radius-top-right:0px;--awb-border-radius-bottom-right:50px;--awb-border-radius-bottom-left:0px;--awb-aspect-ratio:16 \/ 9;\"><div  class=\"fusion-image-wrapper\" aria-haspopup=\"true\">\n\t\t\t\t\t\t\t<a href=\"https:\/\/redalimentaccion.org\/ca\/andalusia\/trobada-de-docents-de-cicles-formatius\/\" aria-label=\"Trobada de docents de cicles formatius\">\n\t\t\t\t\t\t\t<img decoding=\"async\" width=\"340\" height=\"227\" src=\"https:\/\/redalimentaccion.org\/wp-content\/uploads\/2023\/07\/equipo-illes_ballears.png\" class=\"attachment-full size-full wp-post-image\" alt=\"\" srcset=\"https:\/\/redalimentaccion.org\/wp-content\/uploads\/2023\/07\/equipo-illes_ballears-200x134.png 200w, https:\/\/redalimentaccion.org\/wp-content\/uploads\/2023\/07\/equipo-illes_ballears.png 340w\" sizes=\"(min-width: 2200px) 100vw, (min-width: 856px) 306px, (min-width: 784px) 408px, (min-width: 712px) 613px, (min-width: 640px) 712px, \" \/>\t\t\t<\/a>\n\t\t\t\t\t\t\t<\/div>\n<\/div><div class=\"fusion-title title fusion-title-10 fusion-sep-none fusion-title-text fusion-title-size-three\" style=\"--awb-margin-top-small:10px;--awb-margin-right-small:0px;--awb-margin-bottom-small:10px;--awb-margin-left-small:0px;\"><h3 class=\"fusion-title-heading title-heading-left fusion-responsive-typography-calculated\" style=\"margin:0;--fontSize:24;--minFontSize:24;line-height:var(--awb-typography1-line-height);\">Trobada de docents de cicles formatius<\/h3><\/div><div class=\"fusion-content-tb fusion-content-tb-3\" style=\"--awb-text-color:var(--awb-color3);--awb-content-alignment:left;--awb-text-transform:none;\"><p>Trobada de docents de cicles formatius d\u2019Educaci\u00f3 Infantil i Diet\u00e8tica de diferents centres d\u2019Andalusia, Madrid i el Pa\u00eds Basc: intercanvis d\u2019experi\u00e8ncies, treball en grups, visita [...]<\/p><\/div><div class=\"fusion-text fusion-text-7 fusion-text-no-margin\" style=\"--awb-content-alignment:left;--awb-font-size:16px;--awb-text-color:#9e9e9e;--awb-margin-bottom:0px;\"><p>10 juliol, 2023<\/p>\n<\/div><\/div><\/li>\n<li class=\"fusion-layout-column fusion_builder_column fusion-builder-column-10 fusion-flex-column fusion-column-inner-bg-wrapper post-card fusion-grid-column fusion-post-cards-grid-column\" style=\"--awb-padding-top:2em;--awb-padding-right:2em;--awb-padding-bottom:2em;--awb-padding-left:2em;--awb-overflow:hidden;--awb-inner-bg-color:var(--awb-color1);--awb-inner-bg-color-hover:var(--awb-color1);--awb-inner-bg-blend:overlay;--awb-inner-bg-size:cover;--awb-border-radius:50px 0px 50px 0px;--awb-inner-bg-border-radius:50px 0px 50px 0px;--awb-inner-bg-overflow:hidden;--awb-flex-grow:0;--awb-flex-shrink:0;--awb-flex-grow-medium:0;--awb-flex-shrink-medium:0;--awb-flex-grow-small:0;--awb-flex-shrink-small:0;\" data-scroll-devices=\"small-visibility,medium-visibility,large-visibility\"><span class=\"fusion-column-inner-bg hover-type-none\"><a class=\"fusion-column-anchor\" href=\"https:\/\/redalimentaccion.org\/ca\/sin-categorizar\/grau-mitja-de-produccio-agropecuaria\/\"><span class=\"fusion-column-inner-bg-image\"><\/span><\/a><\/span><div class=\"fusion-column-wrapper fusion-column-has-shadow fusion-flex-justify-content-flex-start fusion-content-layout-column\"><div class=\"fusion-classic-product-image-wrapper fusion-woo-product-image fusion-post-card-image fusion-post-card-image-1 has-aspect-ratio\" data-layout=\"static\" style=\"--awb-border-radius-top-left:50px;--awb-border-radius-top-right:0px;--awb-border-radius-bottom-right:50px;--awb-border-radius-bottom-left:0px;--awb-aspect-ratio:16 \/ 9;\"><div  class=\"fusion-image-wrapper\" aria-haspopup=\"true\">\n\t\t\t\t\t\t\t<a href=\"https:\/\/redalimentaccion.org\/ca\/sin-categorizar\/grau-mitja-de-produccio-agropecuaria\/\" aria-label=\"Grau mitj\u00e0 de producci\u00f3 agropecu\u00e0ria\">\n\t\t\t\t\t\t\t<img decoding=\"async\" width=\"1085\" height=\"723\" src=\"https:\/\/redalimentaccion.org\/wp-content\/uploads\/2023\/07\/enfoque-genero.jpg\" class=\"attachment-full size-full wp-post-image\" alt=\"\" srcset=\"https:\/\/redalimentaccion.org\/wp-content\/uploads\/2023\/07\/enfoque-genero-200x133.jpg 200w, https:\/\/redalimentaccion.org\/wp-content\/uploads\/2023\/07\/enfoque-genero-400x267.jpg 400w, https:\/\/redalimentaccion.org\/wp-content\/uploads\/2023\/07\/enfoque-genero-600x400.jpg 600w, https:\/\/redalimentaccion.org\/wp-content\/uploads\/2023\/07\/enfoque-genero-800x533.jpg 800w, https:\/\/redalimentaccion.org\/wp-content\/uploads\/2023\/07\/enfoque-genero.jpg 1085w\" sizes=\"(min-width: 2200px) 100vw, (min-width: 856px) 306px, (min-width: 784px) 408px, (min-width: 712px) 613px, (min-width: 640px) 712px, \" \/>\t\t\t<\/a>\n\t\t\t\t\t\t\t<\/div>\n<\/div><div class=\"fusion-title title fusion-title-11 fusion-sep-none fusion-title-text fusion-title-size-three\" style=\"--awb-margin-top-small:10px;--awb-margin-right-small:0px;--awb-margin-bottom-small:10px;--awb-margin-left-small:0px;\"><h3 class=\"fusion-title-heading title-heading-left fusion-responsive-typography-calculated\" style=\"margin:0;--fontSize:24;--minFontSize:24;line-height:var(--awb-typography1-line-height);\">Grau mitj\u00e0 de producci\u00f3 agropecu\u00e0ria<\/h3><\/div><div class=\"fusion-content-tb fusion-content-tb-4\" style=\"--awb-text-color:var(--awb-color3);--awb-content-alignment:left;--awb-text-transform:none;\"><p>Compartim el v\u00eddeo \ud83d\udcfd\ufe0f creat de forma participativa per l\u2019alumnat del curs 2022-2023 del \u25b6\ufe0f Cicle de Grau Mitj\u00e0 de Producci\u00f3 Agropecu\u00e0ria de l\u2019IES Serra [...]<\/p><\/div><div class=\"fusion-text fusion-text-8 fusion-text-no-margin\" style=\"--awb-content-alignment:left;--awb-font-size:16px;--awb-text-color:#9e9e9e;--awb-margin-bottom:0px;\"><p>10 juliol, 2023<\/p>\n<\/div><\/div><\/li>\n<\/ul><\/div><div style=\"text-align:center;\"><a class=\"fusion-button button-flat fusion-button-default-size button-default fusion-button-default button-1 fusion-button-default-span fusion-button-default-type\" target=\"_self\" href=\"https:\/\/redalimentaccion.org\/ca\/actualitat\/\"><span class=\"fusion-button-text awb-button__text awb-button__text--default\">Veure m\u00e9s not\u00edcies<\/span><\/a><\/div><\/div><\/div><\/div><\/div><\/p>\n","protected":false},"excerpt":{"rendered":"","protected":false},"author":2,"featured_media":4987,"parent":2588,"menu_order":0,"comment_status":"closed","ping_status":"closed","template":"100-width.php","meta":{"footnotes":""},"class_list":["post-2573","page","type-page","status-publish","has-post-thumbnail","hentry"],"yoast_head":"<!-- This site is optimized with the Yoast SEO plugin v27.4 - https:\/\/yoast.com\/product\/yoast-seo-wordpress\/ -->\n<title>Pa\u00eds Basc | El nostre equip | Red Alimentacci\u00f3n<\/title>\n<meta name=\"description\" content=\"Descobreix els projectes que s&#039;han desenvolupat al llarg d&#039;aquests darrers anys a Euskadi per la nostra Red de Alimentacci\u00f3n.\" \/>\n<meta name=\"robots\" content=\"index, follow, max-snippet:-1, max-image-preview:large, max-video-preview:-1\" \/>\n<link rel=\"canonical\" href=\"https:\/\/redalimentaccion.org\/ca\/pais-basc\/\" \/>\n<meta property=\"og:locale\" content=\"ca_ES\" \/>\n<meta property=\"og:type\" content=\"article\" \/>\n<meta property=\"og:title\" content=\"Pa\u00eds Basc | El nostre equip | Red Alimentacci\u00f3n\" \/>\n<meta property=\"og:description\" content=\"Descobreix els projectes que s&#039;han desenvolupat al llarg d&#039;aquests darrers anys a Euskadi per la nostra Red de Alimentacci\u00f3n.\" \/>\n<meta property=\"og:url\" content=\"https:\/\/redalimentaccion.org\/ca\/pais-basc\/\" \/>\n<meta property=\"og:site_name\" content=\"Red Alimentacci\u00f3n\" \/>\n<meta property=\"article:modified_time\" content=\"2024-01-08T14:19:44+00:00\" \/>\n<meta property=\"og:image\" content=\"https:\/\/redalimentaccion.org\/wp-content\/uploads\/2023\/07\/equipo-euskadi.png\" \/>\n\t<meta property=\"og:image:width\" content=\"340\" \/>\n\t<meta property=\"og:image:height\" content=\"227\" \/>\n\t<meta property=\"og:image:type\" content=\"image\/png\" \/>\n<meta name=\"twitter:card\" content=\"summary_large_image\" \/>\n<meta name=\"twitter:label1\" content=\"Temps estimat de lectura\" \/>\n\t<meta name=\"twitter:data1\" content=\"50 minuts\" \/>\n<script type=\"application\/ld+json\" class=\"yoast-schema-graph\">{\"@context\":\"https:\\\/\\\/schema.org\",\"@graph\":[{\"@type\":\"WebPage\",\"@id\":\"https:\\\/\\\/redalimentaccion.org\\\/ca\\\/pais-basc\\\/\",\"url\":\"https:\\\/\\\/redalimentaccion.org\\\/ca\\\/pais-basc\\\/\",\"name\":\"Pa\u00eds Basc | El nostre equip | Red Alimentacci\u00f3n\",\"isPartOf\":{\"@id\":\"https:\\\/\\\/redalimentaccion.org\\\/#website\"},\"primaryImageOfPage\":{\"@id\":\"https:\\\/\\\/redalimentaccion.org\\\/ca\\\/pais-basc\\\/#primaryimage\"},\"image\":{\"@id\":\"https:\\\/\\\/redalimentaccion.org\\\/ca\\\/pais-basc\\\/#primaryimage\"},\"thumbnailUrl\":\"https:\\\/\\\/redalimentaccion.org\\\/wp-content\\\/uploads\\\/2026\\\/01\\\/Euskadi-scaled.jpg\",\"datePublished\":\"2023-07-07T10:09:42+00:00\",\"dateModified\":\"2024-01-08T14:19:44+00:00\",\"description\":\"Descobreix els projectes que s'han desenvolupat al llarg d'aquests darrers anys a Euskadi per la nostra Red de Alimentacci\u00f3n.\",\"breadcrumb\":{\"@id\":\"https:\\\/\\\/redalimentaccion.org\\\/ca\\\/pais-basc\\\/#breadcrumb\"},\"inLanguage\":\"ca\",\"potentialAction\":[{\"@type\":\"ReadAction\",\"target\":[\"https:\\\/\\\/redalimentaccion.org\\\/ca\\\/pais-basc\\\/\"]}]},{\"@type\":\"ImageObject\",\"inLanguage\":\"ca\",\"@id\":\"https:\\\/\\\/redalimentaccion.org\\\/ca\\\/pais-basc\\\/#primaryimage\",\"url\":\"https:\\\/\\\/redalimentaccion.org\\\/wp-content\\\/uploads\\\/2026\\\/01\\\/Euskadi-scaled.jpg\",\"contentUrl\":\"https:\\\/\\\/redalimentaccion.org\\\/wp-content\\\/uploads\\\/2026\\\/01\\\/Euskadi-scaled.jpg\",\"width\":2560,\"height\":1920},{\"@type\":\"BreadcrumbList\",\"@id\":\"https:\\\/\\\/redalimentaccion.org\\\/ca\\\/pais-basc\\\/#breadcrumb\",\"itemListElement\":[{\"@type\":\"ListItem\",\"position\":1,\"name\":\"Inicio\",\"item\":\"https:\\\/\\\/redalimentaccion.org\\\/ca\\\/\"},{\"@type\":\"ListItem\",\"position\":2,\"name\":\"Pa\u00eds Basc\"}]},{\"@type\":\"WebSite\",\"@id\":\"https:\\\/\\\/redalimentaccion.org\\\/#website\",\"url\":\"https:\\\/\\\/redalimentaccion.org\\\/\",\"name\":\"Red Alimentacci\u00f3n\",\"description\":\"Red Alimentacci\u00f3n trabaja junto al sector educativo en la transformaci\u00f3n hacia un sistema alimentario saludable, justo, accesible y sostenible.\",\"publisher\":{\"@id\":\"https:\\\/\\\/redalimentaccion.org\\\/#organization\"},\"alternateName\":\"Alimentacci\u00f3n\",\"potentialAction\":[{\"@type\":\"SearchAction\",\"target\":{\"@type\":\"EntryPoint\",\"urlTemplate\":\"https:\\\/\\\/redalimentaccion.org\\\/?s={search_term_string}\"},\"query-input\":{\"@type\":\"PropertyValueSpecification\",\"valueRequired\":true,\"valueName\":\"search_term_string\"}}],\"inLanguage\":\"ca\"},{\"@type\":\"Organization\",\"@id\":\"https:\\\/\\\/redalimentaccion.org\\\/#organization\",\"name\":\"Red Alimentacci\u00f3n\",\"url\":\"https:\\\/\\\/redalimentaccion.org\\\/\",\"logo\":{\"@type\":\"ImageObject\",\"inLanguage\":\"ca\",\"@id\":\"https:\\\/\\\/redalimentaccion.org\\\/#\\\/schema\\\/logo\\\/image\\\/\",\"url\":\"https:\\\/\\\/redalimentaccion.org\\\/wp-content\\\/uploads\\\/2023\\\/07\\\/Logo_alimentaccion.png\",\"contentUrl\":\"https:\\\/\\\/redalimentaccion.org\\\/wp-content\\\/uploads\\\/2023\\\/07\\\/Logo_alimentaccion.png\",\"width\":835,\"height\":364,\"caption\":\"Red Alimentacci\u00f3n\"},\"image\":{\"@id\":\"https:\\\/\\\/redalimentaccion.org\\\/#\\\/schema\\\/logo\\\/image\\\/\"}}]}<\/script>\n<!-- \/ Yoast SEO plugin. -->","yoast_head_json":{"title":"Pa\u00eds Basc | El nostre equip | Red Alimentacci\u00f3n","description":"Descobreix els projectes que s'han desenvolupat al llarg d'aquests darrers anys a Euskadi per la nostra Red de Alimentacci\u00f3n.","robots":{"index":"index","follow":"follow","max-snippet":"max-snippet:-1","max-image-preview":"max-image-preview:large","max-video-preview":"max-video-preview:-1"},"canonical":"https:\/\/redalimentaccion.org\/ca\/pais-basc\/","og_locale":"ca_ES","og_type":"article","og_title":"Pa\u00eds Basc | El nostre equip | Red Alimentacci\u00f3n","og_description":"Descobreix els projectes que s'han desenvolupat al llarg d'aquests darrers anys a Euskadi per la nostra Red de Alimentacci\u00f3n.","og_url":"https:\/\/redalimentaccion.org\/ca\/pais-basc\/","og_site_name":"Red Alimentacci\u00f3n","article_modified_time":"2024-01-08T14:19:44+00:00","og_image":[{"width":340,"height":227,"url":"https:\/\/redalimentaccion.org\/wp-content\/uploads\/2023\/07\/equipo-euskadi.png","type":"image\/png"}],"twitter_card":"summary_large_image","twitter_misc":{"Temps estimat de lectura":"50 minuts"},"schema":{"@context":"https:\/\/schema.org","@graph":[{"@type":"WebPage","@id":"https:\/\/redalimentaccion.org\/ca\/pais-basc\/","url":"https:\/\/redalimentaccion.org\/ca\/pais-basc\/","name":"Pa\u00eds Basc | El nostre equip | Red Alimentacci\u00f3n","isPartOf":{"@id":"https:\/\/redalimentaccion.org\/#website"},"primaryImageOfPage":{"@id":"https:\/\/redalimentaccion.org\/ca\/pais-basc\/#primaryimage"},"image":{"@id":"https:\/\/redalimentaccion.org\/ca\/pais-basc\/#primaryimage"},"thumbnailUrl":"https:\/\/redalimentaccion.org\/wp-content\/uploads\/2026\/01\/Euskadi-scaled.jpg","datePublished":"2023-07-07T10:09:42+00:00","dateModified":"2024-01-08T14:19:44+00:00","description":"Descobreix els projectes que s'han desenvolupat al llarg d'aquests darrers anys a Euskadi per la nostra Red de Alimentacci\u00f3n.","breadcrumb":{"@id":"https:\/\/redalimentaccion.org\/ca\/pais-basc\/#breadcrumb"},"inLanguage":"ca","potentialAction":[{"@type":"ReadAction","target":["https:\/\/redalimentaccion.org\/ca\/pais-basc\/"]}]},{"@type":"ImageObject","inLanguage":"ca","@id":"https:\/\/redalimentaccion.org\/ca\/pais-basc\/#primaryimage","url":"https:\/\/redalimentaccion.org\/wp-content\/uploads\/2026\/01\/Euskadi-scaled.jpg","contentUrl":"https:\/\/redalimentaccion.org\/wp-content\/uploads\/2026\/01\/Euskadi-scaled.jpg","width":2560,"height":1920},{"@type":"BreadcrumbList","@id":"https:\/\/redalimentaccion.org\/ca\/pais-basc\/#breadcrumb","itemListElement":[{"@type":"ListItem","position":1,"name":"Inicio","item":"https:\/\/redalimentaccion.org\/ca\/"},{"@type":"ListItem","position":2,"name":"Pa\u00eds Basc"}]},{"@type":"WebSite","@id":"https:\/\/redalimentaccion.org\/#website","url":"https:\/\/redalimentaccion.org\/","name":"Red Alimentacci\u00f3n","description":"Red Alimentacci\u00f3n trabaja junto al sector educativo en la transformaci\u00f3n hacia un sistema alimentario saludable, justo, accesible y sostenible.","publisher":{"@id":"https:\/\/redalimentaccion.org\/#organization"},"alternateName":"Alimentacci\u00f3n","potentialAction":[{"@type":"SearchAction","target":{"@type":"EntryPoint","urlTemplate":"https:\/\/redalimentaccion.org\/?s={search_term_string}"},"query-input":{"@type":"PropertyValueSpecification","valueRequired":true,"valueName":"search_term_string"}}],"inLanguage":"ca"},{"@type":"Organization","@id":"https:\/\/redalimentaccion.org\/#organization","name":"Red Alimentacci\u00f3n","url":"https:\/\/redalimentaccion.org\/","logo":{"@type":"ImageObject","inLanguage":"ca","@id":"https:\/\/redalimentaccion.org\/#\/schema\/logo\/image\/","url":"https:\/\/redalimentaccion.org\/wp-content\/uploads\/2023\/07\/Logo_alimentaccion.png","contentUrl":"https:\/\/redalimentaccion.org\/wp-content\/uploads\/2023\/07\/Logo_alimentaccion.png","width":835,"height":364,"caption":"Red Alimentacci\u00f3n"},"image":{"@id":"https:\/\/redalimentaccion.org\/#\/schema\/logo\/image\/"}}]}},"_links":{"self":[{"href":"https:\/\/redalimentaccion.org\/ca\/wp-json\/wp\/v2\/pages\/2573","targetHints":{"allow":["GET"]}}],"collection":[{"href":"https:\/\/redalimentaccion.org\/ca\/wp-json\/wp\/v2\/pages"}],"about":[{"href":"https:\/\/redalimentaccion.org\/ca\/wp-json\/wp\/v2\/types\/page"}],"author":[{"embeddable":true,"href":"https:\/\/redalimentaccion.org\/ca\/wp-json\/wp\/v2\/users\/2"}],"replies":[{"embeddable":true,"href":"https:\/\/redalimentaccion.org\/ca\/wp-json\/wp\/v2\/comments?post=2573"}],"version-history":[{"count":0,"href":"https:\/\/redalimentaccion.org\/ca\/wp-json\/wp\/v2\/pages\/2573\/revisions"}],"up":[{"embeddable":true,"href":"https:\/\/redalimentaccion.org\/ca\/wp-json\/wp\/v2\/pages\/2588"}],"wp:featuredmedia":[{"embeddable":true,"href":"https:\/\/redalimentaccion.org\/ca\/wp-json\/wp\/v2\/media\/4987"}],"wp:attachment":[{"href":"https:\/\/redalimentaccion.org\/ca\/wp-json\/wp\/v2\/media?parent=2573"}],"curies":[{"name":"wp","href":"https:\/\/api.w.org\/{rel}","templated":true}]}}