{"id":3544,"date":"2023-09-29T10:50:57","date_gmt":"2023-09-29T08:50:57","guid":{"rendered":"https:\/\/redalimentaccion.org\/recurso-educativo\/qui-ens-alimenta-projecte-interdisciplinari-educacio-secundaria-master-choff-saludable\/"},"modified":"2023-09-29T10:50:57","modified_gmt":"2023-09-29T08:50:57","slug":"qui-ens-alimenta-projecte-interdisciplinari-educacio-secundaria-master-choff-saludable","status":"publish","type":"recurso-educativo","link":"https:\/\/redalimentaccion.org\/ca\/recursos-educatius\/qui-ens-alimenta-projecte-interdisciplinari-educacio-secundaria-master-choff-saludable\/","title":{"rendered":"QUI ENS ALIMENTA? PROJECTE INTERDISCIPLINARI Educaci\u00f3 Secund\u00e0ria \u2018MASTER CHOFF SALUDABLE"},"content":{"rendered":"\n<p>Aquest projecte s\u2019inspira al programa televisiu Master Xef, que s\u2019ha em\u00e8s en nombrosos pa\u00efsos. Per si no ho coneguessis, mitjan\u00e7ant el programa es busca al millor cuiner o cuinera del pa\u00eds i, per tant, un grup de joves seleccionats s\u2019ha d\u2019enfrontar a reptes individuals i per equips davant d\u2019un jurat. Master Choff Saludable consisteix a replicar parts del contingut del programa als centres escolars i grups amb el qual s\u2019est\u00e0 treballant, llevant-li el biaix de competitivitat i espectacle, ja que el que aqu\u00ed tractarem ser\u00e0 donar-li realisme, pensant en la cuina de deb\u00f2, la del dia a dia, la que hist\u00f2ricament han organitzat les dones en gaireb\u00e9 totes les regions del m\u00f3n; analitzarem productes i la hist\u00f2ria que hi ha darrere d\u2019ells, buscant aquells que s\u2019hagin produ\u00eft de forma sostenible i respectant els principis de la sobirania aliment\u00e0ria, aquells que sostinguin coneixements populars \u2013on les dones s\u00f3n sempre protagonistes\u2013 i millorin les relacions humanes, els drets humans i camperols, aix\u00ed com les diferents formes de vida que coexisteixen i que s\u00f3n necess\u00e0ries per a la sostenibilitat de la vida.<\/p>\n","protected":false},"featured_media":3546,"comment_status":"open","ping_status":"closed","template":"","etapa-educativa":[199],"tipo-de-recurso":[208],"etiqueta":[],"idioma":[221],"familia-profesional":[],"class_list":["post-3544","recurso-educativo","type-recurso-educativo","status-publish","has-post-thumbnail","hentry","etapa-educativa-secundaria-ca","tipo-de-recurso-proposta-pedagogica","idioma-catala"],"yoast_head":"<!-- This site is optimized with the Yoast SEO plugin v27.5 - https:\/\/yoast.com\/product\/yoast-seo-wordpress\/ -->\n<title>QUI ENS ALIMENTA? PROJECTE INTERDISCIPLINARI Educaci\u00f3 Secund\u00e0ria \u2018MASTER CHOFF SALUDABLE | Red Alimentacci\u00f3n<\/title>\n<meta name=\"robots\" content=\"index, follow, max-snippet:-1, max-image-preview:large, max-video-preview:-1\" \/>\n<link rel=\"canonical\" href=\"https:\/\/redalimentaccion.org\/ca\/recurso-educativo\/qui-ens-alimenta-projecte-interdisciplinari-educacio-secundaria-master-choff-saludable\/\" \/>\n<meta property=\"og:locale\" content=\"ca_ES\" \/>\n<meta property=\"og:type\" content=\"article\" \/>\n<meta property=\"og:title\" content=\"QUI ENS ALIMENTA? PROJECTE INTERDISCIPLINARI Educaci\u00f3 Secund\u00e0ria \u2018MASTER CHOFF SALUDABLE | Red Alimentacci\u00f3n\" \/>\n<meta property=\"og:description\" content=\"Aquest projecte s\u2019inspira al programa televisiu Master Xef, que s\u2019ha [...]\" \/>\n<meta property=\"og:url\" content=\"https:\/\/redalimentaccion.org\/ca\/recurso-educativo\/qui-ens-alimenta-projecte-interdisciplinari-educacio-secundaria-master-choff-saludable\/\" \/>\n<meta property=\"og:site_name\" content=\"Red Alimentacci\u00f3n\" \/>\n<meta property=\"og:image\" content=\"https:\/\/redalimentaccion.org\/wp-content\/uploads\/2023\/07\/Logo_alimentaccion.png\" \/>\n\t<meta property=\"og:image:width\" content=\"835\" \/>\n\t<meta property=\"og:image:height\" content=\"364\" \/>\n\t<meta property=\"og:image:type\" content=\"image\/png\" \/>\n<meta name=\"twitter:card\" content=\"summary_large_image\" \/>\n<meta name=\"twitter:label1\" content=\"Temps estimat de lectura\" \/>\n\t<meta name=\"twitter:data1\" content=\"1 minut\" \/>\n<script type=\"application\/ld+json\" class=\"yoast-schema-graph\">{\"@context\":\"https:\\\/\\\/schema.org\",\"@graph\":[{\"@type\":\"WebPage\",\"@id\":\"https:\\\/\\\/redalimentaccion.org\\\/ca\\\/recurso-educativo\\\/qui-ens-alimenta-projecte-interdisciplinari-educacio-secundaria-master-choff-saludable\\\/\",\"url\":\"https:\\\/\\\/redalimentaccion.org\\\/ca\\\/recurso-educativo\\\/qui-ens-alimenta-projecte-interdisciplinari-educacio-secundaria-master-choff-saludable\\\/\",\"name\":\"QUI ENS ALIMENTA? PROJECTE INTERDISCIPLINARI Educaci\u00f3 Secund\u00e0ria \u2018MASTER CHOFF SALUDABLE | Red Alimentacci\u00f3n\",\"isPartOf\":{\"@id\":\"https:\\\/\\\/redalimentaccion.org\\\/#website\"},\"primaryImageOfPage\":{\"@id\":\"https:\\\/\\\/redalimentaccion.org\\\/ca\\\/recurso-educativo\\\/qui-ens-alimenta-projecte-interdisciplinari-educacio-secundaria-master-choff-saludable\\\/#primaryimage\"},\"image\":{\"@id\":\"https:\\\/\\\/redalimentaccion.org\\\/ca\\\/recurso-educativo\\\/qui-ens-alimenta-projecte-interdisciplinari-educacio-secundaria-master-choff-saludable\\\/#primaryimage\"},\"thumbnailUrl\":\"https:\\\/\\\/redalimentaccion.org\\\/wp-content\\\/uploads\\\/2023\\\/09\\\/10-Imagen-pdf.png\",\"datePublished\":\"2023-09-29T08:50:57+00:00\",\"breadcrumb\":{\"@id\":\"https:\\\/\\\/redalimentaccion.org\\\/ca\\\/recurso-educativo\\\/qui-ens-alimenta-projecte-interdisciplinari-educacio-secundaria-master-choff-saludable\\\/#breadcrumb\"},\"inLanguage\":\"ca\",\"potentialAction\":[{\"@type\":\"ReadAction\",\"target\":[\"https:\\\/\\\/redalimentaccion.org\\\/ca\\\/recurso-educativo\\\/qui-ens-alimenta-projecte-interdisciplinari-educacio-secundaria-master-choff-saludable\\\/\"]}]},{\"@type\":\"ImageObject\",\"inLanguage\":\"ca\",\"@id\":\"https:\\\/\\\/redalimentaccion.org\\\/ca\\\/recurso-educativo\\\/qui-ens-alimenta-projecte-interdisciplinari-educacio-secundaria-master-choff-saludable\\\/#primaryimage\",\"url\":\"https:\\\/\\\/redalimentaccion.org\\\/wp-content\\\/uploads\\\/2023\\\/09\\\/10-Imagen-pdf.png\",\"contentUrl\":\"https:\\\/\\\/redalimentaccion.org\\\/wp-content\\\/uploads\\\/2023\\\/09\\\/10-Imagen-pdf.png\",\"width\":583,\"height\":333},{\"@type\":\"BreadcrumbList\",\"@id\":\"https:\\\/\\\/redalimentaccion.org\\\/ca\\\/recurso-educativo\\\/qui-ens-alimenta-projecte-interdisciplinari-educacio-secundaria-master-choff-saludable\\\/#breadcrumb\",\"itemListElement\":[{\"@type\":\"ListItem\",\"position\":1,\"name\":\"Inicio\",\"item\":\"https:\\\/\\\/redalimentaccion.org\\\/ca\\\/\"},{\"@type\":\"ListItem\",\"position\":2,\"name\":\"Recursos educativos\",\"item\":\"https:\\\/\\\/redalimentaccion.org\\\/recurso-educativo\\\/\"},{\"@type\":\"ListItem\",\"position\":3,\"name\":\"QUI ENS ALIMENTA? PROJECTE INTERDISCIPLINARI Educaci\u00f3 Secund\u00e0ria \u2018MASTER CHOFF SALUDABLE\"}]},{\"@type\":\"WebSite\",\"@id\":\"https:\\\/\\\/redalimentaccion.org\\\/#website\",\"url\":\"https:\\\/\\\/redalimentaccion.org\\\/\",\"name\":\"Red Alimentacci\u00f3n\",\"description\":\"Red Alimentacci\u00f3n trabaja junto al sector educativo en la transformaci\u00f3n hacia un sistema alimentario saludable, justo, accesible y sostenible.\",\"publisher\":{\"@id\":\"https:\\\/\\\/redalimentaccion.org\\\/#organization\"},\"alternateName\":\"Alimentacci\u00f3n\",\"potentialAction\":[{\"@type\":\"SearchAction\",\"target\":{\"@type\":\"EntryPoint\",\"urlTemplate\":\"https:\\\/\\\/redalimentaccion.org\\\/?s={search_term_string}\"},\"query-input\":{\"@type\":\"PropertyValueSpecification\",\"valueRequired\":true,\"valueName\":\"search_term_string\"}}],\"inLanguage\":\"ca\"},{\"@type\":\"Organization\",\"@id\":\"https:\\\/\\\/redalimentaccion.org\\\/#organization\",\"name\":\"Red Alimentacci\u00f3n\",\"url\":\"https:\\\/\\\/redalimentaccion.org\\\/\",\"logo\":{\"@type\":\"ImageObject\",\"inLanguage\":\"ca\",\"@id\":\"https:\\\/\\\/redalimentaccion.org\\\/#\\\/schema\\\/logo\\\/image\\\/\",\"url\":\"https:\\\/\\\/redalimentaccion.org\\\/wp-content\\\/uploads\\\/2023\\\/07\\\/Logo_alimentaccion.png\",\"contentUrl\":\"https:\\\/\\\/redalimentaccion.org\\\/wp-content\\\/uploads\\\/2023\\\/07\\\/Logo_alimentaccion.png\",\"width\":835,\"height\":364,\"caption\":\"Red Alimentacci\u00f3n\"},\"image\":{\"@id\":\"https:\\\/\\\/redalimentaccion.org\\\/#\\\/schema\\\/logo\\\/image\\\/\"}}]}<\/script>\n<!-- \/ Yoast SEO plugin. -->","yoast_head_json":{"title":"QUI ENS ALIMENTA? PROJECTE INTERDISCIPLINARI Educaci\u00f3 Secund\u00e0ria \u2018MASTER CHOFF SALUDABLE | Red Alimentacci\u00f3n","robots":{"index":"index","follow":"follow","max-snippet":"max-snippet:-1","max-image-preview":"max-image-preview:large","max-video-preview":"max-video-preview:-1"},"canonical":"https:\/\/redalimentaccion.org\/ca\/recurso-educativo\/qui-ens-alimenta-projecte-interdisciplinari-educacio-secundaria-master-choff-saludable\/","og_locale":"ca_ES","og_type":"article","og_title":"QUI ENS ALIMENTA? PROJECTE INTERDISCIPLINARI Educaci\u00f3 Secund\u00e0ria \u2018MASTER CHOFF SALUDABLE | Red Alimentacci\u00f3n","og_description":"Aquest projecte s\u2019inspira al programa televisiu Master Xef, que s\u2019ha [...]","og_url":"https:\/\/redalimentaccion.org\/ca\/recurso-educativo\/qui-ens-alimenta-projecte-interdisciplinari-educacio-secundaria-master-choff-saludable\/","og_site_name":"Red Alimentacci\u00f3n","og_image":[{"width":835,"height":364,"url":"https:\/\/redalimentaccion.org\/wp-content\/uploads\/2023\/07\/Logo_alimentaccion.png","type":"image\/png"}],"twitter_card":"summary_large_image","twitter_misc":{"Temps estimat de lectura":"1 minut"},"schema":{"@context":"https:\/\/schema.org","@graph":[{"@type":"WebPage","@id":"https:\/\/redalimentaccion.org\/ca\/recurso-educativo\/qui-ens-alimenta-projecte-interdisciplinari-educacio-secundaria-master-choff-saludable\/","url":"https:\/\/redalimentaccion.org\/ca\/recurso-educativo\/qui-ens-alimenta-projecte-interdisciplinari-educacio-secundaria-master-choff-saludable\/","name":"QUI ENS ALIMENTA? PROJECTE INTERDISCIPLINARI Educaci\u00f3 Secund\u00e0ria \u2018MASTER CHOFF SALUDABLE | Red Alimentacci\u00f3n","isPartOf":{"@id":"https:\/\/redalimentaccion.org\/#website"},"primaryImageOfPage":{"@id":"https:\/\/redalimentaccion.org\/ca\/recurso-educativo\/qui-ens-alimenta-projecte-interdisciplinari-educacio-secundaria-master-choff-saludable\/#primaryimage"},"image":{"@id":"https:\/\/redalimentaccion.org\/ca\/recurso-educativo\/qui-ens-alimenta-projecte-interdisciplinari-educacio-secundaria-master-choff-saludable\/#primaryimage"},"thumbnailUrl":"https:\/\/redalimentaccion.org\/wp-content\/uploads\/2023\/09\/10-Imagen-pdf.png","datePublished":"2023-09-29T08:50:57+00:00","breadcrumb":{"@id":"https:\/\/redalimentaccion.org\/ca\/recurso-educativo\/qui-ens-alimenta-projecte-interdisciplinari-educacio-secundaria-master-choff-saludable\/#breadcrumb"},"inLanguage":"ca","potentialAction":[{"@type":"ReadAction","target":["https:\/\/redalimentaccion.org\/ca\/recurso-educativo\/qui-ens-alimenta-projecte-interdisciplinari-educacio-secundaria-master-choff-saludable\/"]}]},{"@type":"ImageObject","inLanguage":"ca","@id":"https:\/\/redalimentaccion.org\/ca\/recurso-educativo\/qui-ens-alimenta-projecte-interdisciplinari-educacio-secundaria-master-choff-saludable\/#primaryimage","url":"https:\/\/redalimentaccion.org\/wp-content\/uploads\/2023\/09\/10-Imagen-pdf.png","contentUrl":"https:\/\/redalimentaccion.org\/wp-content\/uploads\/2023\/09\/10-Imagen-pdf.png","width":583,"height":333},{"@type":"BreadcrumbList","@id":"https:\/\/redalimentaccion.org\/ca\/recurso-educativo\/qui-ens-alimenta-projecte-interdisciplinari-educacio-secundaria-master-choff-saludable\/#breadcrumb","itemListElement":[{"@type":"ListItem","position":1,"name":"Inicio","item":"https:\/\/redalimentaccion.org\/ca\/"},{"@type":"ListItem","position":2,"name":"Recursos educativos","item":"https:\/\/redalimentaccion.org\/recurso-educativo\/"},{"@type":"ListItem","position":3,"name":"QUI ENS ALIMENTA? PROJECTE INTERDISCIPLINARI Educaci\u00f3 Secund\u00e0ria \u2018MASTER CHOFF SALUDABLE"}]},{"@type":"WebSite","@id":"https:\/\/redalimentaccion.org\/#website","url":"https:\/\/redalimentaccion.org\/","name":"Red Alimentacci\u00f3n","description":"Red Alimentacci\u00f3n trabaja junto al sector educativo en la transformaci\u00f3n hacia un sistema alimentario saludable, justo, accesible y sostenible.","publisher":{"@id":"https:\/\/redalimentaccion.org\/#organization"},"alternateName":"Alimentacci\u00f3n","potentialAction":[{"@type":"SearchAction","target":{"@type":"EntryPoint","urlTemplate":"https:\/\/redalimentaccion.org\/?s={search_term_string}"},"query-input":{"@type":"PropertyValueSpecification","valueRequired":true,"valueName":"search_term_string"}}],"inLanguage":"ca"},{"@type":"Organization","@id":"https:\/\/redalimentaccion.org\/#organization","name":"Red Alimentacci\u00f3n","url":"https:\/\/redalimentaccion.org\/","logo":{"@type":"ImageObject","inLanguage":"ca","@id":"https:\/\/redalimentaccion.org\/#\/schema\/logo\/image\/","url":"https:\/\/redalimentaccion.org\/wp-content\/uploads\/2023\/07\/Logo_alimentaccion.png","contentUrl":"https:\/\/redalimentaccion.org\/wp-content\/uploads\/2023\/07\/Logo_alimentaccion.png","width":835,"height":364,"caption":"Red Alimentacci\u00f3n"},"image":{"@id":"https:\/\/redalimentaccion.org\/#\/schema\/logo\/image\/"}}]}},"toolset-meta":{"campos-de-recursos-educativos":[]},"_links":{"self":[{"href":"https:\/\/redalimentaccion.org\/ca\/wp-json\/wp\/v2\/recurso-educativo\/3544","targetHints":{"allow":["GET"]}}],"collection":[{"href":"https:\/\/redalimentaccion.org\/ca\/wp-json\/wp\/v2\/recurso-educativo"}],"about":[{"href":"https:\/\/redalimentaccion.org\/ca\/wp-json\/wp\/v2\/types\/recurso-educativo"}],"replies":[{"embeddable":true,"href":"https:\/\/redalimentaccion.org\/ca\/wp-json\/wp\/v2\/comments?post=3544"}],"wp:featuredmedia":[{"embeddable":true,"href":"https:\/\/redalimentaccion.org\/ca\/wp-json\/wp\/v2\/media\/3546"}],"wp:attachment":[{"href":"https:\/\/redalimentaccion.org\/ca\/wp-json\/wp\/v2\/media?parent=3544"}],"wp:term":[{"taxonomy":"etapa-educativa","embeddable":true,"href":"https:\/\/redalimentaccion.org\/ca\/wp-json\/wp\/v2\/etapa-educativa?post=3544"},{"taxonomy":"tipo-de-recurso","embeddable":true,"href":"https:\/\/redalimentaccion.org\/ca\/wp-json\/wp\/v2\/tipo-de-recurso?post=3544"},{"taxonomy":"etiqueta","embeddable":true,"href":"https:\/\/redalimentaccion.org\/ca\/wp-json\/wp\/v2\/etiqueta?post=3544"},{"taxonomy":"idioma","embeddable":true,"href":"https:\/\/redalimentaccion.org\/ca\/wp-json\/wp\/v2\/idioma?post=3544"},{"taxonomy":"familia-profesional","embeddable":true,"href":"https:\/\/redalimentaccion.org\/ca\/wp-json\/wp\/v2\/familia-profesional?post=3544"}],"curies":[{"name":"wp","href":"https:\/\/api.w.org\/{rel}","templated":true}]}}