{"id":3842,"date":"2024-01-22T15:21:07","date_gmt":"2024-01-22T14:21:07","guid":{"rendered":"https:\/\/redalimentaccion.org\/recurso-educativo\/okintzako-gozogintzako-eta-konfiteriako-unitate-didaktikoa\/"},"modified":"2024-01-22T15:22:14","modified_gmt":"2024-01-22T14:22:14","slug":"okintzako-gozogintzako-eta-konfiteriako-unitate-didaktikoa","status":"publish","type":"recurso-educativo","link":"https:\/\/redalimentaccion.org\/ca\/recursos-educatius\/okintzako-gozogintzako-eta-konfiteriako-unitate-didaktikoa\/","title":{"rendered":"Okintzako, gogozintzako eta konfiteriako Erdi Mailako Ziklorako Unitate Didaktikoa"},"content":{"rendered":"\n<p>Unitate didaktiko hau Balear Uharteetako Josep Sureda eta Blanes de Palma BHIko Okintza, Gozogintza eta Gozogintza Erdi Mailako Sailarekin elkarlanean garatu diren jarduera eta ekimen batzuetan oinarritzen da. Unitate honetan izen bereko aurkezpenarekin txertatzen da lana, baina beste jarduera batzuk gehitzen dira gaian sakontzeko eta sukaldean praktikan jartzeko. IDEIAK: unitate didaktikoak martxan jar ditzakezun hainbat jarduera ditu, baina gehiago jakin nahi baduzu, gurekin edo ikastetxearekin harremanetan jar zaitezke. Aurkitu zentroaren informazioa gure mapan!<\/p>\n","protected":false},"featured_media":3782,"comment_status":"open","ping_status":"closed","template":"","etapa-educativa":[164],"tipo-de-recurso":[208],"etiqueta":[166],"idioma":[222],"familia-profesional":[225],"class_list":["post-3842","recurso-educativo","type-recurso-educativo","status-publish","has-post-thumbnail","hentry","etapa-educativa-formacio-professional","tipo-de-recurso-proposta-pedagogica","etiqueta-alimentacio-saludable","idioma-eusquera","familia-profesional-industries-alimentaries"],"yoast_head":"<!-- This site is optimized with the Yoast SEO plugin v27.4 - https:\/\/yoast.com\/product\/yoast-seo-wordpress\/ -->\n<title>Okintzako, gozokintzako eta konfiteriako Unitate Didaktikoa<\/title>\n<meta name=\"description\" content=\"Ikasi ogi kontzientea eta jasangarria egiten okintza jasangarri, zuzen eta osasungarriari buruzko unitate didaktikoarekin. Ezagutu praktika berriak.\" \/>\n<meta name=\"robots\" content=\"index, follow, max-snippet:-1, max-image-preview:large, max-video-preview:-1\" \/>\n<link rel=\"canonical\" href=\"https:\/\/redalimentaccion.org\/ca\/recursos-educatius\/okintzako-gozogintzako-eta-konfiteriako-unitate-didaktikoa\/\" \/>\n<meta property=\"og:locale\" content=\"ca_ES\" \/>\n<meta property=\"og:type\" content=\"article\" \/>\n<meta property=\"og:title\" content=\"Okintzako, gozokintzako eta konfiteriako Unitate Didaktikoa\" \/>\n<meta property=\"og:description\" content=\"Ikasi ogi kontzientea eta jasangarria egiten okintza jasangarri, zuzen eta osasungarriari buruzko unitate didaktikoarekin. Ezagutu praktika berriak.\" \/>\n<meta property=\"og:url\" content=\"https:\/\/redalimentaccion.org\/ca\/recursos-educatius\/okintzako-gozogintzako-eta-konfiteriako-unitate-didaktikoa\/\" \/>\n<meta property=\"og:site_name\" content=\"Red Alimentacci\u00f3n\" \/>\n<meta property=\"article:modified_time\" content=\"2024-01-22T14:22:14+00:00\" \/>\n<meta property=\"og:image\" content=\"https:\/\/redalimentaccion.org\/wp-content\/uploads\/2023\/10\/Okintza_GM.jpg\" \/>\n\t<meta property=\"og:image:width\" content=\"1545\" \/>\n\t<meta property=\"og:image:height\" content=\"845\" \/>\n\t<meta property=\"og:image:type\" content=\"image\/jpeg\" \/>\n<meta name=\"twitter:card\" content=\"summary_large_image\" \/>\n<meta name=\"twitter:label1\" content=\"Temps estimat de lectura\" \/>\n\t<meta name=\"twitter:data1\" content=\"1 minut\" \/>\n<script type=\"application\/ld+json\" class=\"yoast-schema-graph\">{\"@context\":\"https:\\\/\\\/schema.org\",\"@graph\":[{\"@type\":\"WebPage\",\"@id\":\"https:\\\/\\\/redalimentaccion.org\\\/ca\\\/recursos-educatius\\\/okintzako-gozogintzako-eta-konfiteriako-unitate-didaktikoa\\\/\",\"url\":\"https:\\\/\\\/redalimentaccion.org\\\/ca\\\/recursos-educatius\\\/okintzako-gozogintzako-eta-konfiteriako-unitate-didaktikoa\\\/\",\"name\":\"Okintzako, gozokintzako eta konfiteriako Unitate Didaktikoa\",\"isPartOf\":{\"@id\":\"https:\\\/\\\/redalimentaccion.org\\\/#website\"},\"primaryImageOfPage\":{\"@id\":\"https:\\\/\\\/redalimentaccion.org\\\/ca\\\/recursos-educatius\\\/okintzako-gozogintzako-eta-konfiteriako-unitate-didaktikoa\\\/#primaryimage\"},\"image\":{\"@id\":\"https:\\\/\\\/redalimentaccion.org\\\/ca\\\/recursos-educatius\\\/okintzako-gozogintzako-eta-konfiteriako-unitate-didaktikoa\\\/#primaryimage\"},\"thumbnailUrl\":\"https:\\\/\\\/redalimentaccion.org\\\/wp-content\\\/uploads\\\/2023\\\/10\\\/Okintza_GM.jpg\",\"datePublished\":\"2024-01-22T14:21:07+00:00\",\"dateModified\":\"2024-01-22T14:22:14+00:00\",\"description\":\"Ikasi ogi kontzientea eta jasangarria egiten okintza jasangarri, zuzen eta osasungarriari buruzko unitate didaktikoarekin. Ezagutu praktika berriak.\",\"breadcrumb\":{\"@id\":\"https:\\\/\\\/redalimentaccion.org\\\/ca\\\/recursos-educatius\\\/okintzako-gozogintzako-eta-konfiteriako-unitate-didaktikoa\\\/#breadcrumb\"},\"inLanguage\":\"ca\",\"potentialAction\":[{\"@type\":\"ReadAction\",\"target\":[\"https:\\\/\\\/redalimentaccion.org\\\/ca\\\/recursos-educatius\\\/okintzako-gozogintzako-eta-konfiteriako-unitate-didaktikoa\\\/\"]}]},{\"@type\":\"ImageObject\",\"inLanguage\":\"ca\",\"@id\":\"https:\\\/\\\/redalimentaccion.org\\\/ca\\\/recursos-educatius\\\/okintzako-gozogintzako-eta-konfiteriako-unitate-didaktikoa\\\/#primaryimage\",\"url\":\"https:\\\/\\\/redalimentaccion.org\\\/wp-content\\\/uploads\\\/2023\\\/10\\\/Okintza_GM.jpg\",\"contentUrl\":\"https:\\\/\\\/redalimentaccion.org\\\/wp-content\\\/uploads\\\/2023\\\/10\\\/Okintza_GM.jpg\",\"width\":1545,\"height\":845},{\"@type\":\"BreadcrumbList\",\"@id\":\"https:\\\/\\\/redalimentaccion.org\\\/ca\\\/recursos-educatius\\\/okintzako-gozogintzako-eta-konfiteriako-unitate-didaktikoa\\\/#breadcrumb\",\"itemListElement\":[{\"@type\":\"ListItem\",\"position\":1,\"name\":\"Inicio\",\"item\":\"https:\\\/\\\/redalimentaccion.org\\\/ca\\\/\"},{\"@type\":\"ListItem\",\"position\":2,\"name\":\"Recursos educativos\",\"item\":\"https:\\\/\\\/redalimentaccion.org\\\/recurso-educativo\\\/\"},{\"@type\":\"ListItem\",\"position\":3,\"name\":\"Formaci\u00f3n Profesional\",\"item\":\"https:\\\/\\\/redalimentaccion.org\\\/etapa-educativa\\\/formacion-profesional\\\/\"},{\"@type\":\"ListItem\",\"position\":4,\"name\":\"Okintzako, gogozintzako eta konfiteriako Erdi Mailako Ziklorako Unitate Didaktikoa\"}]},{\"@type\":\"WebSite\",\"@id\":\"https:\\\/\\\/redalimentaccion.org\\\/#website\",\"url\":\"https:\\\/\\\/redalimentaccion.org\\\/\",\"name\":\"Red Alimentacci\u00f3n\",\"description\":\"Red Alimentacci\u00f3n trabaja junto al sector educativo en la transformaci\u00f3n hacia un sistema alimentario saludable, justo, accesible y sostenible.\",\"publisher\":{\"@id\":\"https:\\\/\\\/redalimentaccion.org\\\/#organization\"},\"alternateName\":\"Alimentacci\u00f3n\",\"potentialAction\":[{\"@type\":\"SearchAction\",\"target\":{\"@type\":\"EntryPoint\",\"urlTemplate\":\"https:\\\/\\\/redalimentaccion.org\\\/?s={search_term_string}\"},\"query-input\":{\"@type\":\"PropertyValueSpecification\",\"valueRequired\":true,\"valueName\":\"search_term_string\"}}],\"inLanguage\":\"ca\"},{\"@type\":\"Organization\",\"@id\":\"https:\\\/\\\/redalimentaccion.org\\\/#organization\",\"name\":\"Red Alimentacci\u00f3n\",\"url\":\"https:\\\/\\\/redalimentaccion.org\\\/\",\"logo\":{\"@type\":\"ImageObject\",\"inLanguage\":\"ca\",\"@id\":\"https:\\\/\\\/redalimentaccion.org\\\/#\\\/schema\\\/logo\\\/image\\\/\",\"url\":\"https:\\\/\\\/redalimentaccion.org\\\/wp-content\\\/uploads\\\/2023\\\/07\\\/Logo_alimentaccion.png\",\"contentUrl\":\"https:\\\/\\\/redalimentaccion.org\\\/wp-content\\\/uploads\\\/2023\\\/07\\\/Logo_alimentaccion.png\",\"width\":835,\"height\":364,\"caption\":\"Red Alimentacci\u00f3n\"},\"image\":{\"@id\":\"https:\\\/\\\/redalimentaccion.org\\\/#\\\/schema\\\/logo\\\/image\\\/\"}}]}<\/script>\n<!-- \/ Yoast SEO plugin. -->","yoast_head_json":{"title":"Okintzako, gozokintzako eta konfiteriako Unitate Didaktikoa","description":"Ikasi ogi kontzientea eta jasangarria egiten okintza jasangarri, zuzen eta osasungarriari buruzko unitate didaktikoarekin. Ezagutu praktika berriak.","robots":{"index":"index","follow":"follow","max-snippet":"max-snippet:-1","max-image-preview":"max-image-preview:large","max-video-preview":"max-video-preview:-1"},"canonical":"https:\/\/redalimentaccion.org\/ca\/recursos-educatius\/okintzako-gozogintzako-eta-konfiteriako-unitate-didaktikoa\/","og_locale":"ca_ES","og_type":"article","og_title":"Okintzako, gozokintzako eta konfiteriako Unitate Didaktikoa","og_description":"Ikasi ogi kontzientea eta jasangarria egiten okintza jasangarri, zuzen eta osasungarriari buruzko unitate didaktikoarekin. Ezagutu praktika berriak.","og_url":"https:\/\/redalimentaccion.org\/ca\/recursos-educatius\/okintzako-gozogintzako-eta-konfiteriako-unitate-didaktikoa\/","og_site_name":"Red Alimentacci\u00f3n","article_modified_time":"2024-01-22T14:22:14+00:00","og_image":[{"width":1545,"height":845,"url":"https:\/\/redalimentaccion.org\/wp-content\/uploads\/2023\/10\/Okintza_GM.jpg","type":"image\/jpeg"}],"twitter_card":"summary_large_image","twitter_misc":{"Temps estimat de lectura":"1 minut"},"schema":{"@context":"https:\/\/schema.org","@graph":[{"@type":"WebPage","@id":"https:\/\/redalimentaccion.org\/ca\/recursos-educatius\/okintzako-gozogintzako-eta-konfiteriako-unitate-didaktikoa\/","url":"https:\/\/redalimentaccion.org\/ca\/recursos-educatius\/okintzako-gozogintzako-eta-konfiteriako-unitate-didaktikoa\/","name":"Okintzako, gozokintzako eta konfiteriako Unitate Didaktikoa","isPartOf":{"@id":"https:\/\/redalimentaccion.org\/#website"},"primaryImageOfPage":{"@id":"https:\/\/redalimentaccion.org\/ca\/recursos-educatius\/okintzako-gozogintzako-eta-konfiteriako-unitate-didaktikoa\/#primaryimage"},"image":{"@id":"https:\/\/redalimentaccion.org\/ca\/recursos-educatius\/okintzako-gozogintzako-eta-konfiteriako-unitate-didaktikoa\/#primaryimage"},"thumbnailUrl":"https:\/\/redalimentaccion.org\/wp-content\/uploads\/2023\/10\/Okintza_GM.jpg","datePublished":"2024-01-22T14:21:07+00:00","dateModified":"2024-01-22T14:22:14+00:00","description":"Ikasi ogi kontzientea eta jasangarria egiten okintza jasangarri, zuzen eta osasungarriari buruzko unitate didaktikoarekin. Ezagutu praktika berriak.","breadcrumb":{"@id":"https:\/\/redalimentaccion.org\/ca\/recursos-educatius\/okintzako-gozogintzako-eta-konfiteriako-unitate-didaktikoa\/#breadcrumb"},"inLanguage":"ca","potentialAction":[{"@type":"ReadAction","target":["https:\/\/redalimentaccion.org\/ca\/recursos-educatius\/okintzako-gozogintzako-eta-konfiteriako-unitate-didaktikoa\/"]}]},{"@type":"ImageObject","inLanguage":"ca","@id":"https:\/\/redalimentaccion.org\/ca\/recursos-educatius\/okintzako-gozogintzako-eta-konfiteriako-unitate-didaktikoa\/#primaryimage","url":"https:\/\/redalimentaccion.org\/wp-content\/uploads\/2023\/10\/Okintza_GM.jpg","contentUrl":"https:\/\/redalimentaccion.org\/wp-content\/uploads\/2023\/10\/Okintza_GM.jpg","width":1545,"height":845},{"@type":"BreadcrumbList","@id":"https:\/\/redalimentaccion.org\/ca\/recursos-educatius\/okintzako-gozogintzako-eta-konfiteriako-unitate-didaktikoa\/#breadcrumb","itemListElement":[{"@type":"ListItem","position":1,"name":"Inicio","item":"https:\/\/redalimentaccion.org\/ca\/"},{"@type":"ListItem","position":2,"name":"Recursos educativos","item":"https:\/\/redalimentaccion.org\/recurso-educativo\/"},{"@type":"ListItem","position":3,"name":"Formaci\u00f3n Profesional","item":"https:\/\/redalimentaccion.org\/etapa-educativa\/formacion-profesional\/"},{"@type":"ListItem","position":4,"name":"Okintzako, gogozintzako eta konfiteriako Erdi Mailako Ziklorako Unitate Didaktikoa"}]},{"@type":"WebSite","@id":"https:\/\/redalimentaccion.org\/#website","url":"https:\/\/redalimentaccion.org\/","name":"Red Alimentacci\u00f3n","description":"Red Alimentacci\u00f3n trabaja junto al sector educativo en la transformaci\u00f3n hacia un sistema alimentario saludable, justo, accesible y sostenible.","publisher":{"@id":"https:\/\/redalimentaccion.org\/#organization"},"alternateName":"Alimentacci\u00f3n","potentialAction":[{"@type":"SearchAction","target":{"@type":"EntryPoint","urlTemplate":"https:\/\/redalimentaccion.org\/?s={search_term_string}"},"query-input":{"@type":"PropertyValueSpecification","valueRequired":true,"valueName":"search_term_string"}}],"inLanguage":"ca"},{"@type":"Organization","@id":"https:\/\/redalimentaccion.org\/#organization","name":"Red Alimentacci\u00f3n","url":"https:\/\/redalimentaccion.org\/","logo":{"@type":"ImageObject","inLanguage":"ca","@id":"https:\/\/redalimentaccion.org\/#\/schema\/logo\/image\/","url":"https:\/\/redalimentaccion.org\/wp-content\/uploads\/2023\/07\/Logo_alimentaccion.png","contentUrl":"https:\/\/redalimentaccion.org\/wp-content\/uploads\/2023\/07\/Logo_alimentaccion.png","width":835,"height":364,"caption":"Red Alimentacci\u00f3n"},"image":{"@id":"https:\/\/redalimentaccion.org\/#\/schema\/logo\/image\/"}}]}},"toolset-meta":{"campos-de-recursos-educativos":[]},"_links":{"self":[{"href":"https:\/\/redalimentaccion.org\/ca\/wp-json\/wp\/v2\/recurso-educativo\/3842","targetHints":{"allow":["GET"]}}],"collection":[{"href":"https:\/\/redalimentaccion.org\/ca\/wp-json\/wp\/v2\/recurso-educativo"}],"about":[{"href":"https:\/\/redalimentaccion.org\/ca\/wp-json\/wp\/v2\/types\/recurso-educativo"}],"replies":[{"embeddable":true,"href":"https:\/\/redalimentaccion.org\/ca\/wp-json\/wp\/v2\/comments?post=3842"}],"wp:featuredmedia":[{"embeddable":true,"href":"https:\/\/redalimentaccion.org\/ca\/wp-json\/wp\/v2\/media\/3782"}],"wp:attachment":[{"href":"https:\/\/redalimentaccion.org\/ca\/wp-json\/wp\/v2\/media?parent=3842"}],"wp:term":[{"taxonomy":"etapa-educativa","embeddable":true,"href":"https:\/\/redalimentaccion.org\/ca\/wp-json\/wp\/v2\/etapa-educativa?post=3842"},{"taxonomy":"tipo-de-recurso","embeddable":true,"href":"https:\/\/redalimentaccion.org\/ca\/wp-json\/wp\/v2\/tipo-de-recurso?post=3842"},{"taxonomy":"etiqueta","embeddable":true,"href":"https:\/\/redalimentaccion.org\/ca\/wp-json\/wp\/v2\/etiqueta?post=3842"},{"taxonomy":"idioma","embeddable":true,"href":"https:\/\/redalimentaccion.org\/ca\/wp-json\/wp\/v2\/idioma?post=3842"},{"taxonomy":"familia-profesional","embeddable":true,"href":"https:\/\/redalimentaccion.org\/ca\/wp-json\/wp\/v2\/familia-profesional?post=3842"}],"curies":[{"name":"wp","href":"https:\/\/api.w.org\/{rel}","templated":true}]}}