{"id":4454,"date":"2024-05-20T11:39:08","date_gmt":"2024-05-20T09:39:08","guid":{"rendered":"https:\/\/redalimentaccion.org\/?post_type=recurso-educativo&#038;p=4454"},"modified":"2024-08-12T10:26:37","modified_gmt":"2024-08-12T08:26:37","slug":"caixa-deines-per-a-la-fp-de-serveis-socioculturals-i-a-la-comunitat","status":"publish","type":"recurso-educativo","link":"https:\/\/redalimentaccion.org\/ca\/recursos-educatius\/caixa-deines-per-a-la-fp-de-serveis-socioculturals-i-a-la-comunitat\/","title":{"rendered":"CAIXA D&#8217;EINES PER A LA FAM\u00ccLIA PROFESSIONAL DE SERVEIS SOCIOCULTURALES I A LA COMUNITAT"},"content":{"rendered":"\n<p>Aquest kit de recursos ha estat elaborat per treballar la sobirania aliment\u00e0ria amb enfocament de desenvolupament sostenible i g\u00e8nere en cicles relacionats amb la Fam\u00edlia Professional Serveis socioculturals i la comunitat. Dins trobar\u00e0s recursos per aprofundir, kits sobre temes espec\u00edfics o experi\u00e8ncies educatives i laborals inspiradores.<\/p>\n\n\n\n<p>Mira el recurs aqu\u00ed, descarrega&#8217;l en PDF interactiu per treballar sense connexi\u00f3 o compartir o guarda l&#8217;enlla\u00e7 per mirar-lo m\u00e9s endavant.<\/p>\n\n\n\n<div style=\"width: 100%;\"><div style=\"position: relative; padding-bottom: 56.25%; padding-top: 0; height: 0;\"><iframe title=\"\u00cdNDICE KIT SSCC_cat\" frameborder=\"0\" width=\"1200\" height=\"675\" style=\"position: absolute; top: 0; left: 0; width: 100%; height: 100%;\" src=\"https:\/\/view.genially.com\/66b9b756e92d6a84e79a9911\" type=\"text\/html\" allowscriptaccess=\"always\" allowfullscreen=\"true\" scrolling=\"yes\" allownetworking=\"all\"><\/iframe> <\/div> <\/div>\n","protected":false},"featured_media":4457,"comment_status":"open","ping_status":"closed","template":"","etapa-educativa":[164,200],"tipo-de-recurso":[204,208],"etiqueta":[166,209,210,211,213,214,215,216,218],"idioma":[221],"familia-profesional":[228],"class_list":["post-4454","recurso-educativo","type-recurso-educativo","status-publish","has-post-thumbnail","hentry","etapa-educativa-formacio-professional","etapa-educativa-universitats","tipo-de-recurso-guia-docent","tipo-de-recurso-proposta-pedagogica","etiqueta-alimentacio-saludable","etiqueta-economies-transformadores","etiqueta-educacio-alimentaria","etiqueta-empreses-entitats-transformadores-iniciatives-i-experiencies","etiqueta-justicia-social-ca","etiqueta-pedagogies-transformadores","etiqueta-perspectives-feministes","etiqueta-sistemes-alimentaris","etiqueta-sostenibilitat","idioma-catala","familia-profesional-serveis-socioculturals-i-a-la-comunitat"],"yoast_head":"<!-- This site is optimized with the Yoast SEO plugin v27.5 - https:\/\/yoast.com\/product\/yoast-seo-wordpress\/ -->\n<title>CAIXA D&#039;EINES PER A LA FAM\u00ccLIA PROFESSIONAL DE SERVEIS SOCIOCULTURALES I A LA COMUNITAT | Red Alimentacci\u00f3n<\/title>\n<meta name=\"description\" content=\"Caixa d&#039;eines per treballar la sobirania aliment\u00e0ria i el dret a l&#039;alimentaci\u00f3 amb enfocament de g\u00e8nere a la FP de Serveis socioculturals ia la comunitat.\" \/>\n<meta name=\"robots\" content=\"index, follow, max-snippet:-1, max-image-preview:large, max-video-preview:-1\" \/>\n<link rel=\"canonical\" href=\"https:\/\/redalimentaccion.org\/ca\/recursos-educatius\/caixa-deines-per-a-la-fp-de-serveis-socioculturals-i-a-la-comunitat\/\" \/>\n<meta property=\"og:locale\" content=\"ca_ES\" \/>\n<meta property=\"og:type\" content=\"article\" \/>\n<meta property=\"og:title\" content=\"CAIXA D&#039;EINES PER A LA FAM\u00ccLIA PROFESSIONAL DE SERVEIS SOCIOCULTURALES I A LA COMUNITAT | Red Alimentacci\u00f3n\" \/>\n<meta property=\"og:description\" content=\"Caixa d&#039;eines per treballar la sobirania aliment\u00e0ria i el dret a l&#039;alimentaci\u00f3 amb enfocament de g\u00e8nere a la FP de Serveis socioculturals ia la comunitat.\" \/>\n<meta property=\"og:url\" content=\"https:\/\/redalimentaccion.org\/ca\/recursos-educatius\/caixa-deines-per-a-la-fp-de-serveis-socioculturals-i-a-la-comunitat\/\" \/>\n<meta property=\"og:site_name\" content=\"Red Alimentacci\u00f3n\" \/>\n<meta property=\"article:modified_time\" content=\"2024-08-12T08:26:37+00:00\" \/>\n<meta property=\"og:image\" content=\"https:\/\/redalimentaccion.org\/wp-content\/uploads\/2024\/08\/portada-kit-sscc-cat.png\" \/>\n\t<meta property=\"og:image:width\" content=\"1366\" \/>\n\t<meta property=\"og:image:height\" content=\"768\" \/>\n\t<meta property=\"og:image:type\" content=\"image\/png\" \/>\n<meta name=\"twitter:card\" content=\"summary_large_image\" \/>\n<meta name=\"twitter:label1\" content=\"Temps estimat de lectura\" \/>\n\t<meta name=\"twitter:data1\" content=\"1 minut\" \/>\n<script type=\"application\/ld+json\" class=\"yoast-schema-graph\">{\"@context\":\"https:\\\/\\\/schema.org\",\"@graph\":[{\"@type\":\"WebPage\",\"@id\":\"https:\\\/\\\/redalimentaccion.org\\\/ca\\\/recursos-educatius\\\/caixa-deines-per-a-la-fp-de-serveis-socioculturals-i-a-la-comunitat\\\/\",\"url\":\"https:\\\/\\\/redalimentaccion.org\\\/ca\\\/recursos-educatius\\\/caixa-deines-per-a-la-fp-de-serveis-socioculturals-i-a-la-comunitat\\\/\",\"name\":\"CAIXA D'EINES PER A LA FAM\u00ccLIA PROFESSIONAL DE SERVEIS SOCIOCULTURALES I A LA COMUNITAT | Red Alimentacci\u00f3n\",\"isPartOf\":{\"@id\":\"https:\\\/\\\/redalimentaccion.org\\\/#website\"},\"primaryImageOfPage\":{\"@id\":\"https:\\\/\\\/redalimentaccion.org\\\/ca\\\/recursos-educatius\\\/caixa-deines-per-a-la-fp-de-serveis-socioculturals-i-a-la-comunitat\\\/#primaryimage\"},\"image\":{\"@id\":\"https:\\\/\\\/redalimentaccion.org\\\/ca\\\/recursos-educatius\\\/caixa-deines-per-a-la-fp-de-serveis-socioculturals-i-a-la-comunitat\\\/#primaryimage\"},\"thumbnailUrl\":\"https:\\\/\\\/redalimentaccion.org\\\/wp-content\\\/uploads\\\/2024\\\/08\\\/portada-kit-sscc-cat.png\",\"datePublished\":\"2024-05-20T09:39:08+00:00\",\"dateModified\":\"2024-08-12T08:26:37+00:00\",\"description\":\"Caixa d'eines per treballar la sobirania aliment\u00e0ria i el dret a l'alimentaci\u00f3 amb enfocament de g\u00e8nere a la FP de Serveis socioculturals ia la comunitat.\",\"breadcrumb\":{\"@id\":\"https:\\\/\\\/redalimentaccion.org\\\/ca\\\/recursos-educatius\\\/caixa-deines-per-a-la-fp-de-serveis-socioculturals-i-a-la-comunitat\\\/#breadcrumb\"},\"inLanguage\":\"ca\",\"potentialAction\":[{\"@type\":\"ReadAction\",\"target\":[\"https:\\\/\\\/redalimentaccion.org\\\/ca\\\/recursos-educatius\\\/caixa-deines-per-a-la-fp-de-serveis-socioculturals-i-a-la-comunitat\\\/\"]}]},{\"@type\":\"ImageObject\",\"inLanguage\":\"ca\",\"@id\":\"https:\\\/\\\/redalimentaccion.org\\\/ca\\\/recursos-educatius\\\/caixa-deines-per-a-la-fp-de-serveis-socioculturals-i-a-la-comunitat\\\/#primaryimage\",\"url\":\"https:\\\/\\\/redalimentaccion.org\\\/wp-content\\\/uploads\\\/2024\\\/08\\\/portada-kit-sscc-cat.png\",\"contentUrl\":\"https:\\\/\\\/redalimentaccion.org\\\/wp-content\\\/uploads\\\/2024\\\/08\\\/portada-kit-sscc-cat.png\",\"width\":1366,\"height\":768,\"caption\":\"portada kit sscc cat\"},{\"@type\":\"BreadcrumbList\",\"@id\":\"https:\\\/\\\/redalimentaccion.org\\\/ca\\\/recursos-educatius\\\/caixa-deines-per-a-la-fp-de-serveis-socioculturals-i-a-la-comunitat\\\/#breadcrumb\",\"itemListElement\":[{\"@type\":\"ListItem\",\"position\":1,\"name\":\"Inicio\",\"item\":\"https:\\\/\\\/redalimentaccion.org\\\/ca\\\/\"},{\"@type\":\"ListItem\",\"position\":2,\"name\":\"Recursos educativos\",\"item\":\"https:\\\/\\\/redalimentaccion.org\\\/recurso-educativo\\\/\"},{\"@type\":\"ListItem\",\"position\":3,\"name\":\"Formaci\u00f3 professional\u202f\",\"item\":\"https:\\\/\\\/redalimentaccion.org\\\/ca\\\/etapa-educativa\\\/formacio-professional\\\/\"},{\"@type\":\"ListItem\",\"position\":4,\"name\":\"CAIXA D&#8217;EINES PER A LA FAM\u00ccLIA PROFESSIONAL DE SERVEIS SOCIOCULTURALES I A LA COMUNITAT\"}]},{\"@type\":\"WebSite\",\"@id\":\"https:\\\/\\\/redalimentaccion.org\\\/#website\",\"url\":\"https:\\\/\\\/redalimentaccion.org\\\/\",\"name\":\"Red Alimentacci\u00f3n\",\"description\":\"Red Alimentacci\u00f3n trabaja junto al sector educativo en la transformaci\u00f3n hacia un sistema alimentario saludable, justo, accesible y sostenible.\",\"publisher\":{\"@id\":\"https:\\\/\\\/redalimentaccion.org\\\/#organization\"},\"alternateName\":\"Alimentacci\u00f3n\",\"potentialAction\":[{\"@type\":\"SearchAction\",\"target\":{\"@type\":\"EntryPoint\",\"urlTemplate\":\"https:\\\/\\\/redalimentaccion.org\\\/?s={search_term_string}\"},\"query-input\":{\"@type\":\"PropertyValueSpecification\",\"valueRequired\":true,\"valueName\":\"search_term_string\"}}],\"inLanguage\":\"ca\"},{\"@type\":\"Organization\",\"@id\":\"https:\\\/\\\/redalimentaccion.org\\\/#organization\",\"name\":\"Red Alimentacci\u00f3n\",\"url\":\"https:\\\/\\\/redalimentaccion.org\\\/\",\"logo\":{\"@type\":\"ImageObject\",\"inLanguage\":\"ca\",\"@id\":\"https:\\\/\\\/redalimentaccion.org\\\/#\\\/schema\\\/logo\\\/image\\\/\",\"url\":\"https:\\\/\\\/redalimentaccion.org\\\/wp-content\\\/uploads\\\/2023\\\/07\\\/Logo_alimentaccion.png\",\"contentUrl\":\"https:\\\/\\\/redalimentaccion.org\\\/wp-content\\\/uploads\\\/2023\\\/07\\\/Logo_alimentaccion.png\",\"width\":835,\"height\":364,\"caption\":\"Red Alimentacci\u00f3n\"},\"image\":{\"@id\":\"https:\\\/\\\/redalimentaccion.org\\\/#\\\/schema\\\/logo\\\/image\\\/\"}}]}<\/script>\n<!-- \/ Yoast SEO plugin. -->","yoast_head_json":{"title":"CAIXA D'EINES PER A LA FAM\u00ccLIA PROFESSIONAL DE SERVEIS SOCIOCULTURALES I A LA COMUNITAT | Red Alimentacci\u00f3n","description":"Caixa d'eines per treballar la sobirania aliment\u00e0ria i el dret a l'alimentaci\u00f3 amb enfocament de g\u00e8nere a la FP de Serveis socioculturals ia la comunitat.","robots":{"index":"index","follow":"follow","max-snippet":"max-snippet:-1","max-image-preview":"max-image-preview:large","max-video-preview":"max-video-preview:-1"},"canonical":"https:\/\/redalimentaccion.org\/ca\/recursos-educatius\/caixa-deines-per-a-la-fp-de-serveis-socioculturals-i-a-la-comunitat\/","og_locale":"ca_ES","og_type":"article","og_title":"CAIXA D'EINES PER A LA FAM\u00ccLIA PROFESSIONAL DE SERVEIS SOCIOCULTURALES I A LA COMUNITAT | Red Alimentacci\u00f3n","og_description":"Caixa d'eines per treballar la sobirania aliment\u00e0ria i el dret a l'alimentaci\u00f3 amb enfocament de g\u00e8nere a la FP de Serveis socioculturals ia la comunitat.","og_url":"https:\/\/redalimentaccion.org\/ca\/recursos-educatius\/caixa-deines-per-a-la-fp-de-serveis-socioculturals-i-a-la-comunitat\/","og_site_name":"Red Alimentacci\u00f3n","article_modified_time":"2024-08-12T08:26:37+00:00","og_image":[{"width":1366,"height":768,"url":"https:\/\/redalimentaccion.org\/wp-content\/uploads\/2024\/08\/portada-kit-sscc-cat.png","type":"image\/png"}],"twitter_card":"summary_large_image","twitter_misc":{"Temps estimat de lectura":"1 minut"},"schema":{"@context":"https:\/\/schema.org","@graph":[{"@type":"WebPage","@id":"https:\/\/redalimentaccion.org\/ca\/recursos-educatius\/caixa-deines-per-a-la-fp-de-serveis-socioculturals-i-a-la-comunitat\/","url":"https:\/\/redalimentaccion.org\/ca\/recursos-educatius\/caixa-deines-per-a-la-fp-de-serveis-socioculturals-i-a-la-comunitat\/","name":"CAIXA D'EINES PER A LA FAM\u00ccLIA PROFESSIONAL DE SERVEIS SOCIOCULTURALES I A LA COMUNITAT | Red Alimentacci\u00f3n","isPartOf":{"@id":"https:\/\/redalimentaccion.org\/#website"},"primaryImageOfPage":{"@id":"https:\/\/redalimentaccion.org\/ca\/recursos-educatius\/caixa-deines-per-a-la-fp-de-serveis-socioculturals-i-a-la-comunitat\/#primaryimage"},"image":{"@id":"https:\/\/redalimentaccion.org\/ca\/recursos-educatius\/caixa-deines-per-a-la-fp-de-serveis-socioculturals-i-a-la-comunitat\/#primaryimage"},"thumbnailUrl":"https:\/\/redalimentaccion.org\/wp-content\/uploads\/2024\/08\/portada-kit-sscc-cat.png","datePublished":"2024-05-20T09:39:08+00:00","dateModified":"2024-08-12T08:26:37+00:00","description":"Caixa d'eines per treballar la sobirania aliment\u00e0ria i el dret a l'alimentaci\u00f3 amb enfocament de g\u00e8nere a la FP de Serveis socioculturals ia la comunitat.","breadcrumb":{"@id":"https:\/\/redalimentaccion.org\/ca\/recursos-educatius\/caixa-deines-per-a-la-fp-de-serveis-socioculturals-i-a-la-comunitat\/#breadcrumb"},"inLanguage":"ca","potentialAction":[{"@type":"ReadAction","target":["https:\/\/redalimentaccion.org\/ca\/recursos-educatius\/caixa-deines-per-a-la-fp-de-serveis-socioculturals-i-a-la-comunitat\/"]}]},{"@type":"ImageObject","inLanguage":"ca","@id":"https:\/\/redalimentaccion.org\/ca\/recursos-educatius\/caixa-deines-per-a-la-fp-de-serveis-socioculturals-i-a-la-comunitat\/#primaryimage","url":"https:\/\/redalimentaccion.org\/wp-content\/uploads\/2024\/08\/portada-kit-sscc-cat.png","contentUrl":"https:\/\/redalimentaccion.org\/wp-content\/uploads\/2024\/08\/portada-kit-sscc-cat.png","width":1366,"height":768,"caption":"portada kit sscc cat"},{"@type":"BreadcrumbList","@id":"https:\/\/redalimentaccion.org\/ca\/recursos-educatius\/caixa-deines-per-a-la-fp-de-serveis-socioculturals-i-a-la-comunitat\/#breadcrumb","itemListElement":[{"@type":"ListItem","position":1,"name":"Inicio","item":"https:\/\/redalimentaccion.org\/ca\/"},{"@type":"ListItem","position":2,"name":"Recursos educativos","item":"https:\/\/redalimentaccion.org\/recurso-educativo\/"},{"@type":"ListItem","position":3,"name":"Formaci\u00f3 professional\u202f","item":"https:\/\/redalimentaccion.org\/ca\/etapa-educativa\/formacio-professional\/"},{"@type":"ListItem","position":4,"name":"CAIXA D&#8217;EINES PER A LA FAM\u00ccLIA PROFESSIONAL DE SERVEIS SOCIOCULTURALES I A LA COMUNITAT"}]},{"@type":"WebSite","@id":"https:\/\/redalimentaccion.org\/#website","url":"https:\/\/redalimentaccion.org\/","name":"Red Alimentacci\u00f3n","description":"Red Alimentacci\u00f3n trabaja junto al sector educativo en la transformaci\u00f3n hacia un sistema alimentario saludable, justo, accesible y sostenible.","publisher":{"@id":"https:\/\/redalimentaccion.org\/#organization"},"alternateName":"Alimentacci\u00f3n","potentialAction":[{"@type":"SearchAction","target":{"@type":"EntryPoint","urlTemplate":"https:\/\/redalimentaccion.org\/?s={search_term_string}"},"query-input":{"@type":"PropertyValueSpecification","valueRequired":true,"valueName":"search_term_string"}}],"inLanguage":"ca"},{"@type":"Organization","@id":"https:\/\/redalimentaccion.org\/#organization","name":"Red Alimentacci\u00f3n","url":"https:\/\/redalimentaccion.org\/","logo":{"@type":"ImageObject","inLanguage":"ca","@id":"https:\/\/redalimentaccion.org\/#\/schema\/logo\/image\/","url":"https:\/\/redalimentaccion.org\/wp-content\/uploads\/2023\/07\/Logo_alimentaccion.png","contentUrl":"https:\/\/redalimentaccion.org\/wp-content\/uploads\/2023\/07\/Logo_alimentaccion.png","width":835,"height":364,"caption":"Red Alimentacci\u00f3n"},"image":{"@id":"https:\/\/redalimentaccion.org\/#\/schema\/logo\/image\/"}}]}},"toolset-meta":{"campos-de-recursos-educativos":[]},"_links":{"self":[{"href":"https:\/\/redalimentaccion.org\/ca\/wp-json\/wp\/v2\/recurso-educativo\/4454","targetHints":{"allow":["GET"]}}],"collection":[{"href":"https:\/\/redalimentaccion.org\/ca\/wp-json\/wp\/v2\/recurso-educativo"}],"about":[{"href":"https:\/\/redalimentaccion.org\/ca\/wp-json\/wp\/v2\/types\/recurso-educativo"}],"replies":[{"embeddable":true,"href":"https:\/\/redalimentaccion.org\/ca\/wp-json\/wp\/v2\/comments?post=4454"}],"wp:featuredmedia":[{"embeddable":true,"href":"https:\/\/redalimentaccion.org\/ca\/wp-json\/wp\/v2\/media\/4457"}],"wp:attachment":[{"href":"https:\/\/redalimentaccion.org\/ca\/wp-json\/wp\/v2\/media?parent=4454"}],"wp:term":[{"taxonomy":"etapa-educativa","embeddable":true,"href":"https:\/\/redalimentaccion.org\/ca\/wp-json\/wp\/v2\/etapa-educativa?post=4454"},{"taxonomy":"tipo-de-recurso","embeddable":true,"href":"https:\/\/redalimentaccion.org\/ca\/wp-json\/wp\/v2\/tipo-de-recurso?post=4454"},{"taxonomy":"etiqueta","embeddable":true,"href":"https:\/\/redalimentaccion.org\/ca\/wp-json\/wp\/v2\/etiqueta?post=4454"},{"taxonomy":"idioma","embeddable":true,"href":"https:\/\/redalimentaccion.org\/ca\/wp-json\/wp\/v2\/idioma?post=4454"},{"taxonomy":"familia-profesional","embeddable":true,"href":"https:\/\/redalimentaccion.org\/ca\/wp-json\/wp\/v2\/familia-profesional?post=4454"}],"curies":[{"name":"wp","href":"https:\/\/api.w.org\/{rel}","templated":true}]}}