{"id":4490,"date":"2024-09-05T13:33:35","date_gmt":"2024-09-05T11:33:35","guid":{"rendered":"https:\/\/redalimentaccion.org\/?post_type=recurso-educativo&#038;p=4490"},"modified":"2024-09-05T13:35:31","modified_gmt":"2024-09-05T11:35:31","slug":"experiencia-fp-agraria-agroecologia","status":"publish","type":"recurso-educativo","link":"https:\/\/redalimentaccion.org\/ca\/recursos-educatius\/experiencia-fp-agraria-agroecologia\/","title":{"rendered":"Experiencia FP Agraria en el CM de Agroecolog\u00eda"},"content":{"rendered":"\n<p>Elisa, docente del Ciclo Medio de Producci\u00f3n Agroecol\u00f3gica del IES Les Salines, nos cuenta c\u00f3mo han transitado la experiencia de conformar una cooperativa agroecol\u00f3gica para &#8220;comercializar&#8221; las verduras agroecol\u00f3gicas que cultivan lxs estudiantes en los campos donde se realizan las pr\u00e1cticas del ciclo formativo. <\/p>\n\n\n\n<iframe width=\"560\" height=\"315\" src=\"https:\/\/www.youtube.com\/embed\/IiS1apgzcK4?si=BgWXv-6IRvTQ1j4T\" title=\"YouTube video player\" frameborder=\"0\" allow=\"accelerometer; autoplay; clipboard-write; encrypted-media; gyroscope; picture-in-picture; web-share\" referrerpolicy=\"strict-origin-when-cross-origin\" allowfullscreen><\/iframe>\n","protected":false},"featured_media":4492,"comment_status":"open","ping_status":"closed","template":"","etapa-educativa":[14],"tipo-de-recurso":[18],"etiqueta":[29,24,31,30,55],"idioma":[34],"familia-profesional":[62,69],"class_list":["post-4490","recurso-educativo","type-recurso-educativo","status-publish","has-post-thumbnail","hentry","etapa-educativa-formacion-profesional","tipo-de-recurso-propuesta-pedagogica","etiqueta-economias-transformadoras","etiqueta-empresas-entidades-transformadoras-iniciativas-y-experiencias","etiqueta-huertos-pedagogicos","etiqueta-pedagogias-transformadoras","etiqueta-sistemas-alimentarios-sostenibles","idioma-castellano","familia-profesional-agraria","familia-profesional-fol-y-eie"],"yoast_head":"<!-- This site is optimized with the Yoast SEO plugin v27.5 - https:\/\/yoast.com\/product\/yoast-seo-wordpress\/ -->\n<title>Experiencia FP Agraria en el CM de Agroecolog\u00eda | Red Alimentacci\u00f3n<\/title>\n<meta name=\"description\" content=\"Elisa, docente del CM de Producci\u00f3n Agroecol\u00f3gica del IES Les Salines nos cuenta la experiencia de conformaci\u00f3n de la cooperativa agroecol\u00f3gica en el centro educativo.\" \/>\n<meta name=\"robots\" content=\"index, follow, max-snippet:-1, max-image-preview:large, max-video-preview:-1\" \/>\n<link rel=\"canonical\" href=\"https:\/\/redalimentaccion.org\/recurso-educativo\/experiencia-fp-agraria-agroecologia\/\" \/>\n<meta property=\"og:locale\" content=\"ca_ES\" \/>\n<meta property=\"og:type\" content=\"article\" \/>\n<meta property=\"og:title\" content=\"Experiencia FP Agraria en el CM de Agroecolog\u00eda | Red Alimentacci\u00f3n\" \/>\n<meta property=\"og:description\" content=\"Elisa, docente del CM de Producci\u00f3n Agroecol\u00f3gica del IES Les Salines nos cuenta la experiencia de conformaci\u00f3n de la cooperativa agroecol\u00f3gica en el centro educativo.\" \/>\n<meta property=\"og:url\" content=\"https:\/\/redalimentaccion.org\/recurso-educativo\/experiencia-fp-agraria-agroecologia\/\" \/>\n<meta property=\"og:site_name\" content=\"Red Alimentacci\u00f3n\" \/>\n<meta property=\"article:modified_time\" content=\"2024-09-05T11:35:31+00:00\" \/>\n<meta property=\"og:image\" content=\"https:\/\/redalimentaccion.org\/wp-content\/uploads\/2024\/09\/ies-les-salines.png\" \/>\n\t<meta property=\"og:image:width\" content=\"945\" \/>\n\t<meta property=\"og:image:height\" content=\"611\" \/>\n\t<meta property=\"og:image:type\" content=\"image\/png\" \/>\n<meta name=\"twitter:card\" content=\"summary_large_image\" \/>\n<meta name=\"twitter:label1\" content=\"Temps estimat de lectura\" \/>\n\t<meta name=\"twitter:data1\" content=\"1 minut\" \/>\n<script type=\"application\/ld+json\" class=\"yoast-schema-graph\">{\"@context\":\"https:\\\/\\\/schema.org\",\"@graph\":[{\"@type\":\"WebPage\",\"@id\":\"https:\\\/\\\/redalimentaccion.org\\\/recurso-educativo\\\/experiencia-fp-agraria-agroecologia\\\/\",\"url\":\"https:\\\/\\\/redalimentaccion.org\\\/recurso-educativo\\\/experiencia-fp-agraria-agroecologia\\\/\",\"name\":\"Experiencia FP Agraria en el CM de Agroecolog\u00eda | Red Alimentacci\u00f3n\",\"isPartOf\":{\"@id\":\"https:\\\/\\\/redalimentaccion.org\\\/#website\"},\"primaryImageOfPage\":{\"@id\":\"https:\\\/\\\/redalimentaccion.org\\\/recurso-educativo\\\/experiencia-fp-agraria-agroecologia\\\/#primaryimage\"},\"image\":{\"@id\":\"https:\\\/\\\/redalimentaccion.org\\\/recurso-educativo\\\/experiencia-fp-agraria-agroecologia\\\/#primaryimage\"},\"thumbnailUrl\":\"https:\\\/\\\/redalimentaccion.org\\\/wp-content\\\/uploads\\\/2024\\\/09\\\/ies-les-salines.png\",\"datePublished\":\"2024-09-05T11:33:35+00:00\",\"dateModified\":\"2024-09-05T11:35:31+00:00\",\"description\":\"Elisa, docente del CM de Producci\u00f3n Agroecol\u00f3gica del IES Les Salines nos cuenta la experiencia de conformaci\u00f3n de la cooperativa agroecol\u00f3gica en el centro educativo.\",\"breadcrumb\":{\"@id\":\"https:\\\/\\\/redalimentaccion.org\\\/recurso-educativo\\\/experiencia-fp-agraria-agroecologia\\\/#breadcrumb\"},\"inLanguage\":\"ca\",\"potentialAction\":[{\"@type\":\"ReadAction\",\"target\":[\"https:\\\/\\\/redalimentaccion.org\\\/recurso-educativo\\\/experiencia-fp-agraria-agroecologia\\\/\"]}]},{\"@type\":\"ImageObject\",\"inLanguage\":\"ca\",\"@id\":\"https:\\\/\\\/redalimentaccion.org\\\/recurso-educativo\\\/experiencia-fp-agraria-agroecologia\\\/#primaryimage\",\"url\":\"https:\\\/\\\/redalimentaccion.org\\\/wp-content\\\/uploads\\\/2024\\\/09\\\/ies-les-salines.png\",\"contentUrl\":\"https:\\\/\\\/redalimentaccion.org\\\/wp-content\\\/uploads\\\/2024\\\/09\\\/ies-les-salines.png\",\"width\":945,\"height\":611,\"caption\":\"Imagen para la entrevista de Elisa en el Encuentro de Madrid\"},{\"@type\":\"BreadcrumbList\",\"@id\":\"https:\\\/\\\/redalimentaccion.org\\\/recurso-educativo\\\/experiencia-fp-agraria-agroecologia\\\/#breadcrumb\",\"itemListElement\":[{\"@type\":\"ListItem\",\"position\":1,\"name\":\"Inicio\",\"item\":\"https:\\\/\\\/redalimentaccion.org\\\/ca\\\/\"},{\"@type\":\"ListItem\",\"position\":2,\"name\":\"Recursos educativos\",\"item\":\"https:\\\/\\\/redalimentaccion.org\\\/recurso-educativo\\\/\"},{\"@type\":\"ListItem\",\"position\":3,\"name\":\"Formaci\u00f3n Profesional\",\"item\":\"https:\\\/\\\/redalimentaccion.org\\\/etapa-educativa\\\/formacion-profesional\\\/\"},{\"@type\":\"ListItem\",\"position\":4,\"name\":\"Experiencia FP Agraria en el CM de Agroecolog\u00eda\"}]},{\"@type\":\"WebSite\",\"@id\":\"https:\\\/\\\/redalimentaccion.org\\\/#website\",\"url\":\"https:\\\/\\\/redalimentaccion.org\\\/\",\"name\":\"Red Alimentacci\u00f3n\",\"description\":\"Red Alimentacci\u00f3n trabaja junto al sector educativo en la transformaci\u00f3n hacia un sistema alimentario saludable, justo, accesible y sostenible.\",\"publisher\":{\"@id\":\"https:\\\/\\\/redalimentaccion.org\\\/#organization\"},\"alternateName\":\"Alimentacci\u00f3n\",\"potentialAction\":[{\"@type\":\"SearchAction\",\"target\":{\"@type\":\"EntryPoint\",\"urlTemplate\":\"https:\\\/\\\/redalimentaccion.org\\\/?s={search_term_string}\"},\"query-input\":{\"@type\":\"PropertyValueSpecification\",\"valueRequired\":true,\"valueName\":\"search_term_string\"}}],\"inLanguage\":\"ca\"},{\"@type\":\"Organization\",\"@id\":\"https:\\\/\\\/redalimentaccion.org\\\/#organization\",\"name\":\"Red Alimentacci\u00f3n\",\"url\":\"https:\\\/\\\/redalimentaccion.org\\\/\",\"logo\":{\"@type\":\"ImageObject\",\"inLanguage\":\"ca\",\"@id\":\"https:\\\/\\\/redalimentaccion.org\\\/#\\\/schema\\\/logo\\\/image\\\/\",\"url\":\"https:\\\/\\\/redalimentaccion.org\\\/wp-content\\\/uploads\\\/2023\\\/07\\\/Logo_alimentaccion.png\",\"contentUrl\":\"https:\\\/\\\/redalimentaccion.org\\\/wp-content\\\/uploads\\\/2023\\\/07\\\/Logo_alimentaccion.png\",\"width\":835,\"height\":364,\"caption\":\"Red Alimentacci\u00f3n\"},\"image\":{\"@id\":\"https:\\\/\\\/redalimentaccion.org\\\/#\\\/schema\\\/logo\\\/image\\\/\"}}]}<\/script>\n<!-- \/ Yoast SEO plugin. -->","yoast_head_json":{"title":"Experiencia FP Agraria en el CM de Agroecolog\u00eda | Red Alimentacci\u00f3n","description":"Elisa, docente del CM de Producci\u00f3n Agroecol\u00f3gica del IES Les Salines nos cuenta la experiencia de conformaci\u00f3n de la cooperativa agroecol\u00f3gica en el centro educativo.","robots":{"index":"index","follow":"follow","max-snippet":"max-snippet:-1","max-image-preview":"max-image-preview:large","max-video-preview":"max-video-preview:-1"},"canonical":"https:\/\/redalimentaccion.org\/recurso-educativo\/experiencia-fp-agraria-agroecologia\/","og_locale":"ca_ES","og_type":"article","og_title":"Experiencia FP Agraria en el CM de Agroecolog\u00eda | Red Alimentacci\u00f3n","og_description":"Elisa, docente del CM de Producci\u00f3n Agroecol\u00f3gica del IES Les Salines nos cuenta la experiencia de conformaci\u00f3n de la cooperativa agroecol\u00f3gica en el centro educativo.","og_url":"https:\/\/redalimentaccion.org\/recurso-educativo\/experiencia-fp-agraria-agroecologia\/","og_site_name":"Red Alimentacci\u00f3n","article_modified_time":"2024-09-05T11:35:31+00:00","og_image":[{"width":945,"height":611,"url":"https:\/\/redalimentaccion.org\/wp-content\/uploads\/2024\/09\/ies-les-salines.png","type":"image\/png"}],"twitter_card":"summary_large_image","twitter_misc":{"Temps estimat de lectura":"1 minut"},"schema":{"@context":"https:\/\/schema.org","@graph":[{"@type":"WebPage","@id":"https:\/\/redalimentaccion.org\/recurso-educativo\/experiencia-fp-agraria-agroecologia\/","url":"https:\/\/redalimentaccion.org\/recurso-educativo\/experiencia-fp-agraria-agroecologia\/","name":"Experiencia FP Agraria en el CM de Agroecolog\u00eda | Red Alimentacci\u00f3n","isPartOf":{"@id":"https:\/\/redalimentaccion.org\/#website"},"primaryImageOfPage":{"@id":"https:\/\/redalimentaccion.org\/recurso-educativo\/experiencia-fp-agraria-agroecologia\/#primaryimage"},"image":{"@id":"https:\/\/redalimentaccion.org\/recurso-educativo\/experiencia-fp-agraria-agroecologia\/#primaryimage"},"thumbnailUrl":"https:\/\/redalimentaccion.org\/wp-content\/uploads\/2024\/09\/ies-les-salines.png","datePublished":"2024-09-05T11:33:35+00:00","dateModified":"2024-09-05T11:35:31+00:00","description":"Elisa, docente del CM de Producci\u00f3n Agroecol\u00f3gica del IES Les Salines nos cuenta la experiencia de conformaci\u00f3n de la cooperativa agroecol\u00f3gica en el centro educativo.","breadcrumb":{"@id":"https:\/\/redalimentaccion.org\/recurso-educativo\/experiencia-fp-agraria-agroecologia\/#breadcrumb"},"inLanguage":"ca","potentialAction":[{"@type":"ReadAction","target":["https:\/\/redalimentaccion.org\/recurso-educativo\/experiencia-fp-agraria-agroecologia\/"]}]},{"@type":"ImageObject","inLanguage":"ca","@id":"https:\/\/redalimentaccion.org\/recurso-educativo\/experiencia-fp-agraria-agroecologia\/#primaryimage","url":"https:\/\/redalimentaccion.org\/wp-content\/uploads\/2024\/09\/ies-les-salines.png","contentUrl":"https:\/\/redalimentaccion.org\/wp-content\/uploads\/2024\/09\/ies-les-salines.png","width":945,"height":611,"caption":"Imagen para la entrevista de Elisa en el Encuentro de Madrid"},{"@type":"BreadcrumbList","@id":"https:\/\/redalimentaccion.org\/recurso-educativo\/experiencia-fp-agraria-agroecologia\/#breadcrumb","itemListElement":[{"@type":"ListItem","position":1,"name":"Inicio","item":"https:\/\/redalimentaccion.org\/ca\/"},{"@type":"ListItem","position":2,"name":"Recursos educativos","item":"https:\/\/redalimentaccion.org\/recurso-educativo\/"},{"@type":"ListItem","position":3,"name":"Formaci\u00f3n Profesional","item":"https:\/\/redalimentaccion.org\/etapa-educativa\/formacion-profesional\/"},{"@type":"ListItem","position":4,"name":"Experiencia FP Agraria en el CM de Agroecolog\u00eda"}]},{"@type":"WebSite","@id":"https:\/\/redalimentaccion.org\/#website","url":"https:\/\/redalimentaccion.org\/","name":"Red Alimentacci\u00f3n","description":"Red Alimentacci\u00f3n trabaja junto al sector educativo en la transformaci\u00f3n hacia un sistema alimentario saludable, justo, accesible y sostenible.","publisher":{"@id":"https:\/\/redalimentaccion.org\/#organization"},"alternateName":"Alimentacci\u00f3n","potentialAction":[{"@type":"SearchAction","target":{"@type":"EntryPoint","urlTemplate":"https:\/\/redalimentaccion.org\/?s={search_term_string}"},"query-input":{"@type":"PropertyValueSpecification","valueRequired":true,"valueName":"search_term_string"}}],"inLanguage":"ca"},{"@type":"Organization","@id":"https:\/\/redalimentaccion.org\/#organization","name":"Red Alimentacci\u00f3n","url":"https:\/\/redalimentaccion.org\/","logo":{"@type":"ImageObject","inLanguage":"ca","@id":"https:\/\/redalimentaccion.org\/#\/schema\/logo\/image\/","url":"https:\/\/redalimentaccion.org\/wp-content\/uploads\/2023\/07\/Logo_alimentaccion.png","contentUrl":"https:\/\/redalimentaccion.org\/wp-content\/uploads\/2023\/07\/Logo_alimentaccion.png","width":835,"height":364,"caption":"Red Alimentacci\u00f3n"},"image":{"@id":"https:\/\/redalimentaccion.org\/#\/schema\/logo\/image\/"}}]}},"toolset-meta":{"campos-de-recursos-educativos":[]},"_links":{"self":[{"href":"https:\/\/redalimentaccion.org\/ca\/wp-json\/wp\/v2\/recurso-educativo\/4490","targetHints":{"allow":["GET"]}}],"collection":[{"href":"https:\/\/redalimentaccion.org\/ca\/wp-json\/wp\/v2\/recurso-educativo"}],"about":[{"href":"https:\/\/redalimentaccion.org\/ca\/wp-json\/wp\/v2\/types\/recurso-educativo"}],"replies":[{"embeddable":true,"href":"https:\/\/redalimentaccion.org\/ca\/wp-json\/wp\/v2\/comments?post=4490"}],"wp:featuredmedia":[{"embeddable":true,"href":"https:\/\/redalimentaccion.org\/ca\/wp-json\/wp\/v2\/media\/4492"}],"wp:attachment":[{"href":"https:\/\/redalimentaccion.org\/ca\/wp-json\/wp\/v2\/media?parent=4490"}],"wp:term":[{"taxonomy":"etapa-educativa","embeddable":true,"href":"https:\/\/redalimentaccion.org\/ca\/wp-json\/wp\/v2\/etapa-educativa?post=4490"},{"taxonomy":"tipo-de-recurso","embeddable":true,"href":"https:\/\/redalimentaccion.org\/ca\/wp-json\/wp\/v2\/tipo-de-recurso?post=4490"},{"taxonomy":"etiqueta","embeddable":true,"href":"https:\/\/redalimentaccion.org\/ca\/wp-json\/wp\/v2\/etiqueta?post=4490"},{"taxonomy":"idioma","embeddable":true,"href":"https:\/\/redalimentaccion.org\/ca\/wp-json\/wp\/v2\/idioma?post=4490"},{"taxonomy":"familia-profesional","embeddable":true,"href":"https:\/\/redalimentaccion.org\/ca\/wp-json\/wp\/v2\/familia-profesional?post=4490"}],"curies":[{"name":"wp","href":"https:\/\/api.w.org\/{rel}","templated":true}]}}