{"id":4662,"date":"2024-09-11T11:47:58","date_gmt":"2024-09-11T09:47:58","guid":{"rendered":"https:\/\/redalimentaccion.org\/?post_type=recurso-educativo&#038;p=4662"},"modified":"2024-09-11T11:48:01","modified_gmt":"2024-09-11T09:48:01","slug":"indagacion-critica-dialogo-y-compromiso-social","status":"publish","type":"recurso-educativo","link":"https:\/\/redalimentaccion.org\/ca\/recursos-educatius\/indagacion-critica-dialogo-y-compromiso-social\/","title":{"rendered":"Indagaci\u00f3n cr\u00edtica, di\u00e1logo y compromiso social en los trabajos de investigaci\u00f3n acad\u00e9micos"},"content":{"rendered":"\n<p>Este documento recoge los aporte del proyecto de innovaci\u00f3n educativa de Hegoa, que ha estado encaminado a crear espacios participativos de discusi\u00f3n y construcci\u00f3n colectiva \u2013en colaboraci\u00f3n con los agentes universitarios y sociales\u2013 para vincular el enfoque de la educaci\u00f3n emancipadora con <strong>desarrollos curriculares<\/strong> que expresen la voluntad de una <strong>Universidad comprometida con la sostenibilidad de la vida.<\/strong><\/p>\n\n\n\n<p>Una de las actividades impulsadas en este sentido ha consistido en el desarrollo de unos Seminarios dirigidos a estudiantes de grado y postgrado para orientar sus trabajos de investigaci\u00f3n (Trabajos Fin de Grado y Trabajos Fin de M\u00e1ster) desde la \u00f3ptica de la educaci\u00f3n cr\u00edtica emancipadora. El resultado de este proceso se plasma en el siguiente documento. <\/p>\n\n\n\n<div data-wp-interactive=\"core\/file\" class=\"wp-block-file\"><object data-wp-bind--hidden=\"!state.hasPdfPreview\" hidden class=\"wp-block-file__embed\" data=\"https:\/\/redalimentaccion.org\/wp-content\/uploads\/2024\/09\/Indagacion_compromiso_social_castellano1.pdf\" type=\"application\/pdf\" style=\"width:100%;height:600px\" aria-label=\"Incrustaci\u00f3 del fitxer Indagaci\u00f3n cr\u00edtica y compromiso social_castellano.\"><\/object><a id=\"wp-block-file--media-0e070cfd-57d7-4839-8aca-84f2498db1d1\" href=\"https:\/\/redalimentaccion.org\/wp-content\/uploads\/2024\/09\/Indagacion_compromiso_social_castellano1.pdf\">Indagaci\u00f3n cr\u00edtica y compromiso social_castellano<\/a><a href=\"https:\/\/redalimentaccion.org\/wp-content\/uploads\/2024\/09\/Indagacion_compromiso_social_castellano1.pdf\" class=\"fusion-button-default fusion-button-default-size wp-block-file__button wp-element-button\" download aria-describedby=\"wp-block-file--media-0e070cfd-57d7-4839-8aca-84f2498db1d1\">Descarga<\/a><\/div>\n","protected":false},"featured_media":4667,"comment_status":"open","ping_status":"closed","template":"","etapa-educativa":[14,16,15],"tipo-de-recurso":[20,18],"etiqueta":[33,30,27,68,32],"idioma":[34,36],"familia-profesional":[62,69,63,66,65,64],"class_list":["post-4662","recurso-educativo","type-recurso-educativo","status-publish","has-post-thumbnail","hentry","etapa-educativa-formacion-profesional","etapa-educativa-personas-adultas","etapa-educativa-universidades","tipo-de-recurso-informe-estudios-articulos","tipo-de-recurso-propuesta-pedagogica","etiqueta-justicia-social","etiqueta-pedagogias-transformadoras","etiqueta-perspectivas-feministas","etiqueta-sostenibilidad","etiqueta-vision-desde-el-sur-global","idioma-castellano","idioma-euskera","familia-profesional-agraria","familia-profesional-fol-y-eie","familia-profesional-hosteleria-y-turismo","familia-profesional-industrias-alimentarias","familia-profesional-sanitaria","familia-profesional-servicios-socioculturales-y-a-la-comunidad"],"yoast_head":"<!-- This site is optimized with the Yoast SEO plugin v27.5 - https:\/\/yoast.com\/product\/yoast-seo-wordpress\/ -->\n<title>Indagaci\u00f3n cr\u00edtica, di\u00e1logo y compromiso social en los trabajos de investigaci\u00f3n acad\u00e9micos | Red Alimentacci\u00f3n<\/title>\n<meta name=\"description\" content=\"Este documento es resultado del proyecto de investigaci\u00f3n cr\u00edtica puesto en marcha por Hegoa a trav\u00e9s de seminarios de acompa\u00f1amiento a la investigaci\u00f3n en EHU\/UPV.\" \/>\n<meta name=\"robots\" content=\"index, follow, max-snippet:-1, max-image-preview:large, max-video-preview:-1\" \/>\n<link rel=\"canonical\" href=\"https:\/\/redalimentaccion.org\/recurso-educativo\/indagacion-critica-dialogo-y-compromiso-social\/\" \/>\n<meta property=\"og:locale\" content=\"ca_ES\" \/>\n<meta property=\"og:type\" content=\"article\" \/>\n<meta property=\"og:title\" content=\"Indagaci\u00f3n cr\u00edtica, di\u00e1logo y compromiso social en los trabajos de investigaci\u00f3n acad\u00e9micos | Red Alimentacci\u00f3n\" \/>\n<meta property=\"og:description\" content=\"Este documento es resultado del proyecto de investigaci\u00f3n cr\u00edtica puesto en marcha por Hegoa a trav\u00e9s de seminarios de acompa\u00f1amiento a la investigaci\u00f3n en EHU\/UPV.\" \/>\n<meta property=\"og:url\" content=\"https:\/\/redalimentaccion.org\/recurso-educativo\/indagacion-critica-dialogo-y-compromiso-social\/\" \/>\n<meta property=\"og:site_name\" content=\"Red Alimentacci\u00f3n\" \/>\n<meta property=\"article:modified_time\" content=\"2024-09-11T09:48:01+00:00\" \/>\n<meta property=\"og:image\" content=\"https:\/\/redalimentaccion.org\/wp-content\/uploads\/2024\/09\/indagacion-critica.png\" \/>\n\t<meta property=\"og:image:width\" content=\"925\" \/>\n\t<meta property=\"og:image:height\" content=\"633\" \/>\n\t<meta property=\"og:image:type\" content=\"image\/png\" \/>\n<meta name=\"twitter:card\" content=\"summary_large_image\" \/>\n<meta name=\"twitter:label1\" content=\"Temps estimat de lectura\" \/>\n\t<meta name=\"twitter:data1\" content=\"1 minut\" \/>\n<script type=\"application\/ld+json\" class=\"yoast-schema-graph\">{\"@context\":\"https:\\\/\\\/schema.org\",\"@graph\":[{\"@type\":\"WebPage\",\"@id\":\"https:\\\/\\\/redalimentaccion.org\\\/recurso-educativo\\\/indagacion-critica-dialogo-y-compromiso-social\\\/\",\"url\":\"https:\\\/\\\/redalimentaccion.org\\\/recurso-educativo\\\/indagacion-critica-dialogo-y-compromiso-social\\\/\",\"name\":\"Indagaci\u00f3n cr\u00edtica, di\u00e1logo y compromiso social en los trabajos de investigaci\u00f3n acad\u00e9micos | Red Alimentacci\u00f3n\",\"isPartOf\":{\"@id\":\"https:\\\/\\\/redalimentaccion.org\\\/#website\"},\"primaryImageOfPage\":{\"@id\":\"https:\\\/\\\/redalimentaccion.org\\\/recurso-educativo\\\/indagacion-critica-dialogo-y-compromiso-social\\\/#primaryimage\"},\"image\":{\"@id\":\"https:\\\/\\\/redalimentaccion.org\\\/recurso-educativo\\\/indagacion-critica-dialogo-y-compromiso-social\\\/#primaryimage\"},\"thumbnailUrl\":\"https:\\\/\\\/redalimentaccion.org\\\/wp-content\\\/uploads\\\/2024\\\/09\\\/indagacion-critica.png\",\"datePublished\":\"2024-09-11T09:47:58+00:00\",\"dateModified\":\"2024-09-11T09:48:01+00:00\",\"description\":\"Este documento es resultado del proyecto de investigaci\u00f3n cr\u00edtica puesto en marcha por Hegoa a trav\u00e9s de seminarios de acompa\u00f1amiento a la investigaci\u00f3n en EHU\\\/UPV.\",\"breadcrumb\":{\"@id\":\"https:\\\/\\\/redalimentaccion.org\\\/recurso-educativo\\\/indagacion-critica-dialogo-y-compromiso-social\\\/#breadcrumb\"},\"inLanguage\":\"ca\",\"potentialAction\":[{\"@type\":\"ReadAction\",\"target\":[\"https:\\\/\\\/redalimentaccion.org\\\/recurso-educativo\\\/indagacion-critica-dialogo-y-compromiso-social\\\/\"]}]},{\"@type\":\"ImageObject\",\"inLanguage\":\"ca\",\"@id\":\"https:\\\/\\\/redalimentaccion.org\\\/recurso-educativo\\\/indagacion-critica-dialogo-y-compromiso-social\\\/#primaryimage\",\"url\":\"https:\\\/\\\/redalimentaccion.org\\\/wp-content\\\/uploads\\\/2024\\\/09\\\/indagacion-critica.png\",\"contentUrl\":\"https:\\\/\\\/redalimentaccion.org\\\/wp-content\\\/uploads\\\/2024\\\/09\\\/indagacion-critica.png\",\"width\":925,\"height\":633,\"caption\":\"portada indagaci\u00f3n cr\u00edtica\"},{\"@type\":\"BreadcrumbList\",\"@id\":\"https:\\\/\\\/redalimentaccion.org\\\/recurso-educativo\\\/indagacion-critica-dialogo-y-compromiso-social\\\/#breadcrumb\",\"itemListElement\":[{\"@type\":\"ListItem\",\"position\":1,\"name\":\"Inicio\",\"item\":\"https:\\\/\\\/redalimentaccion.org\\\/ca\\\/\"},{\"@type\":\"ListItem\",\"position\":2,\"name\":\"Recursos educativos\",\"item\":\"https:\\\/\\\/redalimentaccion.org\\\/recurso-educativo\\\/\"},{\"@type\":\"ListItem\",\"position\":3,\"name\":\"Universidades\",\"item\":\"https:\\\/\\\/redalimentaccion.org\\\/etapa-educativa\\\/universidades\\\/\"},{\"@type\":\"ListItem\",\"position\":4,\"name\":\"Indagaci\u00f3n cr\u00edtica, di\u00e1logo y compromiso social en los trabajos de investigaci\u00f3n acad\u00e9micos\"}]},{\"@type\":\"WebSite\",\"@id\":\"https:\\\/\\\/redalimentaccion.org\\\/#website\",\"url\":\"https:\\\/\\\/redalimentaccion.org\\\/\",\"name\":\"Red Alimentacci\u00f3n\",\"description\":\"Red Alimentacci\u00f3n trabaja junto al sector educativo en la transformaci\u00f3n hacia un sistema alimentario saludable, justo, accesible y sostenible.\",\"publisher\":{\"@id\":\"https:\\\/\\\/redalimentaccion.org\\\/#organization\"},\"alternateName\":\"Alimentacci\u00f3n\",\"potentialAction\":[{\"@type\":\"SearchAction\",\"target\":{\"@type\":\"EntryPoint\",\"urlTemplate\":\"https:\\\/\\\/redalimentaccion.org\\\/?s={search_term_string}\"},\"query-input\":{\"@type\":\"PropertyValueSpecification\",\"valueRequired\":true,\"valueName\":\"search_term_string\"}}],\"inLanguage\":\"ca\"},{\"@type\":\"Organization\",\"@id\":\"https:\\\/\\\/redalimentaccion.org\\\/#organization\",\"name\":\"Red Alimentacci\u00f3n\",\"url\":\"https:\\\/\\\/redalimentaccion.org\\\/\",\"logo\":{\"@type\":\"ImageObject\",\"inLanguage\":\"ca\",\"@id\":\"https:\\\/\\\/redalimentaccion.org\\\/#\\\/schema\\\/logo\\\/image\\\/\",\"url\":\"https:\\\/\\\/redalimentaccion.org\\\/wp-content\\\/uploads\\\/2023\\\/07\\\/Logo_alimentaccion.png\",\"contentUrl\":\"https:\\\/\\\/redalimentaccion.org\\\/wp-content\\\/uploads\\\/2023\\\/07\\\/Logo_alimentaccion.png\",\"width\":835,\"height\":364,\"caption\":\"Red Alimentacci\u00f3n\"},\"image\":{\"@id\":\"https:\\\/\\\/redalimentaccion.org\\\/#\\\/schema\\\/logo\\\/image\\\/\"}}]}<\/script>\n<!-- \/ Yoast SEO plugin. -->","yoast_head_json":{"title":"Indagaci\u00f3n cr\u00edtica, di\u00e1logo y compromiso social en los trabajos de investigaci\u00f3n acad\u00e9micos | Red Alimentacci\u00f3n","description":"Este documento es resultado del proyecto de investigaci\u00f3n cr\u00edtica puesto en marcha por Hegoa a trav\u00e9s de seminarios de acompa\u00f1amiento a la investigaci\u00f3n en EHU\/UPV.","robots":{"index":"index","follow":"follow","max-snippet":"max-snippet:-1","max-image-preview":"max-image-preview:large","max-video-preview":"max-video-preview:-1"},"canonical":"https:\/\/redalimentaccion.org\/recurso-educativo\/indagacion-critica-dialogo-y-compromiso-social\/","og_locale":"ca_ES","og_type":"article","og_title":"Indagaci\u00f3n cr\u00edtica, di\u00e1logo y compromiso social en los trabajos de investigaci\u00f3n acad\u00e9micos | Red Alimentacci\u00f3n","og_description":"Este documento es resultado del proyecto de investigaci\u00f3n cr\u00edtica puesto en marcha por Hegoa a trav\u00e9s de seminarios de acompa\u00f1amiento a la investigaci\u00f3n en EHU\/UPV.","og_url":"https:\/\/redalimentaccion.org\/recurso-educativo\/indagacion-critica-dialogo-y-compromiso-social\/","og_site_name":"Red Alimentacci\u00f3n","article_modified_time":"2024-09-11T09:48:01+00:00","og_image":[{"width":925,"height":633,"url":"https:\/\/redalimentaccion.org\/wp-content\/uploads\/2024\/09\/indagacion-critica.png","type":"image\/png"}],"twitter_card":"summary_large_image","twitter_misc":{"Temps estimat de lectura":"1 minut"},"schema":{"@context":"https:\/\/schema.org","@graph":[{"@type":"WebPage","@id":"https:\/\/redalimentaccion.org\/recurso-educativo\/indagacion-critica-dialogo-y-compromiso-social\/","url":"https:\/\/redalimentaccion.org\/recurso-educativo\/indagacion-critica-dialogo-y-compromiso-social\/","name":"Indagaci\u00f3n cr\u00edtica, di\u00e1logo y compromiso social en los trabajos de investigaci\u00f3n acad\u00e9micos | Red Alimentacci\u00f3n","isPartOf":{"@id":"https:\/\/redalimentaccion.org\/#website"},"primaryImageOfPage":{"@id":"https:\/\/redalimentaccion.org\/recurso-educativo\/indagacion-critica-dialogo-y-compromiso-social\/#primaryimage"},"image":{"@id":"https:\/\/redalimentaccion.org\/recurso-educativo\/indagacion-critica-dialogo-y-compromiso-social\/#primaryimage"},"thumbnailUrl":"https:\/\/redalimentaccion.org\/wp-content\/uploads\/2024\/09\/indagacion-critica.png","datePublished":"2024-09-11T09:47:58+00:00","dateModified":"2024-09-11T09:48:01+00:00","description":"Este documento es resultado del proyecto de investigaci\u00f3n cr\u00edtica puesto en marcha por Hegoa a trav\u00e9s de seminarios de acompa\u00f1amiento a la investigaci\u00f3n en EHU\/UPV.","breadcrumb":{"@id":"https:\/\/redalimentaccion.org\/recurso-educativo\/indagacion-critica-dialogo-y-compromiso-social\/#breadcrumb"},"inLanguage":"ca","potentialAction":[{"@type":"ReadAction","target":["https:\/\/redalimentaccion.org\/recurso-educativo\/indagacion-critica-dialogo-y-compromiso-social\/"]}]},{"@type":"ImageObject","inLanguage":"ca","@id":"https:\/\/redalimentaccion.org\/recurso-educativo\/indagacion-critica-dialogo-y-compromiso-social\/#primaryimage","url":"https:\/\/redalimentaccion.org\/wp-content\/uploads\/2024\/09\/indagacion-critica.png","contentUrl":"https:\/\/redalimentaccion.org\/wp-content\/uploads\/2024\/09\/indagacion-critica.png","width":925,"height":633,"caption":"portada indagaci\u00f3n cr\u00edtica"},{"@type":"BreadcrumbList","@id":"https:\/\/redalimentaccion.org\/recurso-educativo\/indagacion-critica-dialogo-y-compromiso-social\/#breadcrumb","itemListElement":[{"@type":"ListItem","position":1,"name":"Inicio","item":"https:\/\/redalimentaccion.org\/ca\/"},{"@type":"ListItem","position":2,"name":"Recursos educativos","item":"https:\/\/redalimentaccion.org\/recurso-educativo\/"},{"@type":"ListItem","position":3,"name":"Universidades","item":"https:\/\/redalimentaccion.org\/etapa-educativa\/universidades\/"},{"@type":"ListItem","position":4,"name":"Indagaci\u00f3n cr\u00edtica, di\u00e1logo y compromiso social en los trabajos de investigaci\u00f3n acad\u00e9micos"}]},{"@type":"WebSite","@id":"https:\/\/redalimentaccion.org\/#website","url":"https:\/\/redalimentaccion.org\/","name":"Red Alimentacci\u00f3n","description":"Red Alimentacci\u00f3n trabaja junto al sector educativo en la transformaci\u00f3n hacia un sistema alimentario saludable, justo, accesible y sostenible.","publisher":{"@id":"https:\/\/redalimentaccion.org\/#organization"},"alternateName":"Alimentacci\u00f3n","potentialAction":[{"@type":"SearchAction","target":{"@type":"EntryPoint","urlTemplate":"https:\/\/redalimentaccion.org\/?s={search_term_string}"},"query-input":{"@type":"PropertyValueSpecification","valueRequired":true,"valueName":"search_term_string"}}],"inLanguage":"ca"},{"@type":"Organization","@id":"https:\/\/redalimentaccion.org\/#organization","name":"Red Alimentacci\u00f3n","url":"https:\/\/redalimentaccion.org\/","logo":{"@type":"ImageObject","inLanguage":"ca","@id":"https:\/\/redalimentaccion.org\/#\/schema\/logo\/image\/","url":"https:\/\/redalimentaccion.org\/wp-content\/uploads\/2023\/07\/Logo_alimentaccion.png","contentUrl":"https:\/\/redalimentaccion.org\/wp-content\/uploads\/2023\/07\/Logo_alimentaccion.png","width":835,"height":364,"caption":"Red Alimentacci\u00f3n"},"image":{"@id":"https:\/\/redalimentaccion.org\/#\/schema\/logo\/image\/"}}]}},"toolset-meta":{"campos-de-recursos-educativos":[]},"_links":{"self":[{"href":"https:\/\/redalimentaccion.org\/ca\/wp-json\/wp\/v2\/recurso-educativo\/4662","targetHints":{"allow":["GET"]}}],"collection":[{"href":"https:\/\/redalimentaccion.org\/ca\/wp-json\/wp\/v2\/recurso-educativo"}],"about":[{"href":"https:\/\/redalimentaccion.org\/ca\/wp-json\/wp\/v2\/types\/recurso-educativo"}],"replies":[{"embeddable":true,"href":"https:\/\/redalimentaccion.org\/ca\/wp-json\/wp\/v2\/comments?post=4662"}],"wp:featuredmedia":[{"embeddable":true,"href":"https:\/\/redalimentaccion.org\/ca\/wp-json\/wp\/v2\/media\/4667"}],"wp:attachment":[{"href":"https:\/\/redalimentaccion.org\/ca\/wp-json\/wp\/v2\/media?parent=4662"}],"wp:term":[{"taxonomy":"etapa-educativa","embeddable":true,"href":"https:\/\/redalimentaccion.org\/ca\/wp-json\/wp\/v2\/etapa-educativa?post=4662"},{"taxonomy":"tipo-de-recurso","embeddable":true,"href":"https:\/\/redalimentaccion.org\/ca\/wp-json\/wp\/v2\/tipo-de-recurso?post=4662"},{"taxonomy":"etiqueta","embeddable":true,"href":"https:\/\/redalimentaccion.org\/ca\/wp-json\/wp\/v2\/etiqueta?post=4662"},{"taxonomy":"idioma","embeddable":true,"href":"https:\/\/redalimentaccion.org\/ca\/wp-json\/wp\/v2\/idioma?post=4662"},{"taxonomy":"familia-profesional","embeddable":true,"href":"https:\/\/redalimentaccion.org\/ca\/wp-json\/wp\/v2\/familia-profesional?post=4662"}],"curies":[{"name":"wp","href":"https:\/\/api.w.org\/{rel}","templated":true}]}}