{"id":3143,"date":"2023-11-08T17:27:56","date_gmt":"2023-11-08T16:27:56","guid":{"rendered":"https:\/\/redalimentaccion.org\/recurso-educativo\/kit-de-emergencia-materiales-de-fol-para-formacion-profesional\/"},"modified":"2023-11-08T17:27:56","modified_gmt":"2023-11-08T16:27:56","slug":"kit-de-emergencia-materiales-de-fol-para-formacion-profesional","status":"publish","type":"recurso-educativo","link":"https:\/\/redalimentaccion.org\/eu\/hezkuntza-baliabide\/kit-de-emergencia-materiales-de-fol-para-formacion-profesional\/","title":{"rendered":"Kit de emergencia. Materiales de FOL para Formaci\u00f3n Profesional"},"content":{"rendered":"\n<p>Elaborado por Ana Berges (CPIFP Montearag\u00f3n) y Ana Aparicio (CPIFP Movera)<\/p>\n\n\n\n<p>La propuesta educativa de este kit pretende favorecer el desarrollo personal de las\/los estudiantes y fortalecerles como sujetos cr\u00edticos con capacidad para participar activamente en el cambio social. En concreto se ofrecen recursos para cuatro bloques did\u00e1cticos: Orientaci\u00f3n laboral; Derecho laboral, Seguridad social y Salud laboral. El inter\u00e9s radica en la mirada que se ofrece sobre los contenidos en cada uno de ellos. En Orientaci\u00f3n laboral se abordan cuestiones como las condiciones de trabajo en profesiones masculinizadas y feminizadas; la divisi\u00f3n sexual del trabajo; las discriminaciones que enfrentan las personas con discapacidad; los obst\u00e1culos y progresos en la inclusi\u00f3n de personas LGTBQ+. En Derecho laboral se plantean problemas como la brecha salarial, pero tambi\u00e9n se plantean las opciones que tienen las personas trabajadoras para reivindicar sus derechos: huelga, sindicatos\u2026 tambi\u00e9n c\u00f3mo se recoge en la legislaci\u00f3n vigente todo lo relativo al cuidado. En Seguridad Social, se sugieren dos temas, tasas de ocupaci\u00f3n y desempleo; y prestaciones con que cuentan las personas trabajadoras. Por \u00faltimo, en Salud Laboral, se tratan la salud mental en relaci\u00f3n con el trabajo y los sesgos de g\u00e9nero que encuentran las personas trabajadoras en el \u00e1mbito sanitario.<\/p>\n","protected":false},"featured_media":3144,"comment_status":"open","ping_status":"closed","template":"","etapa-educativa":[138],"tipo-de-recurso":[176],"etiqueta":[177,182],"idioma":[162],"familia-profesional":[196],"class_list":["post-3143","recurso-educativo","type-recurso-educativo","status-publish","has-post-thumbnail","hentry","etapa-educativa-lanbide-heziketa","tipo-de-recurso-proposamen-pedagogikoa","etiqueta-ekonomia-eraldatzaileak","etiqueta-pedagogia-eraldatzaileak","idioma-gaztelania","familia-profesional-fol-eta-eie"],"yoast_head":"<!-- This site is optimized with the Yoast SEO plugin v27.5 - https:\/\/yoast.com\/product\/yoast-seo-wordpress\/ -->\n<title>Kit de emergencia. Materiales de FOL para Formaci\u00f3n Profesional | Red Alimentacci\u00f3n<\/title>\n<meta name=\"robots\" content=\"index, follow, max-snippet:-1, max-image-preview:large, max-video-preview:-1\" \/>\n<link rel=\"canonical\" href=\"https:\/\/redalimentaccion.org\/eu\/hezkuntza-baliabide\/kit-de-emergencia-materiales-de-fol-para-formacion-profesional\/\" \/>\n<meta property=\"og:locale\" content=\"eu_ES\" \/>\n<meta property=\"og:type\" content=\"article\" \/>\n<meta property=\"og:title\" content=\"Kit de emergencia. Materiales de FOL para Formaci\u00f3n Profesional | Red Alimentacci\u00f3n\" \/>\n<meta property=\"og:description\" content=\"Elaborado por Ana Berges (CPIFP Montearag\u00f3n) y Ana Aparicio (CPIFP [...]\" \/>\n<meta property=\"og:url\" content=\"https:\/\/redalimentaccion.org\/eu\/hezkuntza-baliabide\/kit-de-emergencia-materiales-de-fol-para-formacion-profesional\/\" \/>\n<meta property=\"og:site_name\" content=\"Red Alimentacci\u00f3n\" \/>\n<meta property=\"og:image\" content=\"https:\/\/redalimentaccion.org\/wp-content\/uploads\/2023\/07\/Logo_alimentaccion.png\" \/>\n\t<meta property=\"og:image:width\" content=\"835\" \/>\n\t<meta property=\"og:image:height\" content=\"364\" \/>\n\t<meta property=\"og:image:type\" content=\"image\/png\" \/>\n<meta name=\"twitter:card\" content=\"summary_large_image\" \/>\n<meta name=\"twitter:label1\" content=\"Est. reading time\" \/>\n\t<meta name=\"twitter:data1\" content=\"1 minute\" \/>\n<script type=\"application\/ld+json\" class=\"yoast-schema-graph\">{\"@context\":\"https:\\\/\\\/schema.org\",\"@graph\":[{\"@type\":\"WebPage\",\"@id\":\"https:\\\/\\\/redalimentaccion.org\\\/eu\\\/hezkuntza-baliabide\\\/kit-de-emergencia-materiales-de-fol-para-formacion-profesional\\\/\",\"url\":\"https:\\\/\\\/redalimentaccion.org\\\/eu\\\/hezkuntza-baliabide\\\/kit-de-emergencia-materiales-de-fol-para-formacion-profesional\\\/\",\"name\":\"Kit de emergencia. Materiales de FOL para Formaci\u00f3n Profesional | Red Alimentacci\u00f3n\",\"isPartOf\":{\"@id\":\"https:\\\/\\\/redalimentaccion.org\\\/#website\"},\"primaryImageOfPage\":{\"@id\":\"https:\\\/\\\/redalimentaccion.org\\\/eu\\\/hezkuntza-baliabide\\\/kit-de-emergencia-materiales-de-fol-para-formacion-profesional\\\/#primaryimage\"},\"image\":{\"@id\":\"https:\\\/\\\/redalimentaccion.org\\\/eu\\\/hezkuntza-baliabide\\\/kit-de-emergencia-materiales-de-fol-para-formacion-profesional\\\/#primaryimage\"},\"thumbnailUrl\":\"https:\\\/\\\/redalimentaccion.org\\\/wp-content\\\/uploads\\\/2023\\\/11\\\/Kit_emergencia_Ana_y_Ana.jpg\",\"datePublished\":\"2023-11-08T16:27:56+00:00\",\"breadcrumb\":{\"@id\":\"https:\\\/\\\/redalimentaccion.org\\\/eu\\\/hezkuntza-baliabide\\\/kit-de-emergencia-materiales-de-fol-para-formacion-profesional\\\/#breadcrumb\"},\"inLanguage\":\"eu-ES\",\"potentialAction\":[{\"@type\":\"ReadAction\",\"target\":[\"https:\\\/\\\/redalimentaccion.org\\\/eu\\\/hezkuntza-baliabide\\\/kit-de-emergencia-materiales-de-fol-para-formacion-profesional\\\/\"]}]},{\"@type\":\"ImageObject\",\"inLanguage\":\"eu-ES\",\"@id\":\"https:\\\/\\\/redalimentaccion.org\\\/eu\\\/hezkuntza-baliabide\\\/kit-de-emergencia-materiales-de-fol-para-formacion-profesional\\\/#primaryimage\",\"url\":\"https:\\\/\\\/redalimentaccion.org\\\/wp-content\\\/uploads\\\/2023\\\/11\\\/Kit_emergencia_Ana_y_Ana.jpg\",\"contentUrl\":\"https:\\\/\\\/redalimentaccion.org\\\/wp-content\\\/uploads\\\/2023\\\/11\\\/Kit_emergencia_Ana_y_Ana.jpg\",\"width\":1525,\"height\":853},{\"@type\":\"BreadcrumbList\",\"@id\":\"https:\\\/\\\/redalimentaccion.org\\\/eu\\\/hezkuntza-baliabide\\\/kit-de-emergencia-materiales-de-fol-para-formacion-profesional\\\/#breadcrumb\",\"itemListElement\":[{\"@type\":\"ListItem\",\"position\":1,\"name\":\"Inicio\",\"item\":\"https:\\\/\\\/redalimentaccion.org\\\/eu\\\/\"},{\"@type\":\"ListItem\",\"position\":2,\"name\":\"Recursos educativos\",\"item\":\"https:\\\/\\\/redalimentaccion.org\\\/recurso-educativo\\\/\"},{\"@type\":\"ListItem\",\"position\":3,\"name\":\"Kit de emergencia. Materiales de FOL para Formaci\u00f3n Profesional\"}]},{\"@type\":\"WebSite\",\"@id\":\"https:\\\/\\\/redalimentaccion.org\\\/#website\",\"url\":\"https:\\\/\\\/redalimentaccion.org\\\/\",\"name\":\"Red Alimentacci\u00f3n\",\"description\":\"Red Alimentacci\u00f3n trabaja junto al sector educativo en la transformaci\u00f3n hacia un sistema alimentario saludable, justo, accesible y sostenible.\",\"publisher\":{\"@id\":\"https:\\\/\\\/redalimentaccion.org\\\/#organization\"},\"alternateName\":\"Alimentacci\u00f3n\",\"potentialAction\":[{\"@type\":\"SearchAction\",\"target\":{\"@type\":\"EntryPoint\",\"urlTemplate\":\"https:\\\/\\\/redalimentaccion.org\\\/?s={search_term_string}\"},\"query-input\":{\"@type\":\"PropertyValueSpecification\",\"valueRequired\":true,\"valueName\":\"search_term_string\"}}],\"inLanguage\":\"eu-ES\"},{\"@type\":\"Organization\",\"@id\":\"https:\\\/\\\/redalimentaccion.org\\\/#organization\",\"name\":\"Red Alimentacci\u00f3n\",\"url\":\"https:\\\/\\\/redalimentaccion.org\\\/\",\"logo\":{\"@type\":\"ImageObject\",\"inLanguage\":\"eu-ES\",\"@id\":\"https:\\\/\\\/redalimentaccion.org\\\/#\\\/schema\\\/logo\\\/image\\\/\",\"url\":\"https:\\\/\\\/redalimentaccion.org\\\/wp-content\\\/uploads\\\/2023\\\/07\\\/Logo_alimentaccion.png\",\"contentUrl\":\"https:\\\/\\\/redalimentaccion.org\\\/wp-content\\\/uploads\\\/2023\\\/07\\\/Logo_alimentaccion.png\",\"width\":835,\"height\":364,\"caption\":\"Red Alimentacci\u00f3n\"},\"image\":{\"@id\":\"https:\\\/\\\/redalimentaccion.org\\\/#\\\/schema\\\/logo\\\/image\\\/\"}}]}<\/script>\n<!-- \/ Yoast SEO plugin. -->","yoast_head_json":{"title":"Kit de emergencia. Materiales de FOL para Formaci\u00f3n Profesional | Red Alimentacci\u00f3n","robots":{"index":"index","follow":"follow","max-snippet":"max-snippet:-1","max-image-preview":"max-image-preview:large","max-video-preview":"max-video-preview:-1"},"canonical":"https:\/\/redalimentaccion.org\/eu\/hezkuntza-baliabide\/kit-de-emergencia-materiales-de-fol-para-formacion-profesional\/","og_locale":"eu_ES","og_type":"article","og_title":"Kit de emergencia. Materiales de FOL para Formaci\u00f3n Profesional | Red Alimentacci\u00f3n","og_description":"Elaborado por Ana Berges (CPIFP Montearag\u00f3n) y Ana Aparicio (CPIFP [...]","og_url":"https:\/\/redalimentaccion.org\/eu\/hezkuntza-baliabide\/kit-de-emergencia-materiales-de-fol-para-formacion-profesional\/","og_site_name":"Red Alimentacci\u00f3n","og_image":[{"width":835,"height":364,"url":"https:\/\/redalimentaccion.org\/wp-content\/uploads\/2023\/07\/Logo_alimentaccion.png","type":"image\/png"}],"twitter_card":"summary_large_image","twitter_misc":{"Est. reading time":"1 minute"},"schema":{"@context":"https:\/\/schema.org","@graph":[{"@type":"WebPage","@id":"https:\/\/redalimentaccion.org\/eu\/hezkuntza-baliabide\/kit-de-emergencia-materiales-de-fol-para-formacion-profesional\/","url":"https:\/\/redalimentaccion.org\/eu\/hezkuntza-baliabide\/kit-de-emergencia-materiales-de-fol-para-formacion-profesional\/","name":"Kit de emergencia. Materiales de FOL para Formaci\u00f3n Profesional | Red Alimentacci\u00f3n","isPartOf":{"@id":"https:\/\/redalimentaccion.org\/#website"},"primaryImageOfPage":{"@id":"https:\/\/redalimentaccion.org\/eu\/hezkuntza-baliabide\/kit-de-emergencia-materiales-de-fol-para-formacion-profesional\/#primaryimage"},"image":{"@id":"https:\/\/redalimentaccion.org\/eu\/hezkuntza-baliabide\/kit-de-emergencia-materiales-de-fol-para-formacion-profesional\/#primaryimage"},"thumbnailUrl":"https:\/\/redalimentaccion.org\/wp-content\/uploads\/2023\/11\/Kit_emergencia_Ana_y_Ana.jpg","datePublished":"2023-11-08T16:27:56+00:00","breadcrumb":{"@id":"https:\/\/redalimentaccion.org\/eu\/hezkuntza-baliabide\/kit-de-emergencia-materiales-de-fol-para-formacion-profesional\/#breadcrumb"},"inLanguage":"eu-ES","potentialAction":[{"@type":"ReadAction","target":["https:\/\/redalimentaccion.org\/eu\/hezkuntza-baliabide\/kit-de-emergencia-materiales-de-fol-para-formacion-profesional\/"]}]},{"@type":"ImageObject","inLanguage":"eu-ES","@id":"https:\/\/redalimentaccion.org\/eu\/hezkuntza-baliabide\/kit-de-emergencia-materiales-de-fol-para-formacion-profesional\/#primaryimage","url":"https:\/\/redalimentaccion.org\/wp-content\/uploads\/2023\/11\/Kit_emergencia_Ana_y_Ana.jpg","contentUrl":"https:\/\/redalimentaccion.org\/wp-content\/uploads\/2023\/11\/Kit_emergencia_Ana_y_Ana.jpg","width":1525,"height":853},{"@type":"BreadcrumbList","@id":"https:\/\/redalimentaccion.org\/eu\/hezkuntza-baliabide\/kit-de-emergencia-materiales-de-fol-para-formacion-profesional\/#breadcrumb","itemListElement":[{"@type":"ListItem","position":1,"name":"Inicio","item":"https:\/\/redalimentaccion.org\/eu\/"},{"@type":"ListItem","position":2,"name":"Recursos educativos","item":"https:\/\/redalimentaccion.org\/recurso-educativo\/"},{"@type":"ListItem","position":3,"name":"Kit de emergencia. Materiales de FOL para Formaci\u00f3n Profesional"}]},{"@type":"WebSite","@id":"https:\/\/redalimentaccion.org\/#website","url":"https:\/\/redalimentaccion.org\/","name":"Red Alimentacci\u00f3n","description":"Red Alimentacci\u00f3n trabaja junto al sector educativo en la transformaci\u00f3n hacia un sistema alimentario saludable, justo, accesible y sostenible.","publisher":{"@id":"https:\/\/redalimentaccion.org\/#organization"},"alternateName":"Alimentacci\u00f3n","potentialAction":[{"@type":"SearchAction","target":{"@type":"EntryPoint","urlTemplate":"https:\/\/redalimentaccion.org\/?s={search_term_string}"},"query-input":{"@type":"PropertyValueSpecification","valueRequired":true,"valueName":"search_term_string"}}],"inLanguage":"eu-ES"},{"@type":"Organization","@id":"https:\/\/redalimentaccion.org\/#organization","name":"Red Alimentacci\u00f3n","url":"https:\/\/redalimentaccion.org\/","logo":{"@type":"ImageObject","inLanguage":"eu-ES","@id":"https:\/\/redalimentaccion.org\/#\/schema\/logo\/image\/","url":"https:\/\/redalimentaccion.org\/wp-content\/uploads\/2023\/07\/Logo_alimentaccion.png","contentUrl":"https:\/\/redalimentaccion.org\/wp-content\/uploads\/2023\/07\/Logo_alimentaccion.png","width":835,"height":364,"caption":"Red Alimentacci\u00f3n"},"image":{"@id":"https:\/\/redalimentaccion.org\/#\/schema\/logo\/image\/"}}]}},"toolset-meta":{"campos-de-recursos-educativos":[]},"_links":{"self":[{"href":"https:\/\/redalimentaccion.org\/eu\/wp-json\/wp\/v2\/recurso-educativo\/3143","targetHints":{"allow":["GET"]}}],"collection":[{"href":"https:\/\/redalimentaccion.org\/eu\/wp-json\/wp\/v2\/recurso-educativo"}],"about":[{"href":"https:\/\/redalimentaccion.org\/eu\/wp-json\/wp\/v2\/types\/recurso-educativo"}],"replies":[{"embeddable":true,"href":"https:\/\/redalimentaccion.org\/eu\/wp-json\/wp\/v2\/comments?post=3143"}],"wp:featuredmedia":[{"embeddable":true,"href":"https:\/\/redalimentaccion.org\/eu\/wp-json\/wp\/v2\/media\/3144"}],"wp:attachment":[{"href":"https:\/\/redalimentaccion.org\/eu\/wp-json\/wp\/v2\/media?parent=3143"}],"wp:term":[{"taxonomy":"etapa-educativa","embeddable":true,"href":"https:\/\/redalimentaccion.org\/eu\/wp-json\/wp\/v2\/etapa-educativa?post=3143"},{"taxonomy":"tipo-de-recurso","embeddable":true,"href":"https:\/\/redalimentaccion.org\/eu\/wp-json\/wp\/v2\/tipo-de-recurso?post=3143"},{"taxonomy":"etiqueta","embeddable":true,"href":"https:\/\/redalimentaccion.org\/eu\/wp-json\/wp\/v2\/etiqueta?post=3143"},{"taxonomy":"idioma","embeddable":true,"href":"https:\/\/redalimentaccion.org\/eu\/wp-json\/wp\/v2\/idioma?post=3143"},{"taxonomy":"familia-profesional","embeddable":true,"href":"https:\/\/redalimentaccion.org\/eu\/wp-json\/wp\/v2\/familia-profesional?post=3143"}],"curies":[{"name":"wp","href":"https:\/\/api.w.org\/{rel}","templated":true}]}}