{"id":3159,"date":"2023-10-11T18:16:01","date_gmt":"2023-10-11T16:16:01","guid":{"rendered":"https:\/\/redalimentaccion.org\/recurso-educativo\/experiencia-pedagogica-la-familia-profesional-agraria-en-el-ies-san-viator\/"},"modified":"2023-10-11T18:16:01","modified_gmt":"2023-10-11T16:16:01","slug":"experiencia-pedagogica-la-familia-profesional-agraria-en-el-ies-san-viator","status":"publish","type":"recurso-educativo","link":"https:\/\/redalimentaccion.org\/eu\/hezkuntza-baliabide\/experiencia-pedagogica-la-familia-profesional-agraria-en-el-ies-san-viator\/","title":{"rendered":"Experiencia pedag\u00f3gica. La familia profesional Agraria en el IES San Viator"},"content":{"rendered":"\n<p>Dami\u00e1n y Koldo nos hablan de c\u00f3mo han transversalizado sostenibilidad y el perspectiva de g\u00e9nero tomando la alimentaci\u00f3n como eje vertebrador en sus ciclos de formaci\u00f3n profesional. Tambi\u00e9n nos comentan qu\u00e9 competencias desarrollan y qu\u00e9 repercusiones ha tenido este cambio metodol\u00f3gico en el alumnado, en la comunidad educativa y en el entorno del centro. Este v\u00eddeo fue elaborado por Innovadocentes en el marco de las Jornadas internacionales de alimentaci\u00f3n escolar sana y sostenible, GOZO 2019 organizadas por Justicia Alimentaria en Euskadi. IDEAS. Utiliza esta experiencia como fuente de inspiraci\u00f3n para tu centro. Comparte y multiplica.<\/p>\n\n\n\n<div class=\"wp-block-columns is-layout-flex wp-container-core-columns-is-layout-9d6595d7 wp-block-columns-is-layout-flex\">\n<div class=\"wp-block-column is-layout-flow wp-block-column-is-layout-flow\">\n<figure class=\"wp-block-embed is-type-video is-provider-youtube wp-block-embed-youtube wp-embed-aspect-16-9 wp-has-aspect-ratio\"><div class=\"wp-block-embed__wrapper\">\nhttps:\/\/youtu.be\/uhoLubACcgA\n<\/div><\/figure>\n<\/div>\n\n\n\n<div class=\"wp-block-column is-layout-flow wp-block-column-is-layout-flow\"><\/div>\n<\/div>\n","protected":false},"featured_media":3161,"comment_status":"open","ping_status":"closed","template":"","etapa-educativa":[138],"tipo-de-recurso":[160],"etiqueta":[184,182],"idioma":[162],"familia-profesional":[163],"class_list":["post-3159","recurso-educativo","type-recurso-educativo","status-publish","has-post-thumbnail","hentry","etapa-educativa-lanbide-heziketa","tipo-de-recurso-ikus-entzunezkoa-podcast-bideoa","etiqueta-elikadura-sistemak","etiqueta-pedagogia-eraldatzaileak","idioma-gaztelania","familia-profesional-nekazaritza"],"yoast_head":"<!-- This site is optimized with the Yoast SEO plugin v27.5 - https:\/\/yoast.com\/product\/yoast-seo-wordpress\/ -->\n<title>Experiencia pedag\u00f3gica. La familia profesional Agraria en el IES San Viator | Red Alimentacci\u00f3n<\/title>\n<meta name=\"robots\" content=\"index, follow, max-snippet:-1, max-image-preview:large, max-video-preview:-1\" \/>\n<link rel=\"canonical\" href=\"https:\/\/redalimentaccion.org\/eu\/hezkuntza-baliabide\/experiencia-pedagogica-la-familia-profesional-agraria-en-el-ies-san-viator\/\" \/>\n<meta property=\"og:locale\" content=\"eu_ES\" \/>\n<meta property=\"og:type\" content=\"article\" \/>\n<meta property=\"og:title\" content=\"Experiencia pedag\u00f3gica. La familia profesional Agraria en el IES San Viator | Red Alimentacci\u00f3n\" \/>\n<meta property=\"og:description\" content=\"Dami\u00e1n y Koldo nos hablan de c\u00f3mo han transversalizado sostenibilidad [...]\" \/>\n<meta property=\"og:url\" content=\"https:\/\/redalimentaccion.org\/eu\/hezkuntza-baliabide\/experiencia-pedagogica-la-familia-profesional-agraria-en-el-ies-san-viator\/\" \/>\n<meta property=\"og:site_name\" content=\"Red Alimentacci\u00f3n\" \/>\n<meta property=\"og:image\" content=\"https:\/\/redalimentaccion.org\/wp-content\/uploads\/2023\/07\/Logo_alimentaccion.png\" \/>\n\t<meta property=\"og:image:width\" content=\"835\" \/>\n\t<meta property=\"og:image:height\" content=\"364\" \/>\n\t<meta property=\"og:image:type\" content=\"image\/png\" \/>\n<meta name=\"twitter:card\" content=\"summary_large_image\" \/>\n<meta name=\"twitter:label1\" content=\"Est. reading time\" \/>\n\t<meta name=\"twitter:data1\" content=\"1 minute\" \/>\n<script type=\"application\/ld+json\" class=\"yoast-schema-graph\">{\"@context\":\"https:\\\/\\\/schema.org\",\"@graph\":[{\"@type\":\"WebPage\",\"@id\":\"https:\\\/\\\/redalimentaccion.org\\\/eu\\\/hezkuntza-baliabide\\\/experiencia-pedagogica-la-familia-profesional-agraria-en-el-ies-san-viator\\\/\",\"url\":\"https:\\\/\\\/redalimentaccion.org\\\/eu\\\/hezkuntza-baliabide\\\/experiencia-pedagogica-la-familia-profesional-agraria-en-el-ies-san-viator\\\/\",\"name\":\"Experiencia pedag\u00f3gica. La familia profesional Agraria en el IES San Viator | Red Alimentacci\u00f3n\",\"isPartOf\":{\"@id\":\"https:\\\/\\\/redalimentaccion.org\\\/#website\"},\"primaryImageOfPage\":{\"@id\":\"https:\\\/\\\/redalimentaccion.org\\\/eu\\\/hezkuntza-baliabide\\\/experiencia-pedagogica-la-familia-profesional-agraria-en-el-ies-san-viator\\\/#primaryimage\"},\"image\":{\"@id\":\"https:\\\/\\\/redalimentaccion.org\\\/eu\\\/hezkuntza-baliabide\\\/experiencia-pedagogica-la-familia-profesional-agraria-en-el-ies-san-viator\\\/#primaryimage\"},\"thumbnailUrl\":\"https:\\\/\\\/redalimentaccion.org\\\/wp-content\\\/uploads\\\/2023\\\/10\\\/Fullet-SA-una-imatge.jpg\",\"datePublished\":\"2023-10-11T16:16:01+00:00\",\"breadcrumb\":{\"@id\":\"https:\\\/\\\/redalimentaccion.org\\\/eu\\\/hezkuntza-baliabide\\\/experiencia-pedagogica-la-familia-profesional-agraria-en-el-ies-san-viator\\\/#breadcrumb\"},\"inLanguage\":\"eu-ES\",\"potentialAction\":[{\"@type\":\"ReadAction\",\"target\":[\"https:\\\/\\\/redalimentaccion.org\\\/eu\\\/hezkuntza-baliabide\\\/experiencia-pedagogica-la-familia-profesional-agraria-en-el-ies-san-viator\\\/\"]}]},{\"@type\":\"ImageObject\",\"inLanguage\":\"eu-ES\",\"@id\":\"https:\\\/\\\/redalimentaccion.org\\\/eu\\\/hezkuntza-baliabide\\\/experiencia-pedagogica-la-familia-profesional-agraria-en-el-ies-san-viator\\\/#primaryimage\",\"url\":\"https:\\\/\\\/redalimentaccion.org\\\/wp-content\\\/uploads\\\/2023\\\/10\\\/Fullet-SA-una-imatge.jpg\",\"contentUrl\":\"https:\\\/\\\/redalimentaccion.org\\\/wp-content\\\/uploads\\\/2023\\\/10\\\/Fullet-SA-una-imatge.jpg\",\"width\":583,\"height\":333},{\"@type\":\"BreadcrumbList\",\"@id\":\"https:\\\/\\\/redalimentaccion.org\\\/eu\\\/hezkuntza-baliabide\\\/experiencia-pedagogica-la-familia-profesional-agraria-en-el-ies-san-viator\\\/#breadcrumb\",\"itemListElement\":[{\"@type\":\"ListItem\",\"position\":1,\"name\":\"Inicio\",\"item\":\"https:\\\/\\\/redalimentaccion.org\\\/eu\\\/\"},{\"@type\":\"ListItem\",\"position\":2,\"name\":\"Recursos educativos\",\"item\":\"https:\\\/\\\/redalimentaccion.org\\\/recurso-educativo\\\/\"},{\"@type\":\"ListItem\",\"position\":3,\"name\":\"Experiencia pedag\u00f3gica. La familia profesional Agraria en el IES San Viator\"}]},{\"@type\":\"WebSite\",\"@id\":\"https:\\\/\\\/redalimentaccion.org\\\/#website\",\"url\":\"https:\\\/\\\/redalimentaccion.org\\\/\",\"name\":\"Red Alimentacci\u00f3n\",\"description\":\"Red Alimentacci\u00f3n trabaja junto al sector educativo en la transformaci\u00f3n hacia un sistema alimentario saludable, justo, accesible y sostenible.\",\"publisher\":{\"@id\":\"https:\\\/\\\/redalimentaccion.org\\\/#organization\"},\"alternateName\":\"Alimentacci\u00f3n\",\"potentialAction\":[{\"@type\":\"SearchAction\",\"target\":{\"@type\":\"EntryPoint\",\"urlTemplate\":\"https:\\\/\\\/redalimentaccion.org\\\/?s={search_term_string}\"},\"query-input\":{\"@type\":\"PropertyValueSpecification\",\"valueRequired\":true,\"valueName\":\"search_term_string\"}}],\"inLanguage\":\"eu-ES\"},{\"@type\":\"Organization\",\"@id\":\"https:\\\/\\\/redalimentaccion.org\\\/#organization\",\"name\":\"Red Alimentacci\u00f3n\",\"url\":\"https:\\\/\\\/redalimentaccion.org\\\/\",\"logo\":{\"@type\":\"ImageObject\",\"inLanguage\":\"eu-ES\",\"@id\":\"https:\\\/\\\/redalimentaccion.org\\\/#\\\/schema\\\/logo\\\/image\\\/\",\"url\":\"https:\\\/\\\/redalimentaccion.org\\\/wp-content\\\/uploads\\\/2023\\\/07\\\/Logo_alimentaccion.png\",\"contentUrl\":\"https:\\\/\\\/redalimentaccion.org\\\/wp-content\\\/uploads\\\/2023\\\/07\\\/Logo_alimentaccion.png\",\"width\":835,\"height\":364,\"caption\":\"Red Alimentacci\u00f3n\"},\"image\":{\"@id\":\"https:\\\/\\\/redalimentaccion.org\\\/#\\\/schema\\\/logo\\\/image\\\/\"}}]}<\/script>\n<!-- \/ Yoast SEO plugin. -->","yoast_head_json":{"title":"Experiencia pedag\u00f3gica. La familia profesional Agraria en el IES San Viator | Red Alimentacci\u00f3n","robots":{"index":"index","follow":"follow","max-snippet":"max-snippet:-1","max-image-preview":"max-image-preview:large","max-video-preview":"max-video-preview:-1"},"canonical":"https:\/\/redalimentaccion.org\/eu\/hezkuntza-baliabide\/experiencia-pedagogica-la-familia-profesional-agraria-en-el-ies-san-viator\/","og_locale":"eu_ES","og_type":"article","og_title":"Experiencia pedag\u00f3gica. La familia profesional Agraria en el IES San Viator | Red Alimentacci\u00f3n","og_description":"Dami\u00e1n y Koldo nos hablan de c\u00f3mo han transversalizado sostenibilidad [...]","og_url":"https:\/\/redalimentaccion.org\/eu\/hezkuntza-baliabide\/experiencia-pedagogica-la-familia-profesional-agraria-en-el-ies-san-viator\/","og_site_name":"Red Alimentacci\u00f3n","og_image":[{"width":835,"height":364,"url":"https:\/\/redalimentaccion.org\/wp-content\/uploads\/2023\/07\/Logo_alimentaccion.png","type":"image\/png"}],"twitter_card":"summary_large_image","twitter_misc":{"Est. reading time":"1 minute"},"schema":{"@context":"https:\/\/schema.org","@graph":[{"@type":"WebPage","@id":"https:\/\/redalimentaccion.org\/eu\/hezkuntza-baliabide\/experiencia-pedagogica-la-familia-profesional-agraria-en-el-ies-san-viator\/","url":"https:\/\/redalimentaccion.org\/eu\/hezkuntza-baliabide\/experiencia-pedagogica-la-familia-profesional-agraria-en-el-ies-san-viator\/","name":"Experiencia pedag\u00f3gica. La familia profesional Agraria en el IES San Viator | Red Alimentacci\u00f3n","isPartOf":{"@id":"https:\/\/redalimentaccion.org\/#website"},"primaryImageOfPage":{"@id":"https:\/\/redalimentaccion.org\/eu\/hezkuntza-baliabide\/experiencia-pedagogica-la-familia-profesional-agraria-en-el-ies-san-viator\/#primaryimage"},"image":{"@id":"https:\/\/redalimentaccion.org\/eu\/hezkuntza-baliabide\/experiencia-pedagogica-la-familia-profesional-agraria-en-el-ies-san-viator\/#primaryimage"},"thumbnailUrl":"https:\/\/redalimentaccion.org\/wp-content\/uploads\/2023\/10\/Fullet-SA-una-imatge.jpg","datePublished":"2023-10-11T16:16:01+00:00","breadcrumb":{"@id":"https:\/\/redalimentaccion.org\/eu\/hezkuntza-baliabide\/experiencia-pedagogica-la-familia-profesional-agraria-en-el-ies-san-viator\/#breadcrumb"},"inLanguage":"eu-ES","potentialAction":[{"@type":"ReadAction","target":["https:\/\/redalimentaccion.org\/eu\/hezkuntza-baliabide\/experiencia-pedagogica-la-familia-profesional-agraria-en-el-ies-san-viator\/"]}]},{"@type":"ImageObject","inLanguage":"eu-ES","@id":"https:\/\/redalimentaccion.org\/eu\/hezkuntza-baliabide\/experiencia-pedagogica-la-familia-profesional-agraria-en-el-ies-san-viator\/#primaryimage","url":"https:\/\/redalimentaccion.org\/wp-content\/uploads\/2023\/10\/Fullet-SA-una-imatge.jpg","contentUrl":"https:\/\/redalimentaccion.org\/wp-content\/uploads\/2023\/10\/Fullet-SA-una-imatge.jpg","width":583,"height":333},{"@type":"BreadcrumbList","@id":"https:\/\/redalimentaccion.org\/eu\/hezkuntza-baliabide\/experiencia-pedagogica-la-familia-profesional-agraria-en-el-ies-san-viator\/#breadcrumb","itemListElement":[{"@type":"ListItem","position":1,"name":"Inicio","item":"https:\/\/redalimentaccion.org\/eu\/"},{"@type":"ListItem","position":2,"name":"Recursos educativos","item":"https:\/\/redalimentaccion.org\/recurso-educativo\/"},{"@type":"ListItem","position":3,"name":"Experiencia pedag\u00f3gica. La familia profesional Agraria en el IES San Viator"}]},{"@type":"WebSite","@id":"https:\/\/redalimentaccion.org\/#website","url":"https:\/\/redalimentaccion.org\/","name":"Red Alimentacci\u00f3n","description":"Red Alimentacci\u00f3n trabaja junto al sector educativo en la transformaci\u00f3n hacia un sistema alimentario saludable, justo, accesible y sostenible.","publisher":{"@id":"https:\/\/redalimentaccion.org\/#organization"},"alternateName":"Alimentacci\u00f3n","potentialAction":[{"@type":"SearchAction","target":{"@type":"EntryPoint","urlTemplate":"https:\/\/redalimentaccion.org\/?s={search_term_string}"},"query-input":{"@type":"PropertyValueSpecification","valueRequired":true,"valueName":"search_term_string"}}],"inLanguage":"eu-ES"},{"@type":"Organization","@id":"https:\/\/redalimentaccion.org\/#organization","name":"Red Alimentacci\u00f3n","url":"https:\/\/redalimentaccion.org\/","logo":{"@type":"ImageObject","inLanguage":"eu-ES","@id":"https:\/\/redalimentaccion.org\/#\/schema\/logo\/image\/","url":"https:\/\/redalimentaccion.org\/wp-content\/uploads\/2023\/07\/Logo_alimentaccion.png","contentUrl":"https:\/\/redalimentaccion.org\/wp-content\/uploads\/2023\/07\/Logo_alimentaccion.png","width":835,"height":364,"caption":"Red Alimentacci\u00f3n"},"image":{"@id":"https:\/\/redalimentaccion.org\/#\/schema\/logo\/image\/"}}]}},"toolset-meta":{"campos-de-recursos-educativos":[]},"_links":{"self":[{"href":"https:\/\/redalimentaccion.org\/eu\/wp-json\/wp\/v2\/recurso-educativo\/3159","targetHints":{"allow":["GET"]}}],"collection":[{"href":"https:\/\/redalimentaccion.org\/eu\/wp-json\/wp\/v2\/recurso-educativo"}],"about":[{"href":"https:\/\/redalimentaccion.org\/eu\/wp-json\/wp\/v2\/types\/recurso-educativo"}],"replies":[{"embeddable":true,"href":"https:\/\/redalimentaccion.org\/eu\/wp-json\/wp\/v2\/comments?post=3159"}],"wp:featuredmedia":[{"embeddable":true,"href":"https:\/\/redalimentaccion.org\/eu\/wp-json\/wp\/v2\/media\/3161"}],"wp:attachment":[{"href":"https:\/\/redalimentaccion.org\/eu\/wp-json\/wp\/v2\/media?parent=3159"}],"wp:term":[{"taxonomy":"etapa-educativa","embeddable":true,"href":"https:\/\/redalimentaccion.org\/eu\/wp-json\/wp\/v2\/etapa-educativa?post=3159"},{"taxonomy":"tipo-de-recurso","embeddable":true,"href":"https:\/\/redalimentaccion.org\/eu\/wp-json\/wp\/v2\/tipo-de-recurso?post=3159"},{"taxonomy":"etiqueta","embeddable":true,"href":"https:\/\/redalimentaccion.org\/eu\/wp-json\/wp\/v2\/etiqueta?post=3159"},{"taxonomy":"idioma","embeddable":true,"href":"https:\/\/redalimentaccion.org\/eu\/wp-json\/wp\/v2\/idioma?post=3159"},{"taxonomy":"familia-profesional","embeddable":true,"href":"https:\/\/redalimentaccion.org\/eu\/wp-json\/wp\/v2\/familia-profesional?post=3159"}],"curies":[{"name":"wp","href":"https:\/\/api.w.org\/{rel}","templated":true}]}}