{"id":3383,"date":"2023-10-02T13:17:53","date_gmt":"2023-10-02T11:17:53","guid":{"rendered":"https:\/\/redalimentaccion.org\/recurso-educativo\/eta-kooperatiba-agroekologiko-bat-sortuko-bagenu\/"},"modified":"2024-05-16T16:16:34","modified_gmt":"2024-05-16T14:16:34","slug":"eta-kooperatiba-agroekologiko-bat-sortuko-bagenu","status":"publish","type":"recurso-educativo","link":"https:\/\/redalimentaccion.org\/eu\/hezkuntza-baliabide\/eta-kooperatiba-agroekologiko-bat-sortuko-bagenu\/","title":{"rendered":"ETA KOOPERATIBA AGROEKOLOGIKO BAT SORTUKO BAGENU?"},"content":{"rendered":"\n<p>Aurkezten dizugun gidaliburu hau curriculum-exenplifikazio bat da, Erronketan oinarritutako ikaskuntza kolaboratiboaren (EOIK) metodologia garatzen duena, eta Nekazaritza Ekologikoko Erdi Mailako Heziketa Ziklora zuzenduta dago. Bertan, genero-ikuspegidun elikadura burujabetzaren kontzeptua erabiltzen dugu, honek aldaketa-proiektu bat irudikatzen baitu, gizarte- eta ingurumen-ondorio larriak dituen gaur egungo elikadura-eredu agroindustrialetik beste eredu batera igarotzeko asmoa duena. Eredu berri horrek bermatuko ditu herriek elikagai nutritiboak, kulturalki egokiak, eskuragarriak eta modu iraunkor eta ekologiko batean ekoiztuak izateko duten eskubidea, eta beren elikadura eta ekoizpen sistema aukeratzeko eskubidea. (Ny\u00e9l\u00e9niko adierazpena &#8211; Elikadura Burujabetzaren Munduko Foroa, S\u00e9lingu\u00e9, Mali, 2007).<\/p>\n","protected":false},"featured_media":3385,"comment_status":"open","ping_status":"closed","template":"","etapa-educativa":[138],"tipo-de-recurso":[172,176],"etiqueta":[180,177,161,185],"idioma":[189],"familia-profesional":[192,163],"class_list":["post-3383","recurso-educativo","type-recurso-educativo","status-publish","has-post-thumbnail","hentry","etapa-educativa-lanbide-heziketa","tipo-de-recurso-irakaskuntza-gida","tipo-de-recurso-proposamen-pedagogikoa","etiqueta-baratze-pedagogikoak","etiqueta-ekonomia-eraldatzaileak","etiqueta-elikadura-osasungarria","etiqueta-elikadura-sistema-iraunkorrak","idioma-euskara","familia-profesional-elikagaien-industriak","familia-profesional-nekazaritza"],"yoast_head":"<!-- This site is optimized with the Yoast SEO plugin v27.5 - https:\/\/yoast.com\/product\/yoast-seo-wordpress\/ -->\n<title>Kooperatiba agroekologiko bat sortuko bagenu?<\/title>\n<meta name=\"description\" content=\"Kooperatiba agroekologiko bat sortzea pentsatzen bazara. Sorkuntza eta elikadura zaintzeko baliabideak aurkitu hemen. Zure proiektua hasi!\" \/>\n<meta name=\"robots\" content=\"index, follow, max-snippet:-1, max-image-preview:large, max-video-preview:-1\" \/>\n<link rel=\"canonical\" href=\"https:\/\/redalimentaccion.org\/eu\/hezkuntza-baliabide\/eta-kooperatiba-agroekologiko-bat-sortuko-bagenu\/\" \/>\n<meta property=\"og:locale\" content=\"eu_ES\" \/>\n<meta property=\"og:type\" content=\"article\" \/>\n<meta property=\"og:title\" content=\"Kooperatiba agroekologiko bat sortuko bagenu?\" \/>\n<meta property=\"og:description\" content=\"Kooperatiba agroekologiko bat sortzea pentsatzen bazara. Sorkuntza eta elikadura zaintzeko baliabideak aurkitu hemen. Zure proiektua hasi!\" \/>\n<meta property=\"og:url\" content=\"https:\/\/redalimentaccion.org\/eu\/hezkuntza-baliabide\/eta-kooperatiba-agroekologiko-bat-sortuko-bagenu\/\" \/>\n<meta property=\"og:site_name\" content=\"Red Alimentacci\u00f3n\" \/>\n<meta property=\"article:modified_time\" content=\"2024-05-16T14:16:34+00:00\" \/>\n<meta property=\"og:image\" content=\"https:\/\/redalimentaccion.org\/wp-content\/uploads\/2023\/10\/38-Imagen-pdf.png\" \/>\n\t<meta property=\"og:image:width\" content=\"583\" \/>\n\t<meta property=\"og:image:height\" content=\"333\" \/>\n\t<meta property=\"og:image:type\" content=\"image\/png\" \/>\n<meta name=\"twitter:card\" content=\"summary_large_image\" \/>\n<meta name=\"twitter:label1\" content=\"Est. reading time\" \/>\n\t<meta name=\"twitter:data1\" content=\"1 minute\" \/>\n<script type=\"application\/ld+json\" class=\"yoast-schema-graph\">{\"@context\":\"https:\\\/\\\/schema.org\",\"@graph\":[{\"@type\":\"WebPage\",\"@id\":\"https:\\\/\\\/redalimentaccion.org\\\/eu\\\/hezkuntza-baliabide\\\/eta-kooperatiba-agroekologiko-bat-sortuko-bagenu\\\/\",\"url\":\"https:\\\/\\\/redalimentaccion.org\\\/eu\\\/hezkuntza-baliabide\\\/eta-kooperatiba-agroekologiko-bat-sortuko-bagenu\\\/\",\"name\":\"Kooperatiba agroekologiko bat sortuko bagenu?\",\"isPartOf\":{\"@id\":\"https:\\\/\\\/redalimentaccion.org\\\/#website\"},\"primaryImageOfPage\":{\"@id\":\"https:\\\/\\\/redalimentaccion.org\\\/eu\\\/hezkuntza-baliabide\\\/eta-kooperatiba-agroekologiko-bat-sortuko-bagenu\\\/#primaryimage\"},\"image\":{\"@id\":\"https:\\\/\\\/redalimentaccion.org\\\/eu\\\/hezkuntza-baliabide\\\/eta-kooperatiba-agroekologiko-bat-sortuko-bagenu\\\/#primaryimage\"},\"thumbnailUrl\":\"https:\\\/\\\/redalimentaccion.org\\\/wp-content\\\/uploads\\\/2023\\\/10\\\/38-Imagen-pdf.png\",\"datePublished\":\"2023-10-02T11:17:53+00:00\",\"dateModified\":\"2024-05-16T14:16:34+00:00\",\"description\":\"Kooperatiba agroekologiko bat sortzea pentsatzen bazara. Sorkuntza eta elikadura zaintzeko baliabideak aurkitu hemen. Zure proiektua hasi!\",\"breadcrumb\":{\"@id\":\"https:\\\/\\\/redalimentaccion.org\\\/eu\\\/hezkuntza-baliabide\\\/eta-kooperatiba-agroekologiko-bat-sortuko-bagenu\\\/#breadcrumb\"},\"inLanguage\":\"eu-ES\",\"potentialAction\":[{\"@type\":\"ReadAction\",\"target\":[\"https:\\\/\\\/redalimentaccion.org\\\/eu\\\/hezkuntza-baliabide\\\/eta-kooperatiba-agroekologiko-bat-sortuko-bagenu\\\/\"]}]},{\"@type\":\"ImageObject\",\"inLanguage\":\"eu-ES\",\"@id\":\"https:\\\/\\\/redalimentaccion.org\\\/eu\\\/hezkuntza-baliabide\\\/eta-kooperatiba-agroekologiko-bat-sortuko-bagenu\\\/#primaryimage\",\"url\":\"https:\\\/\\\/redalimentaccion.org\\\/wp-content\\\/uploads\\\/2023\\\/10\\\/38-Imagen-pdf.png\",\"contentUrl\":\"https:\\\/\\\/redalimentaccion.org\\\/wp-content\\\/uploads\\\/2023\\\/10\\\/38-Imagen-pdf.png\",\"width\":583,\"height\":333},{\"@type\":\"BreadcrumbList\",\"@id\":\"https:\\\/\\\/redalimentaccion.org\\\/eu\\\/hezkuntza-baliabide\\\/eta-kooperatiba-agroekologiko-bat-sortuko-bagenu\\\/#breadcrumb\",\"itemListElement\":[{\"@type\":\"ListItem\",\"position\":1,\"name\":\"Inicio\",\"item\":\"https:\\\/\\\/redalimentaccion.org\\\/eu\\\/\"},{\"@type\":\"ListItem\",\"position\":2,\"name\":\"Recursos educativos\",\"item\":\"https:\\\/\\\/redalimentaccion.org\\\/recurso-educativo\\\/\"},{\"@type\":\"ListItem\",\"position\":3,\"name\":\"Formaci\u00f3n Profesional\",\"item\":\"https:\\\/\\\/redalimentaccion.org\\\/etapa-educativa\\\/formacion-profesional\\\/\"},{\"@type\":\"ListItem\",\"position\":4,\"name\":\"ETA KOOPERATIBA AGROEKOLOGIKO BAT SORTUKO BAGENU?\"}]},{\"@type\":\"WebSite\",\"@id\":\"https:\\\/\\\/redalimentaccion.org\\\/#website\",\"url\":\"https:\\\/\\\/redalimentaccion.org\\\/\",\"name\":\"Red Alimentacci\u00f3n\",\"description\":\"Red Alimentacci\u00f3n trabaja junto al sector educativo en la transformaci\u00f3n hacia un sistema alimentario saludable, justo, accesible y sostenible.\",\"publisher\":{\"@id\":\"https:\\\/\\\/redalimentaccion.org\\\/#organization\"},\"alternateName\":\"Alimentacci\u00f3n\",\"potentialAction\":[{\"@type\":\"SearchAction\",\"target\":{\"@type\":\"EntryPoint\",\"urlTemplate\":\"https:\\\/\\\/redalimentaccion.org\\\/?s={search_term_string}\"},\"query-input\":{\"@type\":\"PropertyValueSpecification\",\"valueRequired\":true,\"valueName\":\"search_term_string\"}}],\"inLanguage\":\"eu-ES\"},{\"@type\":\"Organization\",\"@id\":\"https:\\\/\\\/redalimentaccion.org\\\/#organization\",\"name\":\"Red Alimentacci\u00f3n\",\"url\":\"https:\\\/\\\/redalimentaccion.org\\\/\",\"logo\":{\"@type\":\"ImageObject\",\"inLanguage\":\"eu-ES\",\"@id\":\"https:\\\/\\\/redalimentaccion.org\\\/#\\\/schema\\\/logo\\\/image\\\/\",\"url\":\"https:\\\/\\\/redalimentaccion.org\\\/wp-content\\\/uploads\\\/2023\\\/07\\\/Logo_alimentaccion.png\",\"contentUrl\":\"https:\\\/\\\/redalimentaccion.org\\\/wp-content\\\/uploads\\\/2023\\\/07\\\/Logo_alimentaccion.png\",\"width\":835,\"height\":364,\"caption\":\"Red Alimentacci\u00f3n\"},\"image\":{\"@id\":\"https:\\\/\\\/redalimentaccion.org\\\/#\\\/schema\\\/logo\\\/image\\\/\"}}]}<\/script>\n<!-- \/ Yoast SEO plugin. -->","yoast_head_json":{"title":"Kooperatiba agroekologiko bat sortuko bagenu?","description":"Kooperatiba agroekologiko bat sortzea pentsatzen bazara. Sorkuntza eta elikadura zaintzeko baliabideak aurkitu hemen. Zure proiektua hasi!","robots":{"index":"index","follow":"follow","max-snippet":"max-snippet:-1","max-image-preview":"max-image-preview:large","max-video-preview":"max-video-preview:-1"},"canonical":"https:\/\/redalimentaccion.org\/eu\/hezkuntza-baliabide\/eta-kooperatiba-agroekologiko-bat-sortuko-bagenu\/","og_locale":"eu_ES","og_type":"article","og_title":"Kooperatiba agroekologiko bat sortuko bagenu?","og_description":"Kooperatiba agroekologiko bat sortzea pentsatzen bazara. Sorkuntza eta elikadura zaintzeko baliabideak aurkitu hemen. Zure proiektua hasi!","og_url":"https:\/\/redalimentaccion.org\/eu\/hezkuntza-baliabide\/eta-kooperatiba-agroekologiko-bat-sortuko-bagenu\/","og_site_name":"Red Alimentacci\u00f3n","article_modified_time":"2024-05-16T14:16:34+00:00","og_image":[{"width":583,"height":333,"url":"https:\/\/redalimentaccion.org\/wp-content\/uploads\/2023\/10\/38-Imagen-pdf.png","type":"image\/png"}],"twitter_card":"summary_large_image","twitter_misc":{"Est. reading time":"1 minute"},"schema":{"@context":"https:\/\/schema.org","@graph":[{"@type":"WebPage","@id":"https:\/\/redalimentaccion.org\/eu\/hezkuntza-baliabide\/eta-kooperatiba-agroekologiko-bat-sortuko-bagenu\/","url":"https:\/\/redalimentaccion.org\/eu\/hezkuntza-baliabide\/eta-kooperatiba-agroekologiko-bat-sortuko-bagenu\/","name":"Kooperatiba agroekologiko bat sortuko bagenu?","isPartOf":{"@id":"https:\/\/redalimentaccion.org\/#website"},"primaryImageOfPage":{"@id":"https:\/\/redalimentaccion.org\/eu\/hezkuntza-baliabide\/eta-kooperatiba-agroekologiko-bat-sortuko-bagenu\/#primaryimage"},"image":{"@id":"https:\/\/redalimentaccion.org\/eu\/hezkuntza-baliabide\/eta-kooperatiba-agroekologiko-bat-sortuko-bagenu\/#primaryimage"},"thumbnailUrl":"https:\/\/redalimentaccion.org\/wp-content\/uploads\/2023\/10\/38-Imagen-pdf.png","datePublished":"2023-10-02T11:17:53+00:00","dateModified":"2024-05-16T14:16:34+00:00","description":"Kooperatiba agroekologiko bat sortzea pentsatzen bazara. Sorkuntza eta elikadura zaintzeko baliabideak aurkitu hemen. Zure proiektua hasi!","breadcrumb":{"@id":"https:\/\/redalimentaccion.org\/eu\/hezkuntza-baliabide\/eta-kooperatiba-agroekologiko-bat-sortuko-bagenu\/#breadcrumb"},"inLanguage":"eu-ES","potentialAction":[{"@type":"ReadAction","target":["https:\/\/redalimentaccion.org\/eu\/hezkuntza-baliabide\/eta-kooperatiba-agroekologiko-bat-sortuko-bagenu\/"]}]},{"@type":"ImageObject","inLanguage":"eu-ES","@id":"https:\/\/redalimentaccion.org\/eu\/hezkuntza-baliabide\/eta-kooperatiba-agroekologiko-bat-sortuko-bagenu\/#primaryimage","url":"https:\/\/redalimentaccion.org\/wp-content\/uploads\/2023\/10\/38-Imagen-pdf.png","contentUrl":"https:\/\/redalimentaccion.org\/wp-content\/uploads\/2023\/10\/38-Imagen-pdf.png","width":583,"height":333},{"@type":"BreadcrumbList","@id":"https:\/\/redalimentaccion.org\/eu\/hezkuntza-baliabide\/eta-kooperatiba-agroekologiko-bat-sortuko-bagenu\/#breadcrumb","itemListElement":[{"@type":"ListItem","position":1,"name":"Inicio","item":"https:\/\/redalimentaccion.org\/eu\/"},{"@type":"ListItem","position":2,"name":"Recursos educativos","item":"https:\/\/redalimentaccion.org\/recurso-educativo\/"},{"@type":"ListItem","position":3,"name":"Formaci\u00f3n Profesional","item":"https:\/\/redalimentaccion.org\/etapa-educativa\/formacion-profesional\/"},{"@type":"ListItem","position":4,"name":"ETA KOOPERATIBA AGROEKOLOGIKO BAT SORTUKO BAGENU?"}]},{"@type":"WebSite","@id":"https:\/\/redalimentaccion.org\/#website","url":"https:\/\/redalimentaccion.org\/","name":"Red Alimentacci\u00f3n","description":"Red Alimentacci\u00f3n trabaja junto al sector educativo en la transformaci\u00f3n hacia un sistema alimentario saludable, justo, accesible y sostenible.","publisher":{"@id":"https:\/\/redalimentaccion.org\/#organization"},"alternateName":"Alimentacci\u00f3n","potentialAction":[{"@type":"SearchAction","target":{"@type":"EntryPoint","urlTemplate":"https:\/\/redalimentaccion.org\/?s={search_term_string}"},"query-input":{"@type":"PropertyValueSpecification","valueRequired":true,"valueName":"search_term_string"}}],"inLanguage":"eu-ES"},{"@type":"Organization","@id":"https:\/\/redalimentaccion.org\/#organization","name":"Red Alimentacci\u00f3n","url":"https:\/\/redalimentaccion.org\/","logo":{"@type":"ImageObject","inLanguage":"eu-ES","@id":"https:\/\/redalimentaccion.org\/#\/schema\/logo\/image\/","url":"https:\/\/redalimentaccion.org\/wp-content\/uploads\/2023\/07\/Logo_alimentaccion.png","contentUrl":"https:\/\/redalimentaccion.org\/wp-content\/uploads\/2023\/07\/Logo_alimentaccion.png","width":835,"height":364,"caption":"Red Alimentacci\u00f3n"},"image":{"@id":"https:\/\/redalimentaccion.org\/#\/schema\/logo\/image\/"}}]}},"toolset-meta":{"campos-de-recursos-educativos":[]},"_links":{"self":[{"href":"https:\/\/redalimentaccion.org\/eu\/wp-json\/wp\/v2\/recurso-educativo\/3383","targetHints":{"allow":["GET"]}}],"collection":[{"href":"https:\/\/redalimentaccion.org\/eu\/wp-json\/wp\/v2\/recurso-educativo"}],"about":[{"href":"https:\/\/redalimentaccion.org\/eu\/wp-json\/wp\/v2\/types\/recurso-educativo"}],"replies":[{"embeddable":true,"href":"https:\/\/redalimentaccion.org\/eu\/wp-json\/wp\/v2\/comments?post=3383"}],"wp:featuredmedia":[{"embeddable":true,"href":"https:\/\/redalimentaccion.org\/eu\/wp-json\/wp\/v2\/media\/3385"}],"wp:attachment":[{"href":"https:\/\/redalimentaccion.org\/eu\/wp-json\/wp\/v2\/media?parent=3383"}],"wp:term":[{"taxonomy":"etapa-educativa","embeddable":true,"href":"https:\/\/redalimentaccion.org\/eu\/wp-json\/wp\/v2\/etapa-educativa?post=3383"},{"taxonomy":"tipo-de-recurso","embeddable":true,"href":"https:\/\/redalimentaccion.org\/eu\/wp-json\/wp\/v2\/tipo-de-recurso?post=3383"},{"taxonomy":"etiqueta","embeddable":true,"href":"https:\/\/redalimentaccion.org\/eu\/wp-json\/wp\/v2\/etiqueta?post=3383"},{"taxonomy":"idioma","embeddable":true,"href":"https:\/\/redalimentaccion.org\/eu\/wp-json\/wp\/v2\/idioma?post=3383"},{"taxonomy":"familia-profesional","embeddable":true,"href":"https:\/\/redalimentaccion.org\/eu\/wp-json\/wp\/v2\/familia-profesional?post=3383"}],"curies":[{"name":"wp","href":"https:\/\/api.w.org\/{rel}","templated":true}]}}